{"id":20150,"date":"2022-12-11T16:58:46","date_gmt":"2022-12-11T15:58:46","guid":{"rendered":"https:\/\/www.efmaroc.org\/efm\/?page_id=20150"},"modified":"2026-01-30T14:27:13","modified_gmt":"2026-01-30T13:27:13","slug":"enseignement-francais-au-maroc-efm","status":"publish","type":"page","link":"https:\/\/www.efmaroc.org\/efm\/enseignement-francais-au-maroc-efm\/","title":{"rendered":"Enseignement Fran\u00e7ais au Maroc (EFM)"},"content":{"rendered":"\t\t<div data-elementor-type=\"wp-page\" data-elementor-id=\"20150\" class=\"elementor elementor-20150\">\n\t\t\t\t\t\t<section class=\"elementor-section elementor-top-section elementor-element elementor-element-73a4107 elementor-section-boxed elementor-section-height-default elementor-section-height-default sc_fly_static\" data-id=\"73a4107\" data-element_type=\"section\" data-e-type=\"section\">\n\t\t\t\t\t\t<div class=\"elementor-container elementor-column-gap-extended\">\n\t\t\t\t\t<div class=\"elementor-column elementor-col-100 elementor-top-column elementor-element elementor-element-6c5004b sc_content_align_inherit sc_layouts_column_icons_position_left sc_fly_static\" data-id=\"6c5004b\" data-element_type=\"column\" data-e-type=\"column\">\n\t\t\t<div class=\"elementor-widget-wrap elementor-element-populated\">\n\t\t\t\t\t\t<div class=\"elementor-element elementor-element-85102ef sc_height_large sc_fly_static elementor-widget elementor-widget-spacer\" data-id=\"85102ef\" data-element_type=\"widget\" data-e-type=\"widget\" data-widget_type=\"spacer.default\">\n\t\t\t\t<div class=\"elementor-widget-container\">\n\t\t\t\t\t\t\t<div class=\"elementor-spacer\">\n\t\t\t<div class=\"elementor-spacer-inner\"><\/div>\n\t\t<\/div>\n\t\t\t\t\t\t<\/div>\n\t\t\t\t<\/div>\n\t\t\t\t\t<\/div>\n\t\t<\/div>\n\t\t\t\t\t<\/div>\n\t\t<\/section>\n\t\t\t\t<section class=\"elementor-section elementor-top-section elementor-element elementor-element-159d666d elementor-section-content-middle elementor-section-boxed elementor-section-height-default elementor-section-height-default sc_fly_static\" data-id=\"159d666d\" data-element_type=\"section\" data-e-type=\"section\">\n\t\t\t\t\t\t<div class=\"elementor-container elementor-column-gap-extended\">\n\t\t\t\t\t<div class=\"elementor-column elementor-col-50 elementor-top-column elementor-element elementor-element-6b9eb81e sc_content_align_inherit sc_layouts_column_icons_position_left sc_fly_static\" data-id=\"6b9eb81e\" data-element_type=\"column\" data-e-type=\"column\">\n\t\t\t<div class=\"elementor-widget-wrap elementor-element-populated\">\n\t\t\t\t\t\t<div class=\"elementor-element elementor-element-27cfd24a sc_fly_static elementor-widget elementor-widget-trx_sc_title\" data-id=\"27cfd24a\" data-element_type=\"widget\" data-e-type=\"widget\" data-widget_type=\"trx_sc_title.default\">\n\t\t\t\t<div class=\"elementor-widget-container\">\n\t\t\t\t\t<div\t\tclass=\"sc_title sc_title_default\" ><h1 class=\"sc_item_title sc_title_title sc_item_title_style_default sc_item_title_tag trx_addons_inline_1572026341\"\n\t\t\t><span class=\"sc_item_title_text\">L'enseignement Fran\u00e7ais au Maroc (EFM)<\/span><\/h1><div class=\"sc_item_descr sc_title_descr\"><p>Depuis plus de 100 ans, le r\u00e9seau scolaire fran\u00e7ais au Maroc, anciennement appel\u00e9 la \u00ab Mission fran\u00e7aise \u00bb, participe \u00e0 la formation de jeunes \u00e9l\u00e8ves fran\u00e7ais, marocains ou d\u2019autres nationalit\u00e9s. Il propose un cursus scolaire b\u00e2ti sur les fondamentaux du syst\u00e8me \u00e9ducatif fran\u00e7ais, mais adapt\u00e9 au contexte et aux sp\u00e9cificit\u00e9s du Maroc, notamment en mati\u00e8re linguistique et culturelle. Enfin, il porte des valeurs d\u2019excellence, d\u2019ouverture et de partage au service de la r\u00e9ussite de tous les enfants qui rejoignent nos \u00e9tablissements. Ce r\u00e9seau scolaire inclusif se prolonge par l\u2019action de g\u00e9n\u00e9rations d\u2019anciens \u00e9l\u00e8ves qui contribuent, par leur r\u00e9ussite dans tous les domaines d\u2019activit\u00e9s, au d\u00e9veloppement des liens d\u2019amiti\u00e9 et de coop\u00e9ration entre nos deux pays. Plac\u00e9 sous la tutelle de l\u2019AEFE depuis 1990, il s\u2019est \u00e9toff\u00e9 plus r\u00e9cemment par la cr\u00e9ation des \u00e9tablissements de l\u2019OSUI et de partenaires priv\u00e9s qui conforte son statut de premi\u00e8re offre scolaire internationale du Royaume.<\/p>\n<p>Le service de l\u2019Enseignement Fran\u00e7ais au Maroc assure au sein de l\u2019ambassade de France au Maroc, le pilotage et la coordination des \u00e9tablissements du r\u00e9seau scolaire fran\u00e7ais sous l\u2019autorit\u00e9 du Conseiller culturel adjoint.<br \/>\nIl inscrit son action dans la politique g\u00e9n\u00e9rale du Service de Coop\u00e9ration et d\u2019Action Culturelle (SCAC) qui a pour mission de soutenir la conception, l\u2019\u00e9tude et la r\u00e9alisation de projets de coop\u00e9ration \u00e9ducative et culturelle entre la France et le Maroc. Cette politique est mise en \u0153uvre, sous l\u2019autorit\u00e9 de l\u2019Ambassadeur, par le Service de Coop\u00e9ration et d\u2019Action Culturelle (SCAC) \u00e0 Rabat et le r\u00e9seau des \u00e9tablissements culturels fran\u00e7ais (Instituts fran\u00e7ais et Alliances fran\u00e7aises) pr\u00e9sents sur le territoire marocain.<\/p>\n<\/div><\/div>\t\t\t\t<\/div>\n\t\t\t\t<\/div>\n\t\t\t\t\t<\/div>\n\t\t<\/div>\n\t\t\t\t<div class=\"elementor-column elementor-col-50 elementor-top-column elementor-element elementor-element-4eff4ad0 sc_content_align_inherit sc_layouts_column_icons_position_left sc_fly_static\" data-id=\"4eff4ad0\" data-element_type=\"column\" data-e-type=\"column\">\n\t\t\t<div class=\"elementor-widget-wrap elementor-element-populated\">\n\t\t\t\t\t\t<div class=\"elementor-element elementor-element-b0caa07 sc_height_tiny sc_layouts_hide_on_wide sc_layouts_hide_on_desktop sc_layouts_hide_on_notebook sc_layouts_hide_on_tablet sc_fly_static elementor-widget elementor-widget-spacer\" data-id=\"b0caa07\" data-element_type=\"widget\" data-e-type=\"widget\" data-widget_type=\"spacer.default\">\n\t\t\t\t<div class=\"elementor-widget-container\">\n\t\t\t\t\t\t\t<div class=\"elementor-spacer\">\n\t\t\t<div class=\"elementor-spacer-inner\"><\/div>\n\t\t<\/div>\n\t\t\t\t\t\t<\/div>\n\t\t\t\t<\/div>\n\t\t\t\t<div class=\"elementor-element elementor-element-67ed7b56 sc_fly_static elementor-widget elementor-widget-image\" data-id=\"67ed7b56\" data-element_type=\"widget\" data-e-type=\"widget\" data-widget_type=\"image.default\">\n\t\t\t\t<div class=\"elementor-widget-container\">\n\t\t\t\t\t\t\t\t\t\t\t\t\t\t\t<img fetchpriority=\"high\" decoding=\"async\" width=\"1116\" height=\"1106\" src=\"https:\/\/www.efmaroc.org\/efm\/wp-content\/uploads\/2023\/01\/efm-enseignement-francais-maroc-agnes.jpg\" class=\"attachment-full size-full wp-image-20950\" alt=\"\" srcset=\"https:\/\/www.efmaroc.org\/efm\/wp-content\/uploads\/2023\/01\/efm-enseignement-francais-maroc-agnes.jpg 1116w, https:\/\/www.efmaroc.org\/efm\/wp-content\/uploads\/2023\/01\/efm-enseignement-francais-maroc-agnes-300x297.jpg 300w, https:\/\/www.efmaroc.org\/efm\/wp-content\/uploads\/2023\/01\/efm-enseignement-francais-maroc-agnes-1024x1015.jpg 1024w, https:\/\/www.efmaroc.org\/efm\/wp-content\/uploads\/2023\/01\/efm-enseignement-francais-maroc-agnes-150x150.jpg 150w, https:\/\/www.efmaroc.org\/efm\/wp-content\/uploads\/2023\/01\/efm-enseignement-francais-maroc-agnes-768x761.jpg 768w, https:\/\/www.efmaroc.org\/efm\/wp-content\/uploads\/2023\/01\/efm-enseignement-francais-maroc-agnes-370x367.jpg 370w, https:\/\/www.efmaroc.org\/efm\/wp-content\/uploads\/2023\/01\/efm-enseignement-francais-maroc-agnes-120x120.jpg 120w, https:\/\/www.efmaroc.org\/efm\/wp-content\/uploads\/2023\/01\/efm-enseignement-francais-maroc-agnes-840x832.jpg 840w, https:\/\/www.efmaroc.org\/efm\/wp-content\/uploads\/2023\/01\/efm-enseignement-francais-maroc-agnes-410x406.jpg 410w\" sizes=\"(max-width: 1116px) 100vw, 1116px\" \/>\t\t\t\t\t\t\t\t\t\t\t\t\t\t\t<\/div>\n\t\t\t\t<\/div>\n\t\t\t\t<div class=\"elementor-element elementor-element-6d23a277 sc_height_tiny sc_fly_static elementor-widget elementor-widget-spacer\" data-id=\"6d23a277\" data-element_type=\"widget\" data-e-type=\"widget\" data-widget_type=\"spacer.default\">\n\t\t\t\t<div class=\"elementor-widget-container\">\n\t\t\t\t\t\t\t<div class=\"elementor-spacer\">\n\t\t\t<div class=\"elementor-spacer-inner\"><\/div>\n\t\t<\/div>\n\t\t\t\t\t\t<\/div>\n\t\t\t\t<\/div>\n\t\t\t\t<div class=\"elementor-element elementor-element-39527a0 sc_fly_static elementor-widget elementor-widget-text-editor\" data-id=\"39527a0\" data-element_type=\"widget\" data-e-type=\"widget\" data-widget_type=\"text-editor.default\">\n\t\t\t\t<div class=\"elementor-widget-container\">\n\t\t\t\t\t\t\t\t\t<p><strong>Agn\u00e8s Humruzian, <\/strong>Conseill\u00e8re de Coop\u00e9ration et d\u2019Action Culturelle et Directrice de l\u2019Institut Fran\u00e7ais du Maroc<\/p>\t\t\t\t\t\t\t\t<\/div>\n\t\t\t\t<\/div>\n\t\t\t\t\t<\/div>\n\t\t<\/div>\n\t\t\t\t\t<\/div>\n\t\t<\/section>\n\t\t\t\t<section class=\"elementor-section elementor-top-section elementor-element elementor-element-216051b elementor-section-boxed elementor-section-height-default elementor-section-height-default sc_fly_static\" data-id=\"216051b\" data-element_type=\"section\" data-e-type=\"section\">\n\t\t\t\t\t\t<div class=\"elementor-container elementor-column-gap-extended\">\n\t\t\t\t\t<div class=\"elementor-column elementor-col-100 elementor-top-column elementor-element elementor-element-caba500 sc_content_align_inherit sc_layouts_column_icons_position_left sc_fly_static\" data-id=\"caba500\" data-element_type=\"column\" data-e-type=\"column\">\n\t\t\t<div class=\"elementor-widget-wrap elementor-element-populated\">\n\t\t\t\t\t\t<div class=\"elementor-element elementor-element-7564c19 sc_height_tiny sc_fly_static elementor-widget elementor-widget-spacer\" data-id=\"7564c19\" data-element_type=\"widget\" data-e-type=\"widget\" data-widget_type=\"spacer.default\">\n\t\t\t\t<div class=\"elementor-widget-container\">\n\t\t\t\t\t\t\t<div class=\"elementor-spacer\">\n\t\t\t<div class=\"elementor-spacer-inner\"><\/div>\n\t\t<\/div>\n\t\t\t\t\t\t<\/div>\n\t\t\t\t<\/div>\n\t\t\t\t<div class=\"elementor-element elementor-element-c3dfacc sc_fly_static elementor-widget elementor-widget-image\" data-id=\"c3dfacc\" data-element_type=\"widget\" data-e-type=\"widget\" data-widget_type=\"image.default\">\n\t\t\t\t<div class=\"elementor-widget-container\">\n\t\t\t\t\t\t\t\t\t\t\t\t\t\t\t<img decoding=\"async\" width=\"1024\" height=\"476\" src=\"https:\/\/www.efmaroc.org\/efm\/wp-content\/uploads\/2022\/05\/efm-enseignement-francais-maroc-reseau-img-4-1024x476.jpg\" class=\"attachment-large size-large wp-image-21176\" alt=\"\" srcset=\"https:\/\/www.efmaroc.org\/efm\/wp-content\/uploads\/2022\/05\/efm-enseignement-francais-maroc-reseau-img-4-1024x476.jpg 1024w, https:\/\/www.efmaroc.org\/efm\/wp-content\/uploads\/2022\/05\/efm-enseignement-francais-maroc-reseau-img-4-300x140.jpg 300w, https:\/\/www.efmaroc.org\/efm\/wp-content\/uploads\/2022\/05\/efm-enseignement-francais-maroc-reseau-img-4-768x357.jpg 768w, https:\/\/www.efmaroc.org\/efm\/wp-content\/uploads\/2022\/05\/efm-enseignement-francais-maroc-reseau-img-4-370x172.jpg 370w, https:\/\/www.efmaroc.org\/efm\/wp-content\/uploads\/2022\/05\/efm-enseignement-francais-maroc-reseau-img-4-840x391.jpg 840w, https:\/\/www.efmaroc.org\/efm\/wp-content\/uploads\/2022\/05\/efm-enseignement-francais-maroc-reseau-img-4-410x191.jpg 410w, https:\/\/www.efmaroc.org\/efm\/wp-content\/uploads\/2022\/05\/efm-enseignement-francais-maroc-reseau-img-4.jpg 1200w\" sizes=\"(max-width: 1024px) 100vw, 1024px\" \/>\t\t\t\t\t\t\t\t\t\t\t\t\t\t\t<\/div>\n\t\t\t\t<\/div>\n\t\t\t\t\t<\/div>\n\t\t<\/div>\n\t\t\t\t\t<\/div>\n\t\t<\/section>\n\t\t\t\t<section class=\"elementor-section elementor-top-section elementor-element elementor-element-027e62e elementor-section-boxed elementor-section-height-default elementor-section-height-default sc_fly_static\" data-id=\"027e62e\" data-element_type=\"section\" data-e-type=\"section\">\n\t\t\t\t\t\t<div class=\"elementor-container elementor-column-gap-extended\">\n\t\t\t\t\t<div class=\"elementor-column elementor-col-100 elementor-top-column elementor-element elementor-element-d31e107 sc_content_align_inherit sc_layouts_column_icons_position_left sc_fly_static\" data-id=\"d31e107\" data-element_type=\"column\" data-e-type=\"column\">\n\t\t\t<div class=\"elementor-widget-wrap elementor-element-populated\">\n\t\t\t\t\t\t<div class=\"elementor-element elementor-element-38c906e sc_height_tiny sc_fly_static elementor-widget elementor-widget-spacer\" data-id=\"38c906e\" data-element_type=\"widget\" data-e-type=\"widget\" data-widget_type=\"spacer.default\">\n\t\t\t\t<div class=\"elementor-widget-container\">\n\t\t\t\t\t\t\t<div class=\"elementor-spacer\">\n\t\t\t<div class=\"elementor-spacer-inner\"><\/div>\n\t\t<\/div>\n\t\t\t\t\t\t<\/div>\n\t\t\t\t<\/div>\n\t\t\t\t<div class=\"elementor-element elementor-element-be4d88c sc_fly_static elementor-widget elementor-widget-trx_sc_title\" data-id=\"be4d88c\" data-element_type=\"widget\" data-e-type=\"widget\" data-widget_type=\"trx_sc_title.default\">\n\t\t\t\t<div class=\"elementor-widget-container\">\n\t\t\t\t\t<div\t\tclass=\"sc_title sc_title_default\" ><div class=\"sc_item_descr sc_title_descr\"><p>L\u2019Agence pour l\u2019enseignement fran\u00e7ais \u00e0 l\u2019\u00e9tranger est un \u00e9tablissement public fran\u00e7ais charg\u00e9 du suivi et de l\u2019animation du r\u00e9seau des \u00e9tablissements d\u2019enseignement fran\u00e7ais \u00e0 l\u2019\u00e9tranger.<br \/>\nLe r\u00e9seau scolaire au Maroc est sous la tutelle du Service de Coop\u00e9ration et d'Action Culturelle de l'Ambassade de France (SCAC) : les \u00e9tablissements sont coordonn\u00e9s par un dispositif plac\u00e9 sous l'autorit\u00e9 d'un Inspecteur d\u2019acad\u00e9mie et soutenu par des structures sp\u00e9cifiques dans certains domaines : le bureau de l\u2019Inspecteur de l\u2019Education nationale (IEN) pour le 1er degr\u00e9, le service des Examens et des Concours (SEC) et le Centre d\u2019Etudes Arabes (CEA).<br \/>\nLe r\u00e9seau d\u2019enseignement fran\u00e7ais au Maroc est un des plus denses au monde. Il scolarise 48.820 \u00e9l\u00e8ves \u00e0 la rentr\u00e9e 2024 dans des \u00e9tablissements pr\u00e9sents dans les principales villes du Maroc \u00e0 tous les niveaux d\u2019enseignement.<\/p>\n<\/div><\/div>\t\t\t\t<\/div>\n\t\t\t\t<\/div>\n\t\t\t\t<div class=\"elementor-element elementor-element-ec7451b sc_height_tiny sc_fly_static elementor-widget elementor-widget-spacer\" data-id=\"ec7451b\" data-element_type=\"widget\" data-e-type=\"widget\" data-widget_type=\"spacer.default\">\n\t\t\t\t<div class=\"elementor-widget-container\">\n\t\t\t\t\t\t\t<div class=\"elementor-spacer\">\n\t\t\t<div class=\"elementor-spacer-inner\"><\/div>\n\t\t<\/div>\n\t\t\t\t\t\t<\/div>\n\t\t\t\t<\/div>\n\t\t\t\t<div class=\"elementor-element elementor-element-f2febcd sc_fly_static elementor-widget elementor-widget-trx_sc_title\" data-id=\"f2febcd\" data-element_type=\"widget\" data-e-type=\"widget\" data-widget_type=\"trx_sc_title.default\">\n\t\t\t\t<div class=\"elementor-widget-container\">\n\t\t\t\t\t<div\t\tclass=\"sc_title sc_title_default\" ><div class=\"sc_item_descr sc_title_descr\"><p>Ces \u00e9tablissements font partie int\u00e9grante du r\u00e9seau des \u00e9tablissements fran\u00e7ais \u00e0 l\u2019\u00e9tranger, ind\u00e9pendamment de leurs modalit\u00e9s de gestion : Agence pour l\u2019Enseignement Fran\u00e7ais \u00e0 l\u2019Etranger (A.E.F.E.), Office Scolaire Universitaire et International (O.S.U.I.), Alliance Isra\u00e9lite Universelle (AIU) ou partenaires priv\u00e9s.<br \/>\nIls b\u00e9n\u00e9ficient tous de l\u2019homologation du minist\u00e8re fran\u00e7ais de l\u2019Education Nationale et dispensent un enseignement conforme aux programmes fran\u00e7ais.<\/p>\n<\/div><\/div>\t\t\t\t<\/div>\n\t\t\t\t<\/div>\n\t\t\t\t\t<\/div>\n\t\t<\/div>\n\t\t\t\t\t<\/div>\n\t\t<\/section>\n\t\t\t\t<section class=\"elementor-section elementor-top-section elementor-element elementor-element-3b1c1b1 elementor-section-boxed elementor-section-height-default elementor-section-height-default sc_fly_static\" data-id=\"3b1c1b1\" data-element_type=\"section\" data-e-type=\"section\">\n\t\t\t\t\t\t<div class=\"elementor-container elementor-column-gap-extended\">\n\t\t\t\t\t<div class=\"elementor-column elementor-col-100 elementor-top-column elementor-element elementor-element-67439b2 sc_content_align_inherit sc_layouts_column_icons_position_left sc_fly_static\" data-id=\"67439b2\" data-element_type=\"column\" data-e-type=\"column\">\n\t\t\t<div class=\"elementor-widget-wrap elementor-element-populated\">\n\t\t\t\t\t\t<div class=\"elementor-element elementor-element-98d9c4c sc_height_medium sc_fly_static elementor-widget elementor-widget-spacer\" data-id=\"98d9c4c\" data-element_type=\"widget\" data-e-type=\"widget\" data-widget_type=\"spacer.default\">\n\t\t\t\t<div class=\"elementor-widget-container\">\n\t\t\t\t\t\t\t<div class=\"elementor-spacer\">\n\t\t\t<div class=\"elementor-spacer-inner\"><\/div>\n\t\t<\/div>\n\t\t\t\t\t\t<\/div>\n\t\t\t\t<\/div>\n\t\t\t\t\t<\/div>\n\t\t<\/div>\n\t\t\t\t\t<\/div>\n\t\t<\/section>\n\t\t\t\t<\/div>\n\t\t","protected":false},"excerpt":{"rendered":"<p>L&rsquo;enseignement Fran\u00e7ais au Maroc (EFM) Depuis plus de 100 ans, le r\u00e9seau scolaire fran\u00e7ais au&hellip;<\/p>\n","protected":false},"author":1,"featured_media":0,"parent":0,"menu_order":0,"comment_status":"closed","ping_status":"closed","template":"","meta":{"footnotes":""},"class_list":["post-20150","page","type-page","status-publish","hentry"],"yoast_head":"<!-- This site is optimized with the Yoast SEO plugin v26.8 - https:\/\/yoast.com\/product\/yoast-seo-wordpress\/ -->\n<title>\u00c0 propos de l\u2019EFM | Enseignement Fran\u00e7ais au Maroc<\/title>\n<meta name=\"description\" content=\"D\u00e9couvrez l\u2019Enseignement Fran\u00e7ais au Maroc, son histoire, ses missions et son r\u00f4le dans l\u2019\u00e9ducation francophone pour les \u00e9l\u00e8ves au Maroc.\" \/>\n<meta name=\"robots\" content=\"index, follow, max-snippet:-1, max-image-preview:large, max-video-preview:-1\" \/>\n<link rel=\"canonical\" href=\"https:\/\/www.efmaroc.org\/efm\/enseignement-francais-au-maroc-efm\/\" \/>\n<meta property=\"og:locale\" content=\"fr_FR\" \/>\n<meta property=\"og:type\" content=\"article\" \/>\n<meta property=\"og:title\" content=\"\u00c0 propos de l\u2019EFM | Enseignement Fran\u00e7ais au Maroc\" \/>\n<meta property=\"og:description\" content=\"D\u00e9couvrez l\u2019Enseignement Fran\u00e7ais au Maroc, son histoire, ses missions et son r\u00f4le dans l\u2019\u00e9ducation francophone pour les \u00e9l\u00e8ves au Maroc.\" \/>\n<meta property=\"og:url\" content=\"https:\/\/www.efmaroc.org\/efm\/enseignement-francais-au-maroc-efm\/\" \/>\n<meta property=\"og:site_name\" content=\"EFM\" \/>\n<meta property=\"article:modified_time\" content=\"2026-01-30T13:27:13+00:00\" \/>\n<meta property=\"og:image\" content=\"https:\/\/www.efmaroc.org\/efm\/wp-content\/uploads\/2023\/01\/efm-enseignement-francais-maroc-agnes.jpg\" \/>\n\t<meta property=\"og:image:width\" content=\"1116\" \/>\n\t<meta property=\"og:image:height\" content=\"1106\" \/>\n\t<meta property=\"og:image:type\" content=\"image\/jpeg\" \/>\n<meta name=\"twitter:card\" content=\"summary_large_image\" \/>\n<meta name=\"twitter:label1\" content=\"Dur\u00e9e de lecture estim\u00e9e\" \/>\n\t<meta name=\"twitter:data1\" content=\"3 minutes\" \/>\n<script type=\"application\/ld+json\" class=\"yoast-schema-graph\">{\"@context\":\"https:\/\/schema.org\",\"@graph\":[{\"@type\":\"WebPage\",\"@id\":\"https:\/\/www.efmaroc.org\/efm\/enseignement-francais-au-maroc-efm\/\",\"url\":\"https:\/\/www.efmaroc.org\/efm\/enseignement-francais-au-maroc-efm\/\",\"name\":\"\u00c0 propos de l\u2019EFM | Enseignement Fran\u00e7ais au Maroc\",\"isPartOf\":{\"@id\":\"https:\/\/www.efmaroc.org\/efm\/#website\"},\"primaryImageOfPage\":{\"@id\":\"https:\/\/www.efmaroc.org\/efm\/enseignement-francais-au-maroc-efm\/#primaryimage\"},\"image\":{\"@id\":\"https:\/\/www.efmaroc.org\/efm\/enseignement-francais-au-maroc-efm\/#primaryimage\"},\"thumbnailUrl\":\"https:\/\/www.efmaroc.org\/efm\/wp-content\/uploads\/2023\/01\/efm-enseignement-francais-maroc-agnes.jpg\",\"datePublished\":\"2022-12-11T15:58:46+00:00\",\"dateModified\":\"2026-01-30T13:27:13+00:00\",\"description\":\"D\u00e9couvrez l\u2019Enseignement Fran\u00e7ais au Maroc, son histoire, ses missions et son r\u00f4le dans l\u2019\u00e9ducation francophone pour les \u00e9l\u00e8ves au Maroc.\",\"breadcrumb\":{\"@id\":\"https:\/\/www.efmaroc.org\/efm\/enseignement-francais-au-maroc-efm\/#breadcrumb\"},\"inLanguage\":\"fr-FR\",\"potentialAction\":[{\"@type\":\"ReadAction\",\"target\":[\"https:\/\/www.efmaroc.org\/efm\/enseignement-francais-au-maroc-efm\/\"]}]},{\"@type\":\"ImageObject\",\"inLanguage\":\"fr-FR\",\"@id\":\"https:\/\/www.efmaroc.org\/efm\/enseignement-francais-au-maroc-efm\/#primaryimage\",\"url\":\"https:\/\/www.efmaroc.org\/efm\/wp-content\/uploads\/2023\/01\/efm-enseignement-francais-maroc-agnes.jpg\",\"contentUrl\":\"https:\/\/www.efmaroc.org\/efm\/wp-content\/uploads\/2023\/01\/efm-enseignement-francais-maroc-agnes.jpg\",\"width\":1116,\"height\":1106},{\"@type\":\"BreadcrumbList\",\"@id\":\"https:\/\/www.efmaroc.org\/efm\/enseignement-francais-au-maroc-efm\/#breadcrumb\",\"itemListElement\":[{\"@type\":\"ListItem\",\"position\":1,\"name\":\"Accueil\",\"item\":\"https:\/\/www.efmaroc.org\/efm\/\"},{\"@type\":\"ListItem\",\"position\":2,\"name\":\"Enseignement Fran\u00e7ais au Maroc (EFM)\"}]},{\"@type\":\"WebSite\",\"@id\":\"https:\/\/www.efmaroc.org\/efm\/#website\",\"url\":\"https:\/\/www.efmaroc.org\/efm\/\",\"name\":\"EFM\",\"description\":\"Enseignement Fran\u00e7ais au Maroc\",\"publisher\":{\"@id\":\"https:\/\/www.efmaroc.org\/efm\/#organization\"},\"potentialAction\":[{\"@type\":\"SearchAction\",\"target\":{\"@type\":\"EntryPoint\",\"urlTemplate\":\"https:\/\/www.efmaroc.org\/efm\/?s={search_term_string}\"},\"query-input\":{\"@type\":\"PropertyValueSpecification\",\"valueRequired\":true,\"valueName\":\"search_term_string\"}}],\"inLanguage\":\"fr-FR\"},{\"@type\":\"Organization\",\"@id\":\"https:\/\/www.efmaroc.org\/efm\/#organization\",\"name\":\"EFM\",\"url\":\"https:\/\/www.efmaroc.org\/efm\/\",\"logo\":{\"@type\":\"ImageObject\",\"inLanguage\":\"fr-FR\",\"@id\":\"https:\/\/www.efmaroc.org\/efm\/#\/schema\/logo\/image\/\",\"url\":\"https:\/\/www.efmaroc.org\/efm\/wp-content\/uploads\/2022\/12\/efm-enseignement-francais-maroc-logotaglinex2.png\",\"contentUrl\":\"https:\/\/www.efmaroc.org\/efm\/wp-content\/uploads\/2022\/12\/efm-enseignement-francais-maroc-logotaglinex2.png\",\"width\":104,\"height\":78,\"caption\":\"EFM\"},\"image\":{\"@id\":\"https:\/\/www.efmaroc.org\/efm\/#\/schema\/logo\/image\/\"}}]}<\/script>\n<!-- \/ Yoast SEO plugin. -->","yoast_head_json":{"title":"\u00c0 propos de l\u2019EFM | Enseignement Fran\u00e7ais au Maroc","description":"D\u00e9couvrez l\u2019Enseignement Fran\u00e7ais au Maroc, son histoire, ses missions et son r\u00f4le dans l\u2019\u00e9ducation francophone pour les \u00e9l\u00e8ves au Maroc.","robots":{"index":"index","follow":"follow","max-snippet":"max-snippet:-1","max-image-preview":"max-image-preview:large","max-video-preview":"max-video-preview:-1"},"canonical":"https:\/\/www.efmaroc.org\/efm\/enseignement-francais-au-maroc-efm\/","og_locale":"fr_FR","og_type":"article","og_title":"\u00c0 propos de l\u2019EFM | Enseignement Fran\u00e7ais au Maroc","og_description":"D\u00e9couvrez l\u2019Enseignement Fran\u00e7ais au Maroc, son histoire, ses missions et son r\u00f4le dans l\u2019\u00e9ducation francophone pour les \u00e9l\u00e8ves au Maroc.","og_url":"https:\/\/www.efmaroc.org\/efm\/enseignement-francais-au-maroc-efm\/","og_site_name":"EFM","article_modified_time":"2026-01-30T13:27:13+00:00","og_image":[{"width":1116,"height":1106,"url":"https:\/\/www.efmaroc.org\/efm\/wp-content\/uploads\/2023\/01\/efm-enseignement-francais-maroc-agnes.jpg","type":"image\/jpeg"}],"twitter_card":"summary_large_image","twitter_misc":{"Dur\u00e9e de lecture estim\u00e9e":"3 minutes"},"schema":{"@context":"https:\/\/schema.org","@graph":[{"@type":"WebPage","@id":"https:\/\/www.efmaroc.org\/efm\/enseignement-francais-au-maroc-efm\/","url":"https:\/\/www.efmaroc.org\/efm\/enseignement-francais-au-maroc-efm\/","name":"\u00c0 propos de l\u2019EFM | Enseignement Fran\u00e7ais au Maroc","isPartOf":{"@id":"https:\/\/www.efmaroc.org\/efm\/#website"},"primaryImageOfPage":{"@id":"https:\/\/www.efmaroc.org\/efm\/enseignement-francais-au-maroc-efm\/#primaryimage"},"image":{"@id":"https:\/\/www.efmaroc.org\/efm\/enseignement-francais-au-maroc-efm\/#primaryimage"},"thumbnailUrl":"https:\/\/www.efmaroc.org\/efm\/wp-content\/uploads\/2023\/01\/efm-enseignement-francais-maroc-agnes.jpg","datePublished":"2022-12-11T15:58:46+00:00","dateModified":"2026-01-30T13:27:13+00:00","description":"D\u00e9couvrez l\u2019Enseignement Fran\u00e7ais au Maroc, son histoire, ses missions et son r\u00f4le dans l\u2019\u00e9ducation francophone pour les \u00e9l\u00e8ves au Maroc.","breadcrumb":{"@id":"https:\/\/www.efmaroc.org\/efm\/enseignement-francais-au-maroc-efm\/#breadcrumb"},"inLanguage":"fr-FR","potentialAction":[{"@type":"ReadAction","target":["https:\/\/www.efmaroc.org\/efm\/enseignement-francais-au-maroc-efm\/"]}]},{"@type":"ImageObject","inLanguage":"fr-FR","@id":"https:\/\/www.efmaroc.org\/efm\/enseignement-francais-au-maroc-efm\/#primaryimage","url":"https:\/\/www.efmaroc.org\/efm\/wp-content\/uploads\/2023\/01\/efm-enseignement-francais-maroc-agnes.jpg","contentUrl":"https:\/\/www.efmaroc.org\/efm\/wp-content\/uploads\/2023\/01\/efm-enseignement-francais-maroc-agnes.jpg","width":1116,"height":1106},{"@type":"BreadcrumbList","@id":"https:\/\/www.efmaroc.org\/efm\/enseignement-francais-au-maroc-efm\/#breadcrumb","itemListElement":[{"@type":"ListItem","position":1,"name":"Accueil","item":"https:\/\/www.efmaroc.org\/efm\/"},{"@type":"ListItem","position":2,"name":"Enseignement Fran\u00e7ais au Maroc (EFM)"}]},{"@type":"WebSite","@id":"https:\/\/www.efmaroc.org\/efm\/#website","url":"https:\/\/www.efmaroc.org\/efm\/","name":"EFM","description":"Enseignement Fran\u00e7ais au Maroc","publisher":{"@id":"https:\/\/www.efmaroc.org\/efm\/#organization"},"potentialAction":[{"@type":"SearchAction","target":{"@type":"EntryPoint","urlTemplate":"https:\/\/www.efmaroc.org\/efm\/?s={search_term_string}"},"query-input":{"@type":"PropertyValueSpecification","valueRequired":true,"valueName":"search_term_string"}}],"inLanguage":"fr-FR"},{"@type":"Organization","@id":"https:\/\/www.efmaroc.org\/efm\/#organization","name":"EFM","url":"https:\/\/www.efmaroc.org\/efm\/","logo":{"@type":"ImageObject","inLanguage":"fr-FR","@id":"https:\/\/www.efmaroc.org\/efm\/#\/schema\/logo\/image\/","url":"https:\/\/www.efmaroc.org\/efm\/wp-content\/uploads\/2022\/12\/efm-enseignement-francais-maroc-logotaglinex2.png","contentUrl":"https:\/\/www.efmaroc.org\/efm\/wp-content\/uploads\/2022\/12\/efm-enseignement-francais-maroc-logotaglinex2.png","width":104,"height":78,"caption":"EFM"},"image":{"@id":"https:\/\/www.efmaroc.org\/efm\/#\/schema\/logo\/image\/"}}]}},"jetpack_sharing_enabled":true,"_links":{"self":[{"href":"https:\/\/www.efmaroc.org\/efm\/wp-json\/wp\/v2\/pages\/20150","targetHints":{"allow":["GET"]}}],"collection":[{"href":"https:\/\/www.efmaroc.org\/efm\/wp-json\/wp\/v2\/pages"}],"about":[{"href":"https:\/\/www.efmaroc.org\/efm\/wp-json\/wp\/v2\/types\/page"}],"author":[{"embeddable":true,"href":"https:\/\/www.efmaroc.org\/efm\/wp-json\/wp\/v2\/users\/1"}],"replies":[{"embeddable":true,"href":"https:\/\/www.efmaroc.org\/efm\/wp-json\/wp\/v2\/comments?post=20150"}],"version-history":[{"count":44,"href":"https:\/\/www.efmaroc.org\/efm\/wp-json\/wp\/v2\/pages\/20150\/revisions"}],"predecessor-version":[{"id":24918,"href":"https:\/\/www.efmaroc.org\/efm\/wp-json\/wp\/v2\/pages\/20150\/revisions\/24918"}],"wp:attachment":[{"href":"https:\/\/www.efmaroc.org\/efm\/wp-json\/wp\/v2\/media?parent=20150"}],"curies":[{"name":"wp","href":"https:\/\/api.w.org\/{rel}","templated":true}]}}