{"id":20226,"date":"2022-12-12T21:55:53","date_gmt":"2022-12-12T20:55:53","guid":{"rendered":"https:\/\/www.efmaroc.org\/efm\/?page_id=20226"},"modified":"2026-01-30T14:08:45","modified_gmt":"2026-01-30T13:08:45","slug":"association-des-parents-deleves-et-le-reseau-dalumni","status":"publish","type":"page","link":"https:\/\/www.efmaroc.org\/efm\/association-des-parents-deleves-et-le-reseau-dalumni\/","title":{"rendered":"Association des parents d\u2019\u00e9l\u00e8ves et le r\u00e9seau d\u2019alumni"},"content":{"rendered":"\t\t<div data-elementor-type=\"wp-page\" data-elementor-id=\"20226\" class=\"elementor elementor-20226\">\n\t\t\t\t\t\t<section class=\"elementor-section elementor-top-section elementor-element elementor-element-e7cecdf elementor-section-boxed elementor-section-height-default elementor-section-height-default sc_fly_static\" data-id=\"e7cecdf\" data-element_type=\"section\" data-e-type=\"section\">\n\t\t\t\t\t\t<div class=\"elementor-container elementor-column-gap-extended\">\n\t\t\t\t\t<div class=\"elementor-column elementor-col-100 elementor-top-column elementor-element elementor-element-139b186 sc_content_align_inherit sc_layouts_column_icons_position_left sc_fly_static\" data-id=\"139b186\" data-element_type=\"column\" data-e-type=\"column\">\n\t\t\t<div class=\"elementor-widget-wrap elementor-element-populated\">\n\t\t\t\t\t\t<div class=\"elementor-element elementor-element-3e6fe41 sc_fly_static elementor-widget elementor-widget-spacer\" data-id=\"3e6fe41\" data-element_type=\"widget\" data-e-type=\"widget\" data-widget_type=\"spacer.default\">\n\t\t\t\t<div class=\"elementor-widget-container\">\n\t\t\t\t\t\t\t<div class=\"elementor-spacer\">\n\t\t\t<div class=\"elementor-spacer-inner\"><\/div>\n\t\t<\/div>\n\t\t\t\t\t\t<\/div>\n\t\t\t\t<\/div>\n\t\t\t\t\t<\/div>\n\t\t<\/div>\n\t\t\t\t\t<\/div>\n\t\t<\/section>\n\t\t\t\t<section class=\"elementor-section elementor-top-section elementor-element elementor-element-2a559adf scheme_default elementor-section-content-middle elementor-section-full_width elementor-section-stretched elementor-section-height-default elementor-section-height-default sc_fly_static\" data-id=\"2a559adf\" data-element_type=\"section\" data-e-type=\"section\" data-settings=\"{&quot;background_background&quot;:&quot;classic&quot;,&quot;stretch_section&quot;:&quot;section-stretched&quot;}\">\n\t\t\t\t\t\t<div class=\"elementor-container elementor-column-gap-extended\">\n\t\t\t\t\t<div class=\"elementor-column elementor-col-66 elementor-top-column elementor-element elementor-element-3068ccda sc_content_align_inherit sc_layouts_column_icons_position_left sc_fly_static\" data-id=\"3068ccda\" data-element_type=\"column\" data-e-type=\"column\">\n\t\t\t<div class=\"elementor-widget-wrap elementor-element-populated\">\n\t\t\t\t\t\t<div class=\"elementor-element elementor-element-5c3141c2 sc_height_small sc_fly_static elementor-widget elementor-widget-spacer\" data-id=\"5c3141c2\" data-element_type=\"widget\" data-e-type=\"widget\" data-widget_type=\"spacer.default\">\n\t\t\t\t<div class=\"elementor-widget-container\">\n\t\t\t\t\t\t\t<div class=\"elementor-spacer\">\n\t\t\t<div class=\"elementor-spacer-inner\"><\/div>\n\t\t<\/div>\n\t\t\t\t\t\t<\/div>\n\t\t\t\t<\/div>\n\t\t\t\t<div class=\"elementor-element elementor-element-5492ca5 scheme_light sc_fly_static elementor-widget elementor-widget-trx_sc_title\" data-id=\"5492ca5\" data-element_type=\"widget\" data-e-type=\"widget\" data-widget_type=\"trx_sc_title.default\">\n\t\t\t\t<div class=\"elementor-widget-container\">\n\t\t\t\t\t<div\t\tclass=\"sc_title scheme_light sc_title_default\" ><h1 class=\"sc_item_title sc_title_title sc_item_title_style_default sc_item_title_tag trx_addons_inline_1119535686\"\n\t\t\t><span class=\"sc_item_title_text\">Les parents au c\u0153ur des \u00e9tablissements<\/span><\/h1><div class=\"sc_item_descr sc_title_descr\"><p>Les parents ont choisi de faire confiance au mod\u00e8le \u00e9ducatif fran\u00e7ais. Ils sont tr\u00e8s engag\u00e9s et contribuent de mani\u00e8re substantielle au financement des \u00e9tablissements par le paiement des  frais de scolarit\u00e9. Ils \u00e9lisent leurs repr\u00e9sentants qui si\u00e8gent au conseil d\u2019\u00e9tablissement, conseil de groupement et de gestion et au conseil d\u2019\u00e9cole.<\/p>\n<\/div><\/div>\t\t\t\t<\/div>\n\t\t\t\t<\/div>\n\t\t\t\t<div class=\"elementor-element elementor-element-3609da02 sc_height_small sc_fly_static elementor-widget elementor-widget-spacer\" data-id=\"3609da02\" data-element_type=\"widget\" data-e-type=\"widget\" data-widget_type=\"spacer.default\">\n\t\t\t\t<div class=\"elementor-widget-container\">\n\t\t\t\t\t\t\t<div class=\"elementor-spacer\">\n\t\t\t<div class=\"elementor-spacer-inner\"><\/div>\n\t\t<\/div>\n\t\t\t\t\t\t<\/div>\n\t\t\t\t<\/div>\n\t\t\t\t\t<\/div>\n\t\t<\/div>\n\t\t\t\t<div class=\"elementor-column elementor-col-33 elementor-top-column elementor-element elementor-element-4ef3e5e4 sc_content_align_inherit sc_layouts_column_icons_position_left sc_fly_static\" data-id=\"4ef3e5e4\" data-element_type=\"column\" data-e-type=\"column\">\n\t\t\t<div class=\"elementor-widget-wrap elementor-element-populated\">\n\t\t\t\t\t\t<div class=\"elementor-element elementor-element-60d6c4de sc_fly_static elementor-widget elementor-widget-image\" data-id=\"60d6c4de\" data-element_type=\"widget\" data-e-type=\"widget\" data-widget_type=\"image.default\">\n\t\t\t\t<div class=\"elementor-widget-container\">\n\t\t\t\t\t\t\t\t\t\t\t\t\t\t\t<img fetchpriority=\"high\" decoding=\"async\" width=\"1295\" height=\"1342\" src=\"https:\/\/www.efmaroc.org\/efm\/wp-content\/uploads\/2022\/05\/efm-enseignement-francais-maroc-reseau-img-5.jpg\" class=\"attachment-full size-full wp-image-21177\" alt=\"\" srcset=\"https:\/\/www.efmaroc.org\/efm\/wp-content\/uploads\/2022\/05\/efm-enseignement-francais-maroc-reseau-img-5.jpg 1295w, https:\/\/www.efmaroc.org\/efm\/wp-content\/uploads\/2022\/05\/efm-enseignement-francais-maroc-reseau-img-5-289x300.jpg 289w, https:\/\/www.efmaroc.org\/efm\/wp-content\/uploads\/2022\/05\/efm-enseignement-francais-maroc-reseau-img-5-988x1024.jpg 988w, https:\/\/www.efmaroc.org\/efm\/wp-content\/uploads\/2022\/05\/efm-enseignement-francais-maroc-reseau-img-5-768x796.jpg 768w, https:\/\/www.efmaroc.org\/efm\/wp-content\/uploads\/2022\/05\/efm-enseignement-francais-maroc-reseau-img-5-370x383.jpg 370w, https:\/\/www.efmaroc.org\/efm\/wp-content\/uploads\/2022\/05\/efm-enseignement-francais-maroc-reseau-img-5-840x870.jpg 840w, https:\/\/www.efmaroc.org\/efm\/wp-content\/uploads\/2022\/05\/efm-enseignement-francais-maroc-reseau-img-5-410x425.jpg 410w\" sizes=\"(max-width: 1295px) 100vw, 1295px\" \/>\t\t\t\t\t\t\t\t\t\t\t\t\t\t\t<\/div>\n\t\t\t\t<\/div>\n\t\t\t\t\t<\/div>\n\t\t<\/div>\n\t\t\t\t\t<\/div>\n\t\t<\/section>\n\t\t\t\t<section class=\"elementor-section elementor-top-section elementor-element elementor-element-c24f049 elementor-section-boxed elementor-section-height-default elementor-section-height-default sc_fly_static\" data-id=\"c24f049\" data-element_type=\"section\" data-e-type=\"section\">\n\t\t\t\t\t\t<div class=\"elementor-container elementor-column-gap-extended\">\n\t\t\t\t\t<div class=\"elementor-column elementor-col-100 elementor-top-column elementor-element elementor-element-b3758d9 sc_content_align_inherit sc_layouts_column_icons_position_left sc_fly_static\" data-id=\"b3758d9\" data-element_type=\"column\" data-e-type=\"column\">\n\t\t\t<div class=\"elementor-widget-wrap elementor-element-populated\">\n\t\t\t\t\t\t<div class=\"elementor-element elementor-element-42f4d7b sc_height_small sc_fly_static elementor-widget elementor-widget-spacer\" data-id=\"42f4d7b\" data-element_type=\"widget\" data-e-type=\"widget\" data-widget_type=\"spacer.default\">\n\t\t\t\t<div class=\"elementor-widget-container\">\n\t\t\t\t\t\t\t<div class=\"elementor-spacer\">\n\t\t\t<div class=\"elementor-spacer-inner\"><\/div>\n\t\t<\/div>\n\t\t\t\t\t\t<\/div>\n\t\t\t\t<\/div>\n\t\t\t\t<div class=\"elementor-element elementor-element-49b7c99 sc_height_small elementor-hidden-desktop elementor-hidden-tablet sc_fly_static elementor-widget elementor-widget-spacer\" data-id=\"49b7c99\" data-element_type=\"widget\" data-e-type=\"widget\" data-widget_type=\"spacer.default\">\n\t\t\t\t<div class=\"elementor-widget-container\">\n\t\t\t\t\t\t\t<div class=\"elementor-spacer\">\n\t\t\t<div class=\"elementor-spacer-inner\"><\/div>\n\t\t<\/div>\n\t\t\t\t\t\t<\/div>\n\t\t\t\t<\/div>\n\t\t\t\t\t<\/div>\n\t\t<\/div>\n\t\t\t\t\t<\/div>\n\t\t<\/section>\n\t\t\t\t<section class=\"elementor-section elementor-top-section elementor-element elementor-element-5db285e elementor-reverse-mobile elementor-section-boxed elementor-section-height-default elementor-section-height-default sc_fly_static\" data-id=\"5db285e\" data-element_type=\"section\" data-e-type=\"section\">\n\t\t\t\t\t\t<div class=\"elementor-container elementor-column-gap-extended\">\n\t\t\t\t\t<div class=\"elementor-column elementor-col-100 elementor-top-column elementor-element elementor-element-70a457d sc_content_align_inherit sc_layouts_column_icons_position_left sc_fly_static\" data-id=\"70a457d\" data-element_type=\"column\" data-e-type=\"column\">\n\t\t\t<div class=\"elementor-widget-wrap elementor-element-populated\">\n\t\t\t\t\t\t<div class=\"elementor-element elementor-element-7e3efdc sc_fly_static elementor-widget elementor-widget-trx_sc_title\" data-id=\"7e3efdc\" data-element_type=\"widget\" data-e-type=\"widget\" data-widget_type=\"trx_sc_title.default\">\n\t\t\t\t<div class=\"elementor-widget-container\">\n\t\t\t\t\t<div\t\tclass=\"sc_title sc_title_default\" ><h2 class=\"sc_item_title sc_title_title sc_item_title_style_default sc_item_title_tag trx_addons_inline_1450763837\"\n\t\t\t><span class=\"sc_item_title_text\">Les principales f\u00e9d\u00e9rations d'associations de parents d'\u00e9l\u00e8ves<\/span><\/h2><div class=\"sc_item_descr sc_title_descr\"><p>4 f\u00e9d\u00e9rations d\u2019associations de parents d\u2019\u00e9l\u00e8ves (APE) des \u00e9tablissements d\u2019enseignement fran\u00e7ais \u00e0 l\u2019\u00e9tranger sont repr\u00e9sent\u00e9es dans les \u00e9tablissements scolaires fran\u00e7ais au Maroc :<\/p>\n<\/div><\/div>\t\t\t\t<\/div>\n\t\t\t\t<\/div>\n\t\t\t\t\t<\/div>\n\t\t<\/div>\n\t\t\t\t\t<\/div>\n\t\t<\/section>\n\t\t\t\t<section class=\"elementor-section elementor-top-section elementor-element elementor-element-fdf989c elementor-section-boxed elementor-section-height-default elementor-section-height-default sc_fly_static\" data-id=\"fdf989c\" data-element_type=\"section\" data-e-type=\"section\">\n\t\t\t\t\t\t<div class=\"elementor-container elementor-column-gap-extended\">\n\t\t\t\t\t<div class=\"elementor-column elementor-col-100 elementor-top-column elementor-element elementor-element-9781c7d sc_content_align_inherit sc_layouts_column_icons_position_left sc_fly_static\" data-id=\"9781c7d\" data-element_type=\"column\" data-e-type=\"column\">\n\t\t\t<div class=\"elementor-widget-wrap elementor-element-populated\">\n\t\t\t\t\t\t<div class=\"elementor-element elementor-element-b49aadf sc_height_small sc_fly_static elementor-widget elementor-widget-spacer\" data-id=\"b49aadf\" data-element_type=\"widget\" data-e-type=\"widget\" data-widget_type=\"spacer.default\">\n\t\t\t\t<div class=\"elementor-widget-container\">\n\t\t\t\t\t\t\t<div class=\"elementor-spacer\">\n\t\t\t<div class=\"elementor-spacer-inner\"><\/div>\n\t\t<\/div>\n\t\t\t\t\t\t<\/div>\n\t\t\t\t<\/div>\n\t\t\t\t\t<\/div>\n\t\t<\/div>\n\t\t\t\t\t<\/div>\n\t\t<\/section>\n\t\t\t\t<section class=\"elementor-section elementor-top-section elementor-element elementor-element-39d6607 elementor-section-boxed elementor-section-height-default elementor-section-height-default sc_fly_static\" data-id=\"39d6607\" data-element_type=\"section\" data-e-type=\"section\">\n\t\t\t\t\t\t<div class=\"elementor-container elementor-column-gap-default\">\n\t\t\t\t\t<div class=\"elementor-column elementor-col-50 elementor-top-column elementor-element elementor-element-a382186 sc_content_align_inherit sc_layouts_column_icons_position_left sc_fly_static\" data-id=\"a382186\" data-element_type=\"column\" data-e-type=\"column\" data-settings=\"{&quot;background_background&quot;:&quot;classic&quot;}\">\n\t\t\t<div class=\"elementor-widget-wrap elementor-element-populated\">\n\t\t\t\t\t\t<section class=\"elementor-section elementor-inner-section elementor-element elementor-element-cd087f2 elementor-section-content-middle elementor-section-boxed elementor-section-height-default elementor-section-height-default sc_fly_static\" data-id=\"cd087f2\" data-element_type=\"section\" data-e-type=\"section\">\n\t\t\t\t\t\t<div class=\"elementor-container elementor-column-gap-extended\">\n\t\t\t\t\t<div class=\"elementor-column elementor-col-33 elementor-inner-column elementor-element elementor-element-4a8a753 sc_content_align_inherit sc_layouts_column_icons_position_left sc_fly_static\" data-id=\"4a8a753\" data-element_type=\"column\" data-e-type=\"column\">\n\t\t\t<div class=\"elementor-widget-wrap elementor-element-populated\">\n\t\t\t\t\t\t<div class=\"elementor-element elementor-element-c62202d sc_fly_static elementor-widget elementor-widget-image\" data-id=\"c62202d\" data-element_type=\"widget\" data-e-type=\"widget\" data-widget_type=\"image.default\">\n\t\t\t\t<div class=\"elementor-widget-container\">\n\t\t\t\t\t\t\t\t\t\t\t\t\t\t\t<img decoding=\"async\" width=\"568\" height=\"240\" src=\"https:\/\/www.efmaroc.org\/efm\/wp-content\/uploads\/2022\/12\/efm-enseignement-francais-maroc-associations-peep.png\" class=\"attachment-full size-full wp-image-20233\" alt=\"\" srcset=\"https:\/\/www.efmaroc.org\/efm\/wp-content\/uploads\/2022\/12\/efm-enseignement-francais-maroc-associations-peep.png 568w, https:\/\/www.efmaroc.org\/efm\/wp-content\/uploads\/2022\/12\/efm-enseignement-francais-maroc-associations-peep-300x127.png 300w, https:\/\/www.efmaroc.org\/efm\/wp-content\/uploads\/2022\/12\/efm-enseignement-francais-maroc-associations-peep-370x156.png 370w, https:\/\/www.efmaroc.org\/efm\/wp-content\/uploads\/2022\/12\/efm-enseignement-francais-maroc-associations-peep-410x173.png 410w\" sizes=\"(max-width: 600px) 100vw, 568px\" \/>\t\t\t\t\t\t\t\t\t\t\t\t\t\t\t<\/div>\n\t\t\t\t<\/div>\n\t\t\t\t\t<\/div>\n\t\t<\/div>\n\t\t\t\t<div class=\"elementor-column elementor-col-66 elementor-inner-column elementor-element elementor-element-4d0e245 sc_content_align_inherit sc_layouts_column_icons_position_left sc_fly_static\" data-id=\"4d0e245\" data-element_type=\"column\" data-e-type=\"column\">\n\t\t\t<div class=\"elementor-widget-wrap\">\n\t\t\t\t\t\t\t<\/div>\n\t\t<\/div>\n\t\t\t\t\t<\/div>\n\t\t<\/section>\n\t\t\t\t<div class=\"elementor-element elementor-element-9440c97 sc_height_tiny sc_fly_static elementor-widget elementor-widget-spacer\" data-id=\"9440c97\" data-element_type=\"widget\" data-e-type=\"widget\" data-widget_type=\"spacer.default\">\n\t\t\t\t<div class=\"elementor-widget-container\">\n\t\t\t\t\t\t\t<div class=\"elementor-spacer\">\n\t\t\t<div class=\"elementor-spacer-inner\"><\/div>\n\t\t<\/div>\n\t\t\t\t\t\t<\/div>\n\t\t\t\t<\/div>\n\t\t\t\t<div class=\"elementor-element elementor-element-f69fdb4 sc_fly_static elementor-widget elementor-widget-heading\" data-id=\"f69fdb4\" data-element_type=\"widget\" data-e-type=\"widget\" data-widget_type=\"heading.default\">\n\t\t\t\t<div class=\"elementor-widget-container\">\n\t\t\t\t\t<h3 class=\"elementor-heading-title elementor-size-default\">Association de Parents d'El\u00e8ves de l'Enseignement Public <\/h3>\t\t\t\t<\/div>\n\t\t\t\t<\/div>\n\t\t\t\t<div class=\"elementor-element elementor-element-a7e982f sc_height_tiny sc_fly_static elementor-widget elementor-widget-spacer\" data-id=\"a7e982f\" data-element_type=\"widget\" data-e-type=\"widget\" data-widget_type=\"spacer.default\">\n\t\t\t\t<div class=\"elementor-widget-container\">\n\t\t\t\t\t\t\t<div class=\"elementor-spacer\">\n\t\t\t<div class=\"elementor-spacer-inner\"><\/div>\n\t\t<\/div>\n\t\t\t\t\t\t<\/div>\n\t\t\t\t<\/div>\n\t\t\t\t<div class=\"elementor-element elementor-element-6c4dea9 sc_fly_static elementor-widget elementor-widget-text-editor\" data-id=\"6c4dea9\" data-element_type=\"widget\" data-e-type=\"widget\" data-widget_type=\"text-editor.default\">\n\t\t\t\t<div class=\"elementor-widget-container\">\n\t\t\t\t\t\t\t\t\t<p>La PEEP est l&rsquo;association de Parents d\u2019\u00c9l\u00e8ves de l&rsquo;Enseignement Public qui agit dans l&rsquo;int\u00e9r\u00eat de tous les enfants et de leurs familles.<\/p><p><a href=\"https:\/\/www.peep.ma\/\" target=\"_blank\" rel=\"noopener\">Site web PEEP<\/a><\/p>\t\t\t\t\t\t\t\t<\/div>\n\t\t\t\t<\/div>\n\t\t\t\t\t<\/div>\n\t\t<\/div>\n\t\t\t\t<div class=\"elementor-column elementor-col-50 elementor-top-column elementor-element elementor-element-233d59f sc_content_align_inherit sc_layouts_column_icons_position_left sc_fly_static\" data-id=\"233d59f\" data-element_type=\"column\" data-e-type=\"column\" data-settings=\"{&quot;background_background&quot;:&quot;classic&quot;}\">\n\t\t\t<div class=\"elementor-widget-wrap elementor-element-populated\">\n\t\t\t\t\t\t<section class=\"elementor-section elementor-inner-section elementor-element elementor-element-36daa4f elementor-section-content-middle elementor-section-boxed elementor-section-height-default elementor-section-height-default sc_fly_static\" data-id=\"36daa4f\" data-element_type=\"section\" data-e-type=\"section\">\n\t\t\t\t\t\t<div class=\"elementor-container elementor-column-gap-extended\">\n\t\t\t\t\t<div class=\"elementor-column elementor-col-33 elementor-inner-column elementor-element elementor-element-067256e sc_content_align_inherit sc_layouts_column_icons_position_left sc_fly_static\" data-id=\"067256e\" data-element_type=\"column\" data-e-type=\"column\">\n\t\t\t<div class=\"elementor-widget-wrap elementor-element-populated\">\n\t\t\t\t\t\t<div class=\"elementor-element elementor-element-6a47261 sc_fly_static elementor-widget elementor-widget-image\" data-id=\"6a47261\" data-element_type=\"widget\" data-e-type=\"widget\" data-widget_type=\"image.default\">\n\t\t\t\t<div class=\"elementor-widget-container\">\n\t\t\t\t\t\t\t\t\t\t\t\t\t\t\t<img decoding=\"async\" width=\"384\" height=\"384\" src=\"https:\/\/www.efmaroc.org\/efm\/wp-content\/uploads\/2022\/12\/efm-enseignement-francais-maroc-associations-ucpe.png\" class=\"attachment-full size-full wp-image-20234\" alt=\"\" srcset=\"https:\/\/www.efmaroc.org\/efm\/wp-content\/uploads\/2022\/12\/efm-enseignement-francais-maroc-associations-ucpe.png 384w, https:\/\/www.efmaroc.org\/efm\/wp-content\/uploads\/2022\/12\/efm-enseignement-francais-maroc-associations-ucpe-300x300.png 300w, https:\/\/www.efmaroc.org\/efm\/wp-content\/uploads\/2022\/12\/efm-enseignement-francais-maroc-associations-ucpe-150x150.png 150w, https:\/\/www.efmaroc.org\/efm\/wp-content\/uploads\/2022\/12\/efm-enseignement-francais-maroc-associations-ucpe-370x370.png 370w, https:\/\/www.efmaroc.org\/efm\/wp-content\/uploads\/2022\/12\/efm-enseignement-francais-maroc-associations-ucpe-120x120.png 120w\" sizes=\"(max-width: 600px) 100vw, 384px\" \/>\t\t\t\t\t\t\t\t\t\t\t\t\t\t\t<\/div>\n\t\t\t\t<\/div>\n\t\t\t\t\t<\/div>\n\t\t<\/div>\n\t\t\t\t<div class=\"elementor-column elementor-col-66 elementor-inner-column elementor-element elementor-element-f0e8287 sc_content_align_inherit sc_layouts_column_icons_position_left sc_fly_static\" data-id=\"f0e8287\" data-element_type=\"column\" data-e-type=\"column\">\n\t\t\t<div class=\"elementor-widget-wrap\">\n\t\t\t\t\t\t\t<\/div>\n\t\t<\/div>\n\t\t\t\t\t<\/div>\n\t\t<\/section>\n\t\t\t\t<div class=\"elementor-element elementor-element-0ffb3cd sc_height_tiny sc_fly_static elementor-widget elementor-widget-spacer\" data-id=\"0ffb3cd\" data-element_type=\"widget\" data-e-type=\"widget\" data-widget_type=\"spacer.default\">\n\t\t\t\t<div class=\"elementor-widget-container\">\n\t\t\t\t\t\t\t<div class=\"elementor-spacer\">\n\t\t\t<div class=\"elementor-spacer-inner\"><\/div>\n\t\t<\/div>\n\t\t\t\t\t\t<\/div>\n\t\t\t\t<\/div>\n\t\t\t\t<div class=\"elementor-element elementor-element-4373aa3 sc_fly_static elementor-widget elementor-widget-heading\" data-id=\"4373aa3\" data-element_type=\"widget\" data-e-type=\"widget\" data-widget_type=\"heading.default\">\n\t\t\t\t<div class=\"elementor-widget-container\">\n\t\t\t\t\t<h3 class=\"elementor-heading-title elementor-size-default\">U.C.P.E <\/h3>\t\t\t\t<\/div>\n\t\t\t\t<\/div>\n\t\t\t\t<div class=\"elementor-element elementor-element-62c4960 sc_height_tiny sc_fly_static elementor-widget elementor-widget-spacer\" data-id=\"62c4960\" data-element_type=\"widget\" data-e-type=\"widget\" data-widget_type=\"spacer.default\">\n\t\t\t\t<div class=\"elementor-widget-container\">\n\t\t\t\t\t\t\t<div class=\"elementor-spacer\">\n\t\t\t<div class=\"elementor-spacer-inner\"><\/div>\n\t\t<\/div>\n\t\t\t\t\t\t<\/div>\n\t\t\t\t<\/div>\n\t\t\t\t<div class=\"elementor-element elementor-element-d3d405f sc_fly_static elementor-widget elementor-widget-text-editor\" data-id=\"d3d405f\" data-element_type=\"widget\" data-e-type=\"widget\" data-widget_type=\"text-editor.default\">\n\t\t\t\t<div class=\"elementor-widget-container\">\n\t\t\t\t\t\t\t\t\t<p>L&rsquo;UCPE est l&rsquo;association de l&rsquo;Union des Conseils de Parents d&rsquo;El\u00e8ves.<\/p><p><a href=\"https:\/\/www.ucpe.ma\/\" target=\"_blank\" rel=\"noopener\">Site web UCPE<\/a><br \/><a href=\"mailto:ucpenationale@yahoo.fr\" target=\"_blank\" rel=\"noopener\">ucpenationale@yahoo.fr<\/a><\/p>\t\t\t\t\t\t\t\t<\/div>\n\t\t\t\t<\/div>\n\t\t\t\t\t<\/div>\n\t\t<\/div>\n\t\t\t\t\t<\/div>\n\t\t<\/section>\n\t\t\t\t<section class=\"elementor-section elementor-top-section elementor-element elementor-element-0a99eba elementor-section-content-middle elementor-section-boxed elementor-section-height-default elementor-section-height-default sc_fly_static\" data-id=\"0a99eba\" data-element_type=\"section\" data-e-type=\"section\">\n\t\t\t\t\t\t<div class=\"elementor-container elementor-column-gap-default\">\n\t\t\t\t\t<div class=\"elementor-column elementor-col-50 elementor-top-column elementor-element elementor-element-8541e01 sc_content_align_inherit sc_layouts_column_icons_position_left sc_fly_static\" data-id=\"8541e01\" data-element_type=\"column\" data-e-type=\"column\" data-settings=\"{&quot;background_background&quot;:&quot;classic&quot;}\">\n\t\t\t<div class=\"elementor-widget-wrap elementor-element-populated\">\n\t\t\t\t\t\t<section class=\"elementor-section elementor-inner-section elementor-element elementor-element-cace4f4 elementor-section-content-middle elementor-section-boxed elementor-section-height-default elementor-section-height-default sc_fly_static\" data-id=\"cace4f4\" data-element_type=\"section\" data-e-type=\"section\">\n\t\t\t\t\t\t<div class=\"elementor-container elementor-column-gap-extended\">\n\t\t\t\t\t<div class=\"elementor-column elementor-col-33 elementor-inner-column elementor-element elementor-element-52728a3 sc_content_align_inherit sc_layouts_column_icons_position_left sc_fly_static\" data-id=\"52728a3\" data-element_type=\"column\" data-e-type=\"column\">\n\t\t\t<div class=\"elementor-widget-wrap elementor-element-populated\">\n\t\t\t\t\t\t<div class=\"elementor-element elementor-element-64110fc sc_fly_static elementor-widget elementor-widget-image\" data-id=\"64110fc\" data-element_type=\"widget\" data-e-type=\"widget\" data-widget_type=\"image.default\">\n\t\t\t\t<div class=\"elementor-widget-container\">\n\t\t\t\t\t\t\t\t\t\t\t\t\t\t\t<img loading=\"lazy\" decoding=\"async\" width=\"936\" height=\"240\" src=\"https:\/\/www.efmaroc.org\/efm\/wp-content\/uploads\/2022\/12\/efm-enseignement-francais-maroc-associations-cape.png\" class=\"attachment-full size-full wp-image-20232\" alt=\"\" srcset=\"https:\/\/www.efmaroc.org\/efm\/wp-content\/uploads\/2022\/12\/efm-enseignement-francais-maroc-associations-cape.png 936w, https:\/\/www.efmaroc.org\/efm\/wp-content\/uploads\/2022\/12\/efm-enseignement-francais-maroc-associations-cape-300x77.png 300w, https:\/\/www.efmaroc.org\/efm\/wp-content\/uploads\/2022\/12\/efm-enseignement-francais-maroc-associations-cape-768x197.png 768w, https:\/\/www.efmaroc.org\/efm\/wp-content\/uploads\/2022\/12\/efm-enseignement-francais-maroc-associations-cape-370x95.png 370w, https:\/\/www.efmaroc.org\/efm\/wp-content\/uploads\/2022\/12\/efm-enseignement-francais-maroc-associations-cape-840x215.png 840w, https:\/\/www.efmaroc.org\/efm\/wp-content\/uploads\/2022\/12\/efm-enseignement-francais-maroc-associations-cape-410x105.png 410w\" sizes=\"(max-width: 936px) 100vw, 936px\" \/>\t\t\t\t\t\t\t\t\t\t\t\t\t\t\t<\/div>\n\t\t\t\t<\/div>\n\t\t\t\t\t<\/div>\n\t\t<\/div>\n\t\t\t\t<div class=\"elementor-column elementor-col-66 elementor-inner-column elementor-element elementor-element-3fcef55 sc_content_align_inherit sc_layouts_column_icons_position_left sc_fly_static\" data-id=\"3fcef55\" data-element_type=\"column\" data-e-type=\"column\">\n\t\t\t<div class=\"elementor-widget-wrap\">\n\t\t\t\t\t\t\t<\/div>\n\t\t<\/div>\n\t\t\t\t\t<\/div>\n\t\t<\/section>\n\t\t\t\t<div class=\"elementor-element elementor-element-a33aced sc_height_tiny sc_fly_static elementor-widget elementor-widget-spacer\" data-id=\"a33aced\" data-element_type=\"widget\" data-e-type=\"widget\" data-widget_type=\"spacer.default\">\n\t\t\t\t<div class=\"elementor-widget-container\">\n\t\t\t\t\t\t\t<div class=\"elementor-spacer\">\n\t\t\t<div class=\"elementor-spacer-inner\"><\/div>\n\t\t<\/div>\n\t\t\t\t\t\t<\/div>\n\t\t\t\t<\/div>\n\t\t\t\t<div class=\"elementor-element elementor-element-6b32602 sc_fly_static elementor-widget elementor-widget-heading\" data-id=\"6b32602\" data-element_type=\"widget\" data-e-type=\"widget\" data-widget_type=\"heading.default\">\n\t\t\t\t<div class=\"elementor-widget-container\">\n\t\t\t\t\t<h3 class=\"elementor-heading-title elementor-size-default\">CAPE Maroc<\/h3>\t\t\t\t<\/div>\n\t\t\t\t<\/div>\n\t\t\t\t<div class=\"elementor-element elementor-element-8b638ae sc_height_tiny sc_fly_static elementor-widget elementor-widget-spacer\" data-id=\"8b638ae\" data-element_type=\"widget\" data-e-type=\"widget\" data-widget_type=\"spacer.default\">\n\t\t\t\t<div class=\"elementor-widget-container\">\n\t\t\t\t\t\t\t<div class=\"elementor-spacer\">\n\t\t\t<div class=\"elementor-spacer-inner\"><\/div>\n\t\t<\/div>\n\t\t\t\t\t\t<\/div>\n\t\t\t\t<\/div>\n\t\t\t\t<div class=\"elementor-element elementor-element-b28a9d7 sc_fly_static elementor-widget elementor-widget-text-editor\" data-id=\"b28a9d7\" data-element_type=\"widget\" data-e-type=\"widget\" data-widget_type=\"text-editor.default\">\n\t\t\t\t<div class=\"elementor-widget-container\">\n\t\t\t\t\t\t\t\t\t<p>CAPE MAROC est l\u2019association des Collectifs Autonomes des Parents d\u2019\u00c9l\u00e8ves des \u00e9tablissements fran\u00e7ais du Maroc.<\/p><p><a href=\"https:\/\/capemaroc.ma\/\" target=\"_blank\" rel=\"noopener\">Site web CAPE maroc<\/a><br \/><a href=\"mailto:contact@capemaroc.com\" target=\"_blank\" rel=\"noopener\">contact@capemaroc.com<\/a><\/p>\t\t\t\t\t\t\t\t<\/div>\n\t\t\t\t<\/div>\n\t\t\t\t\t<\/div>\n\t\t<\/div>\n\t\t\t\t<div class=\"elementor-column elementor-col-50 elementor-top-column elementor-element elementor-element-6eae727 sc_content_align_inherit sc_layouts_column_icons_position_left sc_fly_static\" data-id=\"6eae727\" data-element_type=\"column\" data-e-type=\"column\" data-settings=\"{&quot;background_background&quot;:&quot;classic&quot;}\">\n\t\t\t<div class=\"elementor-widget-wrap elementor-element-populated\">\n\t\t\t\t\t\t<section class=\"elementor-section elementor-inner-section elementor-element elementor-element-9dba586 elementor-section-content-middle elementor-section-boxed elementor-section-height-default elementor-section-height-default sc_fly_static\" data-id=\"9dba586\" data-element_type=\"section\" data-e-type=\"section\">\n\t\t\t\t\t\t<div class=\"elementor-container elementor-column-gap-extended\">\n\t\t\t\t\t<div class=\"elementor-column elementor-col-33 elementor-inner-column elementor-element elementor-element-6fe23f1 sc_content_align_inherit sc_layouts_column_icons_position_left sc_fly_static\" data-id=\"6fe23f1\" data-element_type=\"column\" data-e-type=\"column\">\n\t\t\t<div class=\"elementor-widget-wrap elementor-element-populated\">\n\t\t\t\t\t\t<div class=\"elementor-element elementor-element-b855c78 sc_fly_static elementor-widget elementor-widget-image\" data-id=\"b855c78\" data-element_type=\"widget\" data-e-type=\"widget\" data-widget_type=\"image.default\">\n\t\t\t\t<div class=\"elementor-widget-container\">\n\t\t\t\t\t\t\t\t\t\t\t\t\t\t\t<img loading=\"lazy\" decoding=\"async\" width=\"347\" height=\"381\" src=\"https:\/\/www.efmaroc.org\/efm\/wp-content\/uploads\/2023\/01\/efm-enseignement-francais-maroc-associations-parents-alumnis-3.png\" class=\"attachment-full size-full wp-image-20888\" alt=\"\" srcset=\"https:\/\/www.efmaroc.org\/efm\/wp-content\/uploads\/2023\/01\/efm-enseignement-francais-maroc-associations-parents-alumnis-3.png 347w, https:\/\/www.efmaroc.org\/efm\/wp-content\/uploads\/2023\/01\/efm-enseignement-francais-maroc-associations-parents-alumnis-3-273x300.png 273w\" sizes=\"(max-width: 600px) 100vw, 347px\" \/>\t\t\t\t\t\t\t\t\t\t\t\t\t\t\t<\/div>\n\t\t\t\t<\/div>\n\t\t\t\t\t<\/div>\n\t\t<\/div>\n\t\t\t\t<div class=\"elementor-column elementor-col-66 elementor-inner-column elementor-element elementor-element-bcd615e sc_content_align_inherit sc_layouts_column_icons_position_left sc_fly_static\" data-id=\"bcd615e\" data-element_type=\"column\" data-e-type=\"column\">\n\t\t\t<div class=\"elementor-widget-wrap\">\n\t\t\t\t\t\t\t<\/div>\n\t\t<\/div>\n\t\t\t\t\t<\/div>\n\t\t<\/section>\n\t\t\t\t<div class=\"elementor-element elementor-element-73f4c6f sc_height_tiny sc_fly_static elementor-widget elementor-widget-spacer\" data-id=\"73f4c6f\" data-element_type=\"widget\" data-e-type=\"widget\" data-widget_type=\"spacer.default\">\n\t\t\t\t<div class=\"elementor-widget-container\">\n\t\t\t\t\t\t\t<div class=\"elementor-spacer\">\n\t\t\t<div class=\"elementor-spacer-inner\"><\/div>\n\t\t<\/div>\n\t\t\t\t\t\t<\/div>\n\t\t\t\t<\/div>\n\t\t\t\t<div class=\"elementor-element elementor-element-c6ad638 sc_fly_static elementor-widget elementor-widget-heading\" data-id=\"c6ad638\" data-element_type=\"widget\" data-e-type=\"widget\" data-widget_type=\"heading.default\">\n\t\t\t\t<div class=\"elementor-widget-container\">\n\t\t\t\t\t<h3 class=\"elementor-heading-title elementor-size-default\">APEEF<\/h3>\t\t\t\t<\/div>\n\t\t\t\t<\/div>\n\t\t\t\t<div class=\"elementor-element elementor-element-13d5f1d sc_height_tiny sc_fly_static elementor-widget elementor-widget-spacer\" data-id=\"13d5f1d\" data-element_type=\"widget\" data-e-type=\"widget\" data-widget_type=\"spacer.default\">\n\t\t\t\t<div class=\"elementor-widget-container\">\n\t\t\t\t\t\t\t<div class=\"elementor-spacer\">\n\t\t\t<div class=\"elementor-spacer-inner\"><\/div>\n\t\t<\/div>\n\t\t\t\t\t\t<\/div>\n\t\t\t\t<\/div>\n\t\t\t\t<div class=\"elementor-element elementor-element-1cf8311 sc_fly_static elementor-widget elementor-widget-text-editor\" data-id=\"1cf8311\" data-element_type=\"widget\" data-e-type=\"widget\" data-widget_type=\"text-editor.default\">\n\t\t\t\t<div class=\"elementor-widget-container\">\n\t\t\t\t\t\t\t\t\t<p>L\u2019APEEF est\u00a0 l&rsquo;association des Parents d\u2019El\u00e8ves de l\u2019Enseignement Fran\u00e7ais au Maroc.<\/p><p><a href=\"http:\/\/apeef.ma\/cgv\" target=\"_blank\" rel=\"noopener\">Site web APEEF<\/a><\/p>\t\t\t\t\t\t\t\t<\/div>\n\t\t\t\t<\/div>\n\t\t\t\t\t<\/div>\n\t\t<\/div>\n\t\t\t\t\t<\/div>\n\t\t<\/section>\n\t\t\t\t<section class=\"elementor-section elementor-top-section elementor-element elementor-element-4c6108b elementor-section-boxed elementor-section-height-default elementor-section-height-default sc_fly_static\" data-id=\"4c6108b\" data-element_type=\"section\" data-e-type=\"section\">\n\t\t\t\t\t\t<div class=\"elementor-container elementor-column-gap-extended\">\n\t\t\t\t\t<div class=\"elementor-column elementor-col-100 elementor-top-column elementor-element elementor-element-15c0dbb sc_content_align_inherit sc_layouts_column_icons_position_left sc_fly_static\" data-id=\"15c0dbb\" data-element_type=\"column\" data-e-type=\"column\">\n\t\t\t<div class=\"elementor-widget-wrap elementor-element-populated\">\n\t\t\t\t\t\t<div class=\"elementor-element elementor-element-bc3b0ae sc_height_tiny sc_fly_static elementor-widget elementor-widget-spacer\" data-id=\"bc3b0ae\" data-element_type=\"widget\" data-e-type=\"widget\" data-widget_type=\"spacer.default\">\n\t\t\t\t<div class=\"elementor-widget-container\">\n\t\t\t\t\t\t\t<div class=\"elementor-spacer\">\n\t\t\t<div class=\"elementor-spacer-inner\"><\/div>\n\t\t<\/div>\n\t\t\t\t\t\t<\/div>\n\t\t\t\t<\/div>\n\t\t\t\t<div class=\"elementor-element elementor-element-77ed73a sc_fly_static elementor-widget elementor-widget-text-editor\" data-id=\"77ed73a\" data-element_type=\"widget\" data-e-type=\"widget\" data-widget_type=\"text-editor.default\">\n\t\t\t\t<div class=\"elementor-widget-container\">\n\t\t\t\t\t\t\t\t\tListe non exhaustive : d&rsquo;autres associations inde\u0301pendantes existent dans les e\u0301tablissements, merci de prendre attache directement avec les e\u0301tablissements.\t\t\t\t\t\t\t\t<\/div>\n\t\t\t\t<\/div>\n\t\t\t\t\t<\/div>\n\t\t<\/div>\n\t\t\t\t\t<\/div>\n\t\t<\/section>\n\t\t\t\t<section class=\"elementor-section elementor-top-section elementor-element elementor-element-addad97 elementor-section-boxed elementor-section-height-default elementor-section-height-default sc_fly_static\" data-id=\"addad97\" data-element_type=\"section\" data-e-type=\"section\">\n\t\t\t\t\t\t<div class=\"elementor-container elementor-column-gap-extended\">\n\t\t\t\t\t<div class=\"elementor-column elementor-col-100 elementor-top-column elementor-element elementor-element-fdd37c2 sc_content_align_inherit sc_layouts_column_icons_position_left sc_fly_static\" data-id=\"fdd37c2\" data-element_type=\"column\" data-e-type=\"column\">\n\t\t\t<div class=\"elementor-widget-wrap elementor-element-populated\">\n\t\t\t\t\t\t<div class=\"elementor-element elementor-element-bd9f9a8 sc_height_small sc_fly_static elementor-widget elementor-widget-spacer\" data-id=\"bd9f9a8\" data-element_type=\"widget\" data-e-type=\"widget\" data-widget_type=\"spacer.default\">\n\t\t\t\t<div class=\"elementor-widget-container\">\n\t\t\t\t\t\t\t<div class=\"elementor-spacer\">\n\t\t\t<div class=\"elementor-spacer-inner\"><\/div>\n\t\t<\/div>\n\t\t\t\t\t\t<\/div>\n\t\t\t\t<\/div>\n\t\t\t\t\t<\/div>\n\t\t<\/div>\n\t\t\t\t\t<\/div>\n\t\t<\/section>\n\t\t\t\t<section class=\"elementor-section elementor-top-section elementor-element elementor-element-4f1b672 elementor-section-content-middle elementor-section-boxed elementor-section-height-default elementor-section-height-default sc_fly_static\" data-id=\"4f1b672\" data-element_type=\"section\" data-e-type=\"section\">\n\t\t\t\t\t\t<div class=\"elementor-container elementor-column-gap-extended\">\n\t\t\t\t\t<div class=\"elementor-column elementor-col-50 elementor-top-column elementor-element elementor-element-6a1270b sc_content_align_inherit sc_layouts_column_icons_position_left sc_fly_static\" data-id=\"6a1270b\" data-element_type=\"column\" data-e-type=\"column\">\n\t\t\t<div class=\"elementor-widget-wrap elementor-element-populated\">\n\t\t\t\t\t\t<div class=\"elementor-element elementor-element-1706b1c sc_height_tiny sc_fly_static elementor-widget elementor-widget-spacer\" data-id=\"1706b1c\" data-element_type=\"widget\" data-e-type=\"widget\" data-widget_type=\"spacer.default\">\n\t\t\t\t<div class=\"elementor-widget-container\">\n\t\t\t\t\t\t\t<div class=\"elementor-spacer\">\n\t\t\t<div class=\"elementor-spacer-inner\"><\/div>\n\t\t<\/div>\n\t\t\t\t\t\t<\/div>\n\t\t\t\t<\/div>\n\t\t\t\t<div class=\"elementor-element elementor-element-8162233 sc_height_small elementor-hidden-desktop elementor-hidden-tablet sc_fly_static elementor-widget elementor-widget-spacer\" data-id=\"8162233\" data-element_type=\"widget\" data-e-type=\"widget\" data-widget_type=\"spacer.default\">\n\t\t\t\t<div class=\"elementor-widget-container\">\n\t\t\t\t\t\t\t<div class=\"elementor-spacer\">\n\t\t\t<div class=\"elementor-spacer-inner\"><\/div>\n\t\t<\/div>\n\t\t\t\t\t\t<\/div>\n\t\t\t\t<\/div>\n\t\t\t\t<div class=\"elementor-element elementor-element-dfada16 sc_fly_static elementor-widget elementor-widget-trx_sc_title\" data-id=\"dfada16\" data-element_type=\"widget\" data-e-type=\"widget\" data-widget_type=\"trx_sc_title.default\">\n\t\t\t\t<div class=\"elementor-widget-container\">\n\t\t\t\t\t<div\t\tclass=\"sc_title sc_title_default\" ><h2 class=\"sc_item_title sc_title_title sc_item_title_style_default sc_item_title_tag trx_addons_inline_1204097314\"\n\t\t\t><span class=\"sc_item_title_text\">88 associations locales des anciens \u00e9l\u00e8ves sont pr\u00e9sentes sur les 5 continents: Association mondiale des anciens \u00e9l\u00e8ves (UNION-ALFM)<\/span><\/h2><div class=\"sc_item_descr sc_title_descr\"><p>N\u00e9e en 2010, l\u2019association des Anciens des Lyc\u00e9es Fran\u00e7ais du Monde, aujourd\u2019hui Union-ALFM, promeut les liens d\u2019amiti\u00e9 et de solidarit\u00e9 entre les anciens \u00e9l\u00e8ves des \u00e9tablissements fran\u00e7ais \u00e0 l\u2019\u00e9tranger et met en r\u00e9seau ses membres sur les cinq continents. Elle encourage la cr\u00e9ation et le d\u00e9veloppement d\u2019associations locales et l\u2019entraide, notamment gr\u00e2ce \u00e0 un forum professionnel annuel cr\u00e9\u00e9 en 2019. L\u2019association Union-ALFM participe aux manifestations organis\u00e9es par l\u2019AEFE et les \u00e9tablissements scolaires de l\u2019\u00e9tranger (accueil et c\u00e9r\u00e9monie de sortie des BEM, c\u00e9r\u00e9monie de remise de dipl\u00f4mes des bacheliers, FOMA, etc.).<br \/>\nDepuis septembre 2021, le collectif des \u00ab Ambassadeurs de l\u2019Union-ALFM \u00bb se r\u00e9unit une fois par mois pour travailler sur des projets communs et \u00e9changer sur des th\u00e8mes divers. Il est constitu\u00e9 d\u2019une trentaine de r\u00e9f\u00e9rents d\u2019associations locales, repr\u00e9sentant 23 pays.<\/p>\n<\/div><\/div>\t\t\t\t<\/div>\n\t\t\t\t<\/div>\n\t\t\t\t<div class=\"elementor-element elementor-element-e18b322 sc_height_small sc_fly_static elementor-widget elementor-widget-spacer\" data-id=\"e18b322\" data-element_type=\"widget\" data-e-type=\"widget\" data-widget_type=\"spacer.default\">\n\t\t\t\t<div class=\"elementor-widget-container\">\n\t\t\t\t\t\t\t<div class=\"elementor-spacer\">\n\t\t\t<div class=\"elementor-spacer-inner\"><\/div>\n\t\t<\/div>\n\t\t\t\t\t\t<\/div>\n\t\t\t\t<\/div>\n\t\t\t\t\t<\/div>\n\t\t<\/div>\n\t\t\t\t<div class=\"elementor-column elementor-col-50 elementor-top-column elementor-element elementor-element-2aaa2ad sc_content_align_inherit sc_layouts_column_icons_position_left sc_fly_static\" data-id=\"2aaa2ad\" data-element_type=\"column\" data-e-type=\"column\">\n\t\t\t<div class=\"elementor-widget-wrap elementor-element-populated\">\n\t\t\t\t\t\t<div class=\"elementor-element elementor-element-5a66203 sc_fly_static elementor-widget elementor-widget-image\" data-id=\"5a66203\" data-element_type=\"widget\" data-e-type=\"widget\" data-widget_type=\"image.default\">\n\t\t\t\t<div class=\"elementor-widget-container\">\n\t\t\t\t\t\t\t\t\t\t\t\t\t\t\t<img loading=\"lazy\" decoding=\"async\" width=\"1044\" height=\"1243\" src=\"https:\/\/www.efmaroc.org\/efm\/wp-content\/uploads\/2022\/05\/efm-enseignement-francais-maroc-reseau-img-6.jpg\" class=\"attachment-full size-full wp-image-21178\" alt=\"\" srcset=\"https:\/\/www.efmaroc.org\/efm\/wp-content\/uploads\/2022\/05\/efm-enseignement-francais-maroc-reseau-img-6.jpg 1044w, https:\/\/www.efmaroc.org\/efm\/wp-content\/uploads\/2022\/05\/efm-enseignement-francais-maroc-reseau-img-6-252x300.jpg 252w, https:\/\/www.efmaroc.org\/efm\/wp-content\/uploads\/2022\/05\/efm-enseignement-francais-maroc-reseau-img-6-860x1024.jpg 860w, https:\/\/www.efmaroc.org\/efm\/wp-content\/uploads\/2022\/05\/efm-enseignement-francais-maroc-reseau-img-6-768x914.jpg 768w, https:\/\/www.efmaroc.org\/efm\/wp-content\/uploads\/2022\/05\/efm-enseignement-francais-maroc-reseau-img-6-370x441.jpg 370w, https:\/\/www.efmaroc.org\/efm\/wp-content\/uploads\/2022\/05\/efm-enseignement-francais-maroc-reseau-img-6-840x1000.jpg 840w, https:\/\/www.efmaroc.org\/efm\/wp-content\/uploads\/2022\/05\/efm-enseignement-francais-maroc-reseau-img-6-410x488.jpg 410w\" sizes=\"(max-width: 1044px) 100vw, 1044px\" \/>\t\t\t\t\t\t\t\t\t\t\t\t\t\t\t<\/div>\n\t\t\t\t<\/div>\n\t\t\t\t\t<\/div>\n\t\t<\/div>\n\t\t\t\t\t<\/div>\n\t\t<\/section>\n\t\t\t\t<section class=\"elementor-section elementor-top-section elementor-element elementor-element-94e2c94 elementor-section-boxed elementor-section-height-default elementor-section-height-default sc_fly_static\" data-id=\"94e2c94\" data-element_type=\"section\" data-e-type=\"section\">\n\t\t\t\t\t\t<div class=\"elementor-container elementor-column-gap-extended\">\n\t\t\t\t\t<div class=\"elementor-column elementor-col-100 elementor-top-column elementor-element elementor-element-fb74252 sc_content_align_inherit sc_layouts_column_icons_position_left sc_fly_static\" data-id=\"fb74252\" data-element_type=\"column\" data-e-type=\"column\">\n\t\t\t<div class=\"elementor-widget-wrap elementor-element-populated\">\n\t\t\t\t\t\t<div class=\"elementor-element elementor-element-c79405e sc_height_small sc_fly_static elementor-widget elementor-widget-spacer\" data-id=\"c79405e\" data-element_type=\"widget\" data-e-type=\"widget\" data-widget_type=\"spacer.default\">\n\t\t\t\t<div class=\"elementor-widget-container\">\n\t\t\t\t\t\t\t<div class=\"elementor-spacer\">\n\t\t\t<div class=\"elementor-spacer-inner\"><\/div>\n\t\t<\/div>\n\t\t\t\t\t\t<\/div>\n\t\t\t\t<\/div>\n\t\t\t\t\t<\/div>\n\t\t<\/div>\n\t\t\t\t\t<\/div>\n\t\t<\/section>\n\t\t\t\t<section class=\"elementor-section elementor-top-section elementor-element elementor-element-7a36fab scheme_default elementor-section-content-middle elementor-section-full_width elementor-section-stretched elementor-reverse-mobile elementor-section-height-default elementor-section-height-default sc_fly_static\" data-id=\"7a36fab\" data-element_type=\"section\" data-e-type=\"section\" data-settings=\"{&quot;background_background&quot;:&quot;classic&quot;,&quot;stretch_section&quot;:&quot;section-stretched&quot;}\">\n\t\t\t\t\t\t<div class=\"elementor-container elementor-column-gap-extended\">\n\t\t\t\t\t<div class=\"elementor-column elementor-col-33 elementor-top-column elementor-element elementor-element-14d846c sc_content_align_inherit sc_layouts_column_icons_position_left sc_fly_static\" data-id=\"14d846c\" data-element_type=\"column\" data-e-type=\"column\">\n\t\t\t<div class=\"elementor-widget-wrap elementor-element-populated\">\n\t\t\t\t\t\t<div class=\"elementor-element elementor-element-3ad7827 sc_fly_static elementor-widget elementor-widget-image\" data-id=\"3ad7827\" data-element_type=\"widget\" data-e-type=\"widget\" data-widget_type=\"image.default\">\n\t\t\t\t<div class=\"elementor-widget-container\">\n\t\t\t\t\t\t\t\t\t\t\t\t\t\t\t<img loading=\"lazy\" decoding=\"async\" width=\"1304\" height=\"1357\" src=\"https:\/\/www.efmaroc.org\/efm\/wp-content\/uploads\/2023\/01\/efm-enseignement-francais-maroc-association-parents-eleves-alumnis-3.png\" class=\"attachment-full size-full wp-image-20647\" alt=\"\" srcset=\"https:\/\/www.efmaroc.org\/efm\/wp-content\/uploads\/2023\/01\/efm-enseignement-francais-maroc-association-parents-eleves-alumnis-3.png 1304w, https:\/\/www.efmaroc.org\/efm\/wp-content\/uploads\/2023\/01\/efm-enseignement-francais-maroc-association-parents-eleves-alumnis-3-288x300.png 288w, https:\/\/www.efmaroc.org\/efm\/wp-content\/uploads\/2023\/01\/efm-enseignement-francais-maroc-association-parents-eleves-alumnis-3-984x1024.png 984w, https:\/\/www.efmaroc.org\/efm\/wp-content\/uploads\/2023\/01\/efm-enseignement-francais-maroc-association-parents-eleves-alumnis-3-768x799.png 768w, https:\/\/www.efmaroc.org\/efm\/wp-content\/uploads\/2023\/01\/efm-enseignement-francais-maroc-association-parents-eleves-alumnis-3-370x385.png 370w, https:\/\/www.efmaroc.org\/efm\/wp-content\/uploads\/2023\/01\/efm-enseignement-francais-maroc-association-parents-eleves-alumnis-3-840x874.png 840w, https:\/\/www.efmaroc.org\/efm\/wp-content\/uploads\/2023\/01\/efm-enseignement-francais-maroc-association-parents-eleves-alumnis-3-410x427.png 410w\" sizes=\"(max-width: 1304px) 100vw, 1304px\" \/>\t\t\t\t\t\t\t\t\t\t\t\t\t\t\t<\/div>\n\t\t\t\t<\/div>\n\t\t\t\t\t<\/div>\n\t\t<\/div>\n\t\t\t\t<div class=\"elementor-column elementor-col-66 elementor-top-column elementor-element elementor-element-da285fd sc_content_align_inherit sc_layouts_column_icons_position_left sc_fly_static\" data-id=\"da285fd\" data-element_type=\"column\" data-e-type=\"column\">\n\t\t\t<div class=\"elementor-widget-wrap elementor-element-populated\">\n\t\t\t\t\t\t<div class=\"elementor-element elementor-element-bc6a92d sc_height_small elementor-hidden-desktop elementor-hidden-tablet sc_fly_static elementor-widget elementor-widget-spacer\" data-id=\"bc6a92d\" data-element_type=\"widget\" data-e-type=\"widget\" data-widget_type=\"spacer.default\">\n\t\t\t\t<div class=\"elementor-widget-container\">\n\t\t\t\t\t\t\t<div class=\"elementor-spacer\">\n\t\t\t<div class=\"elementor-spacer-inner\"><\/div>\n\t\t<\/div>\n\t\t\t\t\t\t<\/div>\n\t\t\t\t<\/div>\n\t\t\t\t<div class=\"elementor-element elementor-element-6ed818f sc_height_tiny sc_fly_static elementor-widget elementor-widget-spacer\" data-id=\"6ed818f\" data-element_type=\"widget\" data-e-type=\"widget\" data-widget_type=\"spacer.default\">\n\t\t\t\t<div class=\"elementor-widget-container\">\n\t\t\t\t\t\t\t<div class=\"elementor-spacer\">\n\t\t\t<div class=\"elementor-spacer-inner\"><\/div>\n\t\t<\/div>\n\t\t\t\t\t\t<\/div>\n\t\t\t\t<\/div>\n\t\t\t\t<div class=\"elementor-element elementor-element-cbf7a3c scheme_light sc_fly_static elementor-widget elementor-widget-trx_sc_title\" data-id=\"cbf7a3c\" data-element_type=\"widget\" data-e-type=\"widget\" data-widget_type=\"trx_sc_title.default\">\n\t\t\t\t<div class=\"elementor-widget-container\">\n\t\t\t\t\t<div\t\tclass=\"sc_title scheme_light sc_title_default\" ><h2 class=\"sc_item_title sc_title_title sc_item_title_style_default sc_item_title_tag trx_addons_inline_756445379\"\n\t\t\t><span class=\"sc_item_title_text\">Ahmed Mernissi, Pr\u00e9sident de l\u2019ALFM<\/span><\/h2><div class=\"sc_item_descr sc_title_descr\"><p>Tr\u00e8s attach\u00e9 \u00e0 l'enseignement fran\u00e7ais \u00e0 l'\u00e9tranger et \u00e0 ses valeurs depuis sa scolarit\u00e9 (il a obtenu le bac en 1985) et actif soutien de ce r\u00e9seau, Ahmed Mernissi est particuli\u00e8rement investi dans le dispositif des \u00ab Ambassadeurs de l'Union-ALFM \u00bb, r\u00e9f\u00e9rents \u00e0 l'\u00e9chelle d'un pays et pouvant notamment aider \u00e0 la cr\u00e9ation de nouvelles associations locales et \u00e0 l'insertion de tout ancien ou ancienne \u00e9l\u00e8ve qui arriverait dans le pays. Il a la fibre associative depuis toujours et aime beaucoup aider les jeunes dans leur insertion professionnelle.<\/p>\n<\/div><\/div>\t\t\t\t<\/div>\n\t\t\t\t<\/div>\n\t\t\t\t<div class=\"elementor-element elementor-element-39002bf sc_height_tiny sc_fly_static elementor-widget elementor-widget-spacer\" data-id=\"39002bf\" data-element_type=\"widget\" data-e-type=\"widget\" data-widget_type=\"spacer.default\">\n\t\t\t\t<div class=\"elementor-widget-container\">\n\t\t\t\t\t\t\t<div class=\"elementor-spacer\">\n\t\t\t<div class=\"elementor-spacer-inner\"><\/div>\n\t\t<\/div>\n\t\t\t\t\t\t<\/div>\n\t\t\t\t<\/div>\n\t\t\t\t<div class=\"elementor-element elementor-element-685e350 sc_fly_static elementor-widget elementor-widget-text-editor\" data-id=\"685e350\" data-element_type=\"widget\" data-e-type=\"widget\" data-widget_type=\"text-editor.default\">\n\t\t\t\t<div class=\"elementor-widget-container\">\n\t\t\t\t\t\t\t\t\tAhmed Mernissi et Dominique Tchimbakala dans le patio de l&rsquo;AEFE a\u0300 Paris le 12 novembre 2022. \u00a9 Union-ALFM\t\t\t\t\t\t\t\t<\/div>\n\t\t\t\t<\/div>\n\t\t\t\t<div class=\"elementor-element elementor-element-bc712c2 sc_height_tiny sc_fly_static elementor-widget elementor-widget-spacer\" data-id=\"bc712c2\" data-element_type=\"widget\" data-e-type=\"widget\" data-widget_type=\"spacer.default\">\n\t\t\t\t<div class=\"elementor-widget-container\">\n\t\t\t\t\t\t\t<div class=\"elementor-spacer\">\n\t\t\t<div class=\"elementor-spacer-inner\"><\/div>\n\t\t<\/div>\n\t\t\t\t\t\t<\/div>\n\t\t\t\t<\/div>\n\t\t\t\t<div class=\"elementor-element elementor-element-a0b1ec7 sc_fly_static elementor-widget elementor-widget-image\" data-id=\"a0b1ec7\" data-element_type=\"widget\" data-e-type=\"widget\" data-widget_type=\"image.default\">\n\t\t\t\t<div class=\"elementor-widget-container\">\n\t\t\t\t\t\t\t\t\t\t\t\t\t\t\t<img loading=\"lazy\" decoding=\"async\" width=\"534\" height=\"320\" src=\"https:\/\/www.efmaroc.org\/efm\/wp-content\/uploads\/2023\/01\/efm-enseignement-francais-maroc-association-parents-eleves-alumnis-4.png\" class=\"attachment-full size-full wp-image-20648\" alt=\"\" srcset=\"https:\/\/www.efmaroc.org\/efm\/wp-content\/uploads\/2023\/01\/efm-enseignement-francais-maroc-association-parents-eleves-alumnis-4.png 534w, https:\/\/www.efmaroc.org\/efm\/wp-content\/uploads\/2023\/01\/efm-enseignement-francais-maroc-association-parents-eleves-alumnis-4-300x180.png 300w, https:\/\/www.efmaroc.org\/efm\/wp-content\/uploads\/2023\/01\/efm-enseignement-francais-maroc-association-parents-eleves-alumnis-4-370x222.png 370w, https:\/\/www.efmaroc.org\/efm\/wp-content\/uploads\/2023\/01\/efm-enseignement-francais-maroc-association-parents-eleves-alumnis-4-410x246.png 410w\" sizes=\"(max-width: 600px) 100vw, 534px\" \/>\t\t\t\t\t\t\t\t\t\t\t\t\t\t\t<\/div>\n\t\t\t\t<\/div>\n\t\t\t\t<div class=\"elementor-element elementor-element-b9d76fb sc_height_tiny sc_fly_static elementor-widget elementor-widget-spacer\" data-id=\"b9d76fb\" data-element_type=\"widget\" data-e-type=\"widget\" data-widget_type=\"spacer.default\">\n\t\t\t\t<div class=\"elementor-widget-container\">\n\t\t\t\t\t\t\t<div class=\"elementor-spacer\">\n\t\t\t<div class=\"elementor-spacer-inner\"><\/div>\n\t\t<\/div>\n\t\t\t\t\t\t<\/div>\n\t\t\t\t<\/div>\n\t\t\t\t\t<\/div>\n\t\t<\/div>\n\t\t\t\t\t<\/div>\n\t\t<\/section>\n\t\t\t\t<section class=\"elementor-section elementor-top-section elementor-element elementor-element-092c61f elementor-section-boxed elementor-section-height-default elementor-section-height-default sc_fly_static\" data-id=\"092c61f\" data-element_type=\"section\" data-e-type=\"section\">\n\t\t\t\t\t\t<div class=\"elementor-container elementor-column-gap-extended\">\n\t\t\t\t\t<div class=\"elementor-column elementor-col-100 elementor-top-column elementor-element elementor-element-26557c7 sc_content_align_inherit sc_layouts_column_icons_position_left sc_fly_static\" data-id=\"26557c7\" data-element_type=\"column\" data-e-type=\"column\">\n\t\t\t<div class=\"elementor-widget-wrap elementor-element-populated\">\n\t\t\t\t\t\t<div class=\"elementor-element elementor-element-bc8521a sc_height_medium sc_fly_static elementor-widget elementor-widget-spacer\" data-id=\"bc8521a\" data-element_type=\"widget\" data-e-type=\"widget\" data-widget_type=\"spacer.default\">\n\t\t\t\t<div class=\"elementor-widget-container\">\n\t\t\t\t\t\t\t<div class=\"elementor-spacer\">\n\t\t\t<div class=\"elementor-spacer-inner\"><\/div>\n\t\t<\/div>\n\t\t\t\t\t\t<\/div>\n\t\t\t\t<\/div>\n\t\t\t\t\t<\/div>\n\t\t<\/div>\n\t\t\t\t\t<\/div>\n\t\t<\/section>\n\t\t\t\t<\/div>\n\t\t","protected":false},"excerpt":{"rendered":"<p>Les parents au c\u0153ur des \u00e9tablissements Les parents ont choisi de faire confiance au mod\u00e8le&hellip;<\/p>\n","protected":false},"author":1,"featured_media":0,"parent":0,"menu_order":0,"comment_status":"closed","ping_status":"closed","template":"","meta":{"footnotes":""},"class_list":["post-20226","page","type-page","status-publish","hentry"],"yoast_head":"<!-- This site is optimized with the Yoast SEO plugin v26.8 - https:\/\/yoast.com\/product\/yoast-seo-wordpress\/ -->\n<title>Parents d\u2019\u00e9l\u00e8ves &amp; r\u00e9seau alumni | Enseignement Fran\u00e7ais au Maroc<\/title>\n<meta name=\"description\" content=\"Parents d\u2019\u00e9l\u00e8ves et r\u00e9seau alumni EFM Maroc : r\u00f4le des associations et lien avec l\u2019Union des Anciens des Lyc\u00e9es Fran\u00e7ais du Monde.\" \/>\n<meta name=\"robots\" content=\"index, follow, max-snippet:-1, max-image-preview:large, max-video-preview:-1\" \/>\n<link rel=\"canonical\" href=\"https:\/\/www.efmaroc.org\/efm\/association-des-parents-deleves-et-le-reseau-dalumni\/\" \/>\n<meta property=\"og:locale\" content=\"fr_FR\" \/>\n<meta property=\"og:type\" content=\"article\" \/>\n<meta property=\"og:title\" content=\"Parents d\u2019\u00e9l\u00e8ves &amp; r\u00e9seau alumni | Enseignement Fran\u00e7ais au Maroc\" \/>\n<meta property=\"og:description\" content=\"Parents d\u2019\u00e9l\u00e8ves et r\u00e9seau alumni EFM Maroc : r\u00f4le des associations et lien avec l\u2019Union des Anciens des Lyc\u00e9es Fran\u00e7ais du Monde.\" \/>\n<meta property=\"og:url\" content=\"https:\/\/www.efmaroc.org\/efm\/association-des-parents-deleves-et-le-reseau-dalumni\/\" \/>\n<meta property=\"og:site_name\" content=\"EFM\" \/>\n<meta property=\"article:modified_time\" content=\"2026-01-30T13:08:45+00:00\" \/>\n<meta property=\"og:image\" content=\"https:\/\/www.efmaroc.org\/efm\/wp-content\/uploads\/2022\/05\/efm-enseignement-francais-maroc-reseau-img-5.jpg\" \/>\n\t<meta property=\"og:image:width\" content=\"1295\" \/>\n\t<meta property=\"og:image:height\" content=\"1342\" \/>\n\t<meta property=\"og:image:type\" content=\"image\/jpeg\" \/>\n<meta name=\"twitter:card\" content=\"summary_large_image\" \/>\n<meta name=\"twitter:label1\" content=\"Dur\u00e9e de lecture estim\u00e9e\" \/>\n\t<meta name=\"twitter:data1\" content=\"4 minutes\" \/>\n<script type=\"application\/ld+json\" class=\"yoast-schema-graph\">{\"@context\":\"https:\/\/schema.org\",\"@graph\":[{\"@type\":\"WebPage\",\"@id\":\"https:\/\/www.efmaroc.org\/efm\/association-des-parents-deleves-et-le-reseau-dalumni\/\",\"url\":\"https:\/\/www.efmaroc.org\/efm\/association-des-parents-deleves-et-le-reseau-dalumni\/\",\"name\":\"Parents d\u2019\u00e9l\u00e8ves & r\u00e9seau alumni | Enseignement Fran\u00e7ais au Maroc\",\"isPartOf\":{\"@id\":\"https:\/\/www.efmaroc.org\/efm\/#website\"},\"primaryImageOfPage\":{\"@id\":\"https:\/\/www.efmaroc.org\/efm\/association-des-parents-deleves-et-le-reseau-dalumni\/#primaryimage\"},\"image\":{\"@id\":\"https:\/\/www.efmaroc.org\/efm\/association-des-parents-deleves-et-le-reseau-dalumni\/#primaryimage\"},\"thumbnailUrl\":\"https:\/\/www.efmaroc.org\/efm\/wp-content\/uploads\/2022\/05\/efm-enseignement-francais-maroc-reseau-img-5.jpg\",\"datePublished\":\"2022-12-12T20:55:53+00:00\",\"dateModified\":\"2026-01-30T13:08:45+00:00\",\"description\":\"Parents d\u2019\u00e9l\u00e8ves et r\u00e9seau alumni EFM Maroc : r\u00f4le des associations et lien avec l\u2019Union des Anciens des Lyc\u00e9es Fran\u00e7ais du Monde.\",\"breadcrumb\":{\"@id\":\"https:\/\/www.efmaroc.org\/efm\/association-des-parents-deleves-et-le-reseau-dalumni\/#breadcrumb\"},\"inLanguage\":\"fr-FR\",\"potentialAction\":[{\"@type\":\"ReadAction\",\"target\":[\"https:\/\/www.efmaroc.org\/efm\/association-des-parents-deleves-et-le-reseau-dalumni\/\"]}]},{\"@type\":\"ImageObject\",\"inLanguage\":\"fr-FR\",\"@id\":\"https:\/\/www.efmaroc.org\/efm\/association-des-parents-deleves-et-le-reseau-dalumni\/#primaryimage\",\"url\":\"https:\/\/www.efmaroc.org\/efm\/wp-content\/uploads\/2022\/05\/efm-enseignement-francais-maroc-reseau-img-5.jpg\",\"contentUrl\":\"https:\/\/www.efmaroc.org\/efm\/wp-content\/uploads\/2022\/05\/efm-enseignement-francais-maroc-reseau-img-5.jpg\",\"width\":1295,\"height\":1342},{\"@type\":\"BreadcrumbList\",\"@id\":\"https:\/\/www.efmaroc.org\/efm\/association-des-parents-deleves-et-le-reseau-dalumni\/#breadcrumb\",\"itemListElement\":[{\"@type\":\"ListItem\",\"position\":1,\"name\":\"Accueil\",\"item\":\"https:\/\/www.efmaroc.org\/efm\/\"},{\"@type\":\"ListItem\",\"position\":2,\"name\":\"Association des parents d\u2019\u00e9l\u00e8ves et le r\u00e9seau d\u2019alumni\"}]},{\"@type\":\"WebSite\",\"@id\":\"https:\/\/www.efmaroc.org\/efm\/#website\",\"url\":\"https:\/\/www.efmaroc.org\/efm\/\",\"name\":\"EFM\",\"description\":\"Enseignement Fran\u00e7ais au Maroc\",\"publisher\":{\"@id\":\"https:\/\/www.efmaroc.org\/efm\/#organization\"},\"potentialAction\":[{\"@type\":\"SearchAction\",\"target\":{\"@type\":\"EntryPoint\",\"urlTemplate\":\"https:\/\/www.efmaroc.org\/efm\/?s={search_term_string}\"},\"query-input\":{\"@type\":\"PropertyValueSpecification\",\"valueRequired\":true,\"valueName\":\"search_term_string\"}}],\"inLanguage\":\"fr-FR\"},{\"@type\":\"Organization\",\"@id\":\"https:\/\/www.efmaroc.org\/efm\/#organization\",\"name\":\"EFM\",\"url\":\"https:\/\/www.efmaroc.org\/efm\/\",\"logo\":{\"@type\":\"ImageObject\",\"inLanguage\":\"fr-FR\",\"@id\":\"https:\/\/www.efmaroc.org\/efm\/#\/schema\/logo\/image\/\",\"url\":\"https:\/\/www.efmaroc.org\/efm\/wp-content\/uploads\/2022\/12\/efm-enseignement-francais-maroc-logotaglinex2.png\",\"contentUrl\":\"https:\/\/www.efmaroc.org\/efm\/wp-content\/uploads\/2022\/12\/efm-enseignement-francais-maroc-logotaglinex2.png\",\"width\":104,\"height\":78,\"caption\":\"EFM\"},\"image\":{\"@id\":\"https:\/\/www.efmaroc.org\/efm\/#\/schema\/logo\/image\/\"}}]}<\/script>\n<!-- \/ Yoast SEO plugin. -->","yoast_head_json":{"title":"Parents d\u2019\u00e9l\u00e8ves & r\u00e9seau alumni | Enseignement Fran\u00e7ais au Maroc","description":"Parents d\u2019\u00e9l\u00e8ves et r\u00e9seau alumni EFM Maroc : r\u00f4le des associations et lien avec l\u2019Union des Anciens des Lyc\u00e9es Fran\u00e7ais du Monde.","robots":{"index":"index","follow":"follow","max-snippet":"max-snippet:-1","max-image-preview":"max-image-preview:large","max-video-preview":"max-video-preview:-1"},"canonical":"https:\/\/www.efmaroc.org\/efm\/association-des-parents-deleves-et-le-reseau-dalumni\/","og_locale":"fr_FR","og_type":"article","og_title":"Parents d\u2019\u00e9l\u00e8ves & r\u00e9seau alumni | Enseignement Fran\u00e7ais au Maroc","og_description":"Parents d\u2019\u00e9l\u00e8ves et r\u00e9seau alumni EFM Maroc : r\u00f4le des associations et lien avec l\u2019Union des Anciens des Lyc\u00e9es Fran\u00e7ais du Monde.","og_url":"https:\/\/www.efmaroc.org\/efm\/association-des-parents-deleves-et-le-reseau-dalumni\/","og_site_name":"EFM","article_modified_time":"2026-01-30T13:08:45+00:00","og_image":[{"width":1295,"height":1342,"url":"https:\/\/www.efmaroc.org\/efm\/wp-content\/uploads\/2022\/05\/efm-enseignement-francais-maroc-reseau-img-5.jpg","type":"image\/jpeg"}],"twitter_card":"summary_large_image","twitter_misc":{"Dur\u00e9e de lecture estim\u00e9e":"4 minutes"},"schema":{"@context":"https:\/\/schema.org","@graph":[{"@type":"WebPage","@id":"https:\/\/www.efmaroc.org\/efm\/association-des-parents-deleves-et-le-reseau-dalumni\/","url":"https:\/\/www.efmaroc.org\/efm\/association-des-parents-deleves-et-le-reseau-dalumni\/","name":"Parents d\u2019\u00e9l\u00e8ves & r\u00e9seau alumni | Enseignement Fran\u00e7ais au Maroc","isPartOf":{"@id":"https:\/\/www.efmaroc.org\/efm\/#website"},"primaryImageOfPage":{"@id":"https:\/\/www.efmaroc.org\/efm\/association-des-parents-deleves-et-le-reseau-dalumni\/#primaryimage"},"image":{"@id":"https:\/\/www.efmaroc.org\/efm\/association-des-parents-deleves-et-le-reseau-dalumni\/#primaryimage"},"thumbnailUrl":"https:\/\/www.efmaroc.org\/efm\/wp-content\/uploads\/2022\/05\/efm-enseignement-francais-maroc-reseau-img-5.jpg","datePublished":"2022-12-12T20:55:53+00:00","dateModified":"2026-01-30T13:08:45+00:00","description":"Parents d\u2019\u00e9l\u00e8ves et r\u00e9seau alumni EFM Maroc : r\u00f4le des associations et lien avec l\u2019Union des Anciens des Lyc\u00e9es Fran\u00e7ais du Monde.","breadcrumb":{"@id":"https:\/\/www.efmaroc.org\/efm\/association-des-parents-deleves-et-le-reseau-dalumni\/#breadcrumb"},"inLanguage":"fr-FR","potentialAction":[{"@type":"ReadAction","target":["https:\/\/www.efmaroc.org\/efm\/association-des-parents-deleves-et-le-reseau-dalumni\/"]}]},{"@type":"ImageObject","inLanguage":"fr-FR","@id":"https:\/\/www.efmaroc.org\/efm\/association-des-parents-deleves-et-le-reseau-dalumni\/#primaryimage","url":"https:\/\/www.efmaroc.org\/efm\/wp-content\/uploads\/2022\/05\/efm-enseignement-francais-maroc-reseau-img-5.jpg","contentUrl":"https:\/\/www.efmaroc.org\/efm\/wp-content\/uploads\/2022\/05\/efm-enseignement-francais-maroc-reseau-img-5.jpg","width":1295,"height":1342},{"@type":"BreadcrumbList","@id":"https:\/\/www.efmaroc.org\/efm\/association-des-parents-deleves-et-le-reseau-dalumni\/#breadcrumb","itemListElement":[{"@type":"ListItem","position":1,"name":"Accueil","item":"https:\/\/www.efmaroc.org\/efm\/"},{"@type":"ListItem","position":2,"name":"Association des parents d\u2019\u00e9l\u00e8ves et le r\u00e9seau d\u2019alumni"}]},{"@type":"WebSite","@id":"https:\/\/www.efmaroc.org\/efm\/#website","url":"https:\/\/www.efmaroc.org\/efm\/","name":"EFM","description":"Enseignement Fran\u00e7ais au Maroc","publisher":{"@id":"https:\/\/www.efmaroc.org\/efm\/#organization"},"potentialAction":[{"@type":"SearchAction","target":{"@type":"EntryPoint","urlTemplate":"https:\/\/www.efmaroc.org\/efm\/?s={search_term_string}"},"query-input":{"@type":"PropertyValueSpecification","valueRequired":true,"valueName":"search_term_string"}}],"inLanguage":"fr-FR"},{"@type":"Organization","@id":"https:\/\/www.efmaroc.org\/efm\/#organization","name":"EFM","url":"https:\/\/www.efmaroc.org\/efm\/","logo":{"@type":"ImageObject","inLanguage":"fr-FR","@id":"https:\/\/www.efmaroc.org\/efm\/#\/schema\/logo\/image\/","url":"https:\/\/www.efmaroc.org\/efm\/wp-content\/uploads\/2022\/12\/efm-enseignement-francais-maroc-logotaglinex2.png","contentUrl":"https:\/\/www.efmaroc.org\/efm\/wp-content\/uploads\/2022\/12\/efm-enseignement-francais-maroc-logotaglinex2.png","width":104,"height":78,"caption":"EFM"},"image":{"@id":"https:\/\/www.efmaroc.org\/efm\/#\/schema\/logo\/image\/"}}]}},"jetpack_sharing_enabled":true,"_links":{"self":[{"href":"https:\/\/www.efmaroc.org\/efm\/wp-json\/wp\/v2\/pages\/20226","targetHints":{"allow":["GET"]}}],"collection":[{"href":"https:\/\/www.efmaroc.org\/efm\/wp-json\/wp\/v2\/pages"}],"about":[{"href":"https:\/\/www.efmaroc.org\/efm\/wp-json\/wp\/v2\/types\/page"}],"author":[{"embeddable":true,"href":"https:\/\/www.efmaroc.org\/efm\/wp-json\/wp\/v2\/users\/1"}],"replies":[{"embeddable":true,"href":"https:\/\/www.efmaroc.org\/efm\/wp-json\/wp\/v2\/comments?post=20226"}],"version-history":[{"count":77,"href":"https:\/\/www.efmaroc.org\/efm\/wp-json\/wp\/v2\/pages\/20226\/revisions"}],"predecessor-version":[{"id":24914,"href":"https:\/\/www.efmaroc.org\/efm\/wp-json\/wp\/v2\/pages\/20226\/revisions\/24914"}],"wp:attachment":[{"href":"https:\/\/www.efmaroc.org\/efm\/wp-json\/wp\/v2\/media?parent=20226"}],"curies":[{"name":"wp","href":"https:\/\/api.w.org\/{rel}","templated":true}]}}