{"id":20282,"date":"2022-12-13T12:00:20","date_gmt":"2022-12-13T11:00:20","guid":{"rendered":"https:\/\/www.efmaroc.org\/efm\/?page_id=20282"},"modified":"2026-01-30T16:00:17","modified_gmt":"2026-01-30T15:00:17","slug":"plurilinguisme","status":"publish","type":"page","link":"https:\/\/www.efmaroc.org\/efm\/plurilinguisme\/","title":{"rendered":"Une \u00e9ducation plurilingue"},"content":{"rendered":"\t\t<div data-elementor-type=\"wp-page\" data-elementor-id=\"20282\" class=\"elementor elementor-20282\">\n\t\t\t\t\t\t<section class=\"elementor-section elementor-top-section elementor-element elementor-element-88b773b elementor-section-boxed elementor-section-height-default elementor-section-height-default sc_fly_static\" data-id=\"88b773b\" data-element_type=\"section\" data-e-type=\"section\">\n\t\t\t\t\t\t<div class=\"elementor-container elementor-column-gap-extended\">\n\t\t\t\t\t<div class=\"elementor-column elementor-col-100 elementor-top-column elementor-element elementor-element-c49253a sc_content_align_inherit sc_layouts_column_icons_position_left sc_fly_static\" data-id=\"c49253a\" data-element_type=\"column\" data-e-type=\"column\">\n\t\t\t<div class=\"elementor-widget-wrap elementor-element-populated\">\n\t\t\t\t\t\t<div class=\"elementor-element elementor-element-8113627 sc_fly_static elementor-widget elementor-widget-spacer\" data-id=\"8113627\" data-element_type=\"widget\" data-e-type=\"widget\" data-widget_type=\"spacer.default\">\n\t\t\t\t<div class=\"elementor-widget-container\">\n\t\t\t\t\t\t\t<div class=\"elementor-spacer\">\n\t\t\t<div class=\"elementor-spacer-inner\"><\/div>\n\t\t<\/div>\n\t\t\t\t\t\t<\/div>\n\t\t\t\t<\/div>\n\t\t\t\t\t<\/div>\n\t\t<\/div>\n\t\t\t\t\t<\/div>\n\t\t<\/section>\n\t\t\t\t<section class=\"elementor-section elementor-top-section elementor-element elementor-element-b2f9955 scheme_default elementor-section-content-middle elementor-section-full_width elementor-section-stretched elementor-section-height-default elementor-section-height-default sc_fly_static\" data-id=\"b2f9955\" data-element_type=\"section\" data-e-type=\"section\" data-settings=\"{&quot;background_background&quot;:&quot;classic&quot;,&quot;stretch_section&quot;:&quot;section-stretched&quot;}\">\n\t\t\t\t\t\t<div class=\"elementor-container elementor-column-gap-extended\">\n\t\t\t\t\t<div class=\"elementor-column elementor-col-66 elementor-top-column elementor-element elementor-element-1128d986 sc_content_align_inherit sc_layouts_column_icons_position_left sc_fly_static\" data-id=\"1128d986\" data-element_type=\"column\" data-e-type=\"column\">\n\t\t\t<div class=\"elementor-widget-wrap elementor-element-populated\">\n\t\t\t\t\t\t<div class=\"elementor-element elementor-element-6e0336fb sc_height_tiny sc_fly_static elementor-widget elementor-widget-spacer\" data-id=\"6e0336fb\" data-element_type=\"widget\" data-e-type=\"widget\" data-widget_type=\"spacer.default\">\n\t\t\t\t<div class=\"elementor-widget-container\">\n\t\t\t\t\t\t\t<div class=\"elementor-spacer\">\n\t\t\t<div class=\"elementor-spacer-inner\"><\/div>\n\t\t<\/div>\n\t\t\t\t\t\t<\/div>\n\t\t\t\t<\/div>\n\t\t\t\t<div class=\"elementor-element elementor-element-1c28f9e1 scheme_light sc_fly_static elementor-widget elementor-widget-trx_sc_title\" data-id=\"1c28f9e1\" data-element_type=\"widget\" data-e-type=\"widget\" data-widget_type=\"trx_sc_title.default\">\n\t\t\t\t<div class=\"elementor-widget-container\">\n\t\t\t\t\t<div\t\tclass=\"sc_title scheme_light sc_title_default\" ><h1 class=\"sc_item_title sc_title_title sc_item_title_style_default sc_item_title_tag trx_addons_inline_430703210\"\n\t\t\t><span class=\"sc_item_title_text\">L\u2019\u00e9ducation plurilingue, un enseignement d\u2019avenir <\/span><\/h1><div class=\"sc_item_descr sc_title_descr\"><p>Les \u00e9tablissements du r\u00e9seau de l\u2019enseignement fran\u00e7ais au Maroc assurent obligatoirement un enseignement de la langue arabe, de l\u2019histoire et de la g\u00e9ographie et des Institutions du Maroc, comme le stipule l\u2019accord de coop\u00e9ration sign\u00e9 par les autorit\u00e9s marocaines et fran\u00e7aises en 2003. De ce fait, l\u2019enseignement de la langue arabe fait partie int\u00e9grante des programmes officiels de l\u2019enseignement fran\u00e7ais au Maroc.<br \/>\nLa nationalit\u00e9 de l\u2019enfant d\u00e9termine le volume horaire de ces enseignements, conform\u00e9ment aux r\u00e8gles \u00e9nonc\u00e9es ci-dessous : de la maternelle au CP : enseignement arabe 3h \/ semaine.<\/p>\n<\/div><\/div>\t\t\t\t<\/div>\n\t\t\t\t<\/div>\n\t\t\t\t<div class=\"elementor-element elementor-element-7a721c97 sc_height_tiny sc_fly_static elementor-widget elementor-widget-spacer\" data-id=\"7a721c97\" data-element_type=\"widget\" data-e-type=\"widget\" data-widget_type=\"spacer.default\">\n\t\t\t\t<div class=\"elementor-widget-container\">\n\t\t\t\t\t\t\t<div class=\"elementor-spacer\">\n\t\t\t<div class=\"elementor-spacer-inner\"><\/div>\n\t\t<\/div>\n\t\t\t\t\t\t<\/div>\n\t\t\t\t<\/div>\n\t\t\t\t\t<\/div>\n\t\t<\/div>\n\t\t\t\t<div class=\"elementor-column elementor-col-33 elementor-top-column elementor-element elementor-element-367a3ff2 sc_content_align_inherit sc_layouts_column_icons_position_left sc_fly_static\" data-id=\"367a3ff2\" data-element_type=\"column\" data-e-type=\"column\">\n\t\t\t<div class=\"elementor-widget-wrap elementor-element-populated\">\n\t\t\t\t\t\t<div class=\"elementor-element elementor-element-60f0ed14 sc_height_tiny sc_layouts_hide_on_mobile sc_fly_static elementor-widget elementor-widget-spacer\" data-id=\"60f0ed14\" data-element_type=\"widget\" data-e-type=\"widget\" data-widget_type=\"spacer.default\">\n\t\t\t\t<div class=\"elementor-widget-container\">\n\t\t\t\t\t\t\t<div class=\"elementor-spacer\">\n\t\t\t<div class=\"elementor-spacer-inner\"><\/div>\n\t\t<\/div>\n\t\t\t\t\t\t<\/div>\n\t\t\t\t<\/div>\n\t\t\t\t<div class=\"elementor-element elementor-element-9ead44c sc_fly_static elementor-widget elementor-widget-image\" data-id=\"9ead44c\" data-element_type=\"widget\" data-e-type=\"widget\" data-widget_type=\"image.default\">\n\t\t\t\t<div class=\"elementor-widget-container\">\n\t\t\t\t\t\t\t\t\t\t\t\t\t\t\t<img fetchpriority=\"high\" decoding=\"async\" width=\"1044\" height=\"1086\" src=\"https:\/\/www.efmaroc.org\/efm\/wp-content\/uploads\/2023\/01\/efm-enseignement-francais-maroc-centre-etude-arabe.jpg\" class=\"attachment-full size-full wp-image-20880\" alt=\"\" srcset=\"https:\/\/www.efmaroc.org\/efm\/wp-content\/uploads\/2023\/01\/efm-enseignement-francais-maroc-centre-etude-arabe.jpg 1044w, https:\/\/www.efmaroc.org\/efm\/wp-content\/uploads\/2023\/01\/efm-enseignement-francais-maroc-centre-etude-arabe-288x300.jpg 288w, https:\/\/www.efmaroc.org\/efm\/wp-content\/uploads\/2023\/01\/efm-enseignement-francais-maroc-centre-etude-arabe-984x1024.jpg 984w, https:\/\/www.efmaroc.org\/efm\/wp-content\/uploads\/2023\/01\/efm-enseignement-francais-maroc-centre-etude-arabe-768x799.jpg 768w, https:\/\/www.efmaroc.org\/efm\/wp-content\/uploads\/2023\/01\/efm-enseignement-francais-maroc-centre-etude-arabe-370x385.jpg 370w, https:\/\/www.efmaroc.org\/efm\/wp-content\/uploads\/2023\/01\/efm-enseignement-francais-maroc-centre-etude-arabe-840x874.jpg 840w, https:\/\/www.efmaroc.org\/efm\/wp-content\/uploads\/2023\/01\/efm-enseignement-francais-maroc-centre-etude-arabe-410x426.jpg 410w\" sizes=\"(max-width: 1044px) 100vw, 1044px\" \/>\t\t\t\t\t\t\t\t\t\t\t\t\t\t\t<\/div>\n\t\t\t\t<\/div>\n\t\t\t\t<div class=\"elementor-element elementor-element-cebf6a6 sc_height_tiny sc_fly_static elementor-widget elementor-widget-spacer\" data-id=\"cebf6a6\" data-element_type=\"widget\" data-e-type=\"widget\" data-widget_type=\"spacer.default\">\n\t\t\t\t<div class=\"elementor-widget-container\">\n\t\t\t\t\t\t\t<div class=\"elementor-spacer\">\n\t\t\t<div class=\"elementor-spacer-inner\"><\/div>\n\t\t<\/div>\n\t\t\t\t\t\t<\/div>\n\t\t\t\t<\/div>\n\t\t\t\t\t<\/div>\n\t\t<\/div>\n\t\t\t\t\t<\/div>\n\t\t<\/section>\n\t\t\t\t<section class=\"elementor-section elementor-top-section elementor-element elementor-element-c85777c elementor-section-boxed elementor-section-height-default elementor-section-height-default sc_fly_static\" data-id=\"c85777c\" data-element_type=\"section\" data-e-type=\"section\">\n\t\t\t\t\t\t<div class=\"elementor-container elementor-column-gap-extended\">\n\t\t\t\t\t<div class=\"elementor-column elementor-col-100 elementor-top-column elementor-element elementor-element-e89e855 sc_content_align_inherit sc_layouts_column_icons_position_left sc_fly_static\" data-id=\"e89e855\" data-element_type=\"column\" data-e-type=\"column\">\n\t\t\t<div class=\"elementor-widget-wrap elementor-element-populated\">\n\t\t\t\t\t\t<div class=\"elementor-element elementor-element-b7d8b37 sc_height_tiny sc_fly_static elementor-widget elementor-widget-spacer\" data-id=\"b7d8b37\" data-element_type=\"widget\" data-e-type=\"widget\" data-widget_type=\"spacer.default\">\n\t\t\t\t<div class=\"elementor-widget-container\">\n\t\t\t\t\t\t\t<div class=\"elementor-spacer\">\n\t\t\t<div class=\"elementor-spacer-inner\"><\/div>\n\t\t<\/div>\n\t\t\t\t\t\t<\/div>\n\t\t\t\t<\/div>\n\t\t\t\t\t<\/div>\n\t\t<\/div>\n\t\t\t\t\t<\/div>\n\t\t<\/section>\n\t\t\t\t<section class=\"elementor-section elementor-top-section elementor-element elementor-element-182f785 scheme_default elementor-section-content-middle elementor-section-full_width elementor-section-stretched elementor-reverse-mobile elementor-section-height-default elementor-section-height-default sc_fly_static\" data-id=\"182f785\" data-element_type=\"section\" data-e-type=\"section\" data-settings=\"{&quot;background_background&quot;:&quot;classic&quot;,&quot;stretch_section&quot;:&quot;section-stretched&quot;}\">\n\t\t\t\t\t\t<div class=\"elementor-container elementor-column-gap-extended\">\n\t\t\t\t\t<div class=\"elementor-column elementor-col-33 elementor-top-column elementor-element elementor-element-a13b253 sc_content_align_inherit sc_layouts_column_icons_position_left sc_fly_static\" data-id=\"a13b253\" data-element_type=\"column\" data-e-type=\"column\">\n\t\t\t<div class=\"elementor-widget-wrap elementor-element-populated\">\n\t\t\t\t\t\t<div class=\"elementor-element elementor-element-cb34304 sc_height_tiny sc_layouts_hide_on_mobile sc_fly_static elementor-widget elementor-widget-spacer\" data-id=\"cb34304\" data-element_type=\"widget\" data-e-type=\"widget\" data-widget_type=\"spacer.default\">\n\t\t\t\t<div class=\"elementor-widget-container\">\n\t\t\t\t\t\t\t<div class=\"elementor-spacer\">\n\t\t\t<div class=\"elementor-spacer-inner\"><\/div>\n\t\t<\/div>\n\t\t\t\t\t\t<\/div>\n\t\t\t\t<\/div>\n\t\t\t\t<div class=\"elementor-element elementor-element-0c2d33b sc_fly_static elementor-widget elementor-widget-image\" data-id=\"0c2d33b\" data-element_type=\"widget\" data-e-type=\"widget\" data-widget_type=\"image.default\">\n\t\t\t\t<div class=\"elementor-widget-container\">\n\t\t\t\t\t\t\t\t\t\t\t\t\t\t\t<img decoding=\"async\" width=\"652\" height=\"678\" src=\"https:\/\/www.efmaroc.org\/efm\/wp-content\/uploads\/2022\/05\/efm-enseignement-francais-maroc-reseau-img-3.jpg\" class=\"attachment-full size-full wp-image-21174\" alt=\"\" srcset=\"https:\/\/www.efmaroc.org\/efm\/wp-content\/uploads\/2022\/05\/efm-enseignement-francais-maroc-reseau-img-3.jpg 652w, https:\/\/www.efmaroc.org\/efm\/wp-content\/uploads\/2022\/05\/efm-enseignement-francais-maroc-reseau-img-3-288x300.jpg 288w, https:\/\/www.efmaroc.org\/efm\/wp-content\/uploads\/2022\/05\/efm-enseignement-francais-maroc-reseau-img-3-370x385.jpg 370w, https:\/\/www.efmaroc.org\/efm\/wp-content\/uploads\/2022\/05\/efm-enseignement-francais-maroc-reseau-img-3-410x426.jpg 410w\" sizes=\"(max-width: 652px) 100vw, 652px\" \/>\t\t\t\t\t\t\t\t\t\t\t\t\t\t\t<\/div>\n\t\t\t\t<\/div>\n\t\t\t\t<div class=\"elementor-element elementor-element-1871304 sc_height_tiny sc_fly_static elementor-widget elementor-widget-spacer\" data-id=\"1871304\" data-element_type=\"widget\" data-e-type=\"widget\" data-widget_type=\"spacer.default\">\n\t\t\t\t<div class=\"elementor-widget-container\">\n\t\t\t\t\t\t\t<div class=\"elementor-spacer\">\n\t\t\t<div class=\"elementor-spacer-inner\"><\/div>\n\t\t<\/div>\n\t\t\t\t\t\t<\/div>\n\t\t\t\t<\/div>\n\t\t\t\t\t<\/div>\n\t\t<\/div>\n\t\t\t\t<div class=\"elementor-column elementor-col-66 elementor-top-column elementor-element elementor-element-abf6d4d sc_content_align_inherit sc_layouts_column_icons_position_left sc_fly_static\" data-id=\"abf6d4d\" data-element_type=\"column\" data-e-type=\"column\">\n\t\t\t<div class=\"elementor-widget-wrap elementor-element-populated\">\n\t\t\t\t\t\t<div class=\"elementor-element elementor-element-a24ff4b sc_height_tiny sc_fly_static elementor-widget elementor-widget-spacer\" data-id=\"a24ff4b\" data-element_type=\"widget\" data-e-type=\"widget\" data-widget_type=\"spacer.default\">\n\t\t\t\t<div class=\"elementor-widget-container\">\n\t\t\t\t\t\t\t<div class=\"elementor-spacer\">\n\t\t\t<div class=\"elementor-spacer-inner\"><\/div>\n\t\t<\/div>\n\t\t\t\t\t\t<\/div>\n\t\t\t\t<\/div>\n\t\t\t\t<div class=\"elementor-element elementor-element-d3d3f6a scheme_light sc_fly_static elementor-widget elementor-widget-trx_sc_title\" data-id=\"d3d3f6a\" data-element_type=\"widget\" data-e-type=\"widget\" data-widget_type=\"trx_sc_title.default\">\n\t\t\t\t<div class=\"elementor-widget-container\">\n\t\t\t\t\t<div\t\tclass=\"sc_title scheme_light sc_title_default\" ><h2 class=\"sc_item_title sc_title_title sc_item_title_style_default sc_item_title_tag trx_addons_inline_316698012\"\n\t\t\t><span class=\"sc_item_title_text\">3 langues d\u00e8s 3 ans<\/span><\/h2><div class=\"sc_item_descr sc_title_descr\"><p>Un cursus de 5 heures d\u2019enseignement en arabe dont 3 heures d\u2019enseignement de la langue et 2 heures de Co-enseignement en Discipline Non Linguistique (DNL) est propos\u00e9 \u00e0 l\u2019ensemble des \u00e9l\u00e8ves, quelle que soit leur nationalit\u00e9, dans les EGD de l\u2019AEFE (mise en \u0153uvre du dispositif EMILE du Minist\u00e8re de l\u2019Education Nationale fran\u00e7ais).<br \/>\nDes demandes d\u2019am\u00e9nagement de la langue arabe (passage du cursus arabe renforc\u00e9 au cursus arabe) peuvent \u00eatre formul\u00e9es par les familles en ligne sur le site <a href=\"https:\/\/my.efmaroc.org\">my.efmaroc.org<\/a>.<br \/>\nAu total 9 langues enseign\u00e9es dans le r\u00e9seau : le fran\u00e7ais, l\u2019arabe, l\u2019anglais, l\u2019h\u00e9breu, l\u2019espagnol, l\u2019allemand, le japonais, le chinois, l\u2019italien.<\/p>\n<\/div><\/div>\t\t\t\t<\/div>\n\t\t\t\t<\/div>\n\t\t\t\t<div class=\"elementor-element elementor-element-9c947e6 sc_height_tiny sc_fly_static elementor-widget elementor-widget-spacer\" data-id=\"9c947e6\" data-element_type=\"widget\" data-e-type=\"widget\" data-widget_type=\"spacer.default\">\n\t\t\t\t<div class=\"elementor-widget-container\">\n\t\t\t\t\t\t\t<div class=\"elementor-spacer\">\n\t\t\t<div class=\"elementor-spacer-inner\"><\/div>\n\t\t<\/div>\n\t\t\t\t\t\t<\/div>\n\t\t\t\t<\/div>\n\t\t\t\t\t<\/div>\n\t\t<\/div>\n\t\t\t\t\t<\/div>\n\t\t<\/section>\n\t\t\t\t<section class=\"elementor-section elementor-top-section elementor-element elementor-element-4ca64954 elementor-section-content-middle elementor-section-boxed elementor-section-height-default elementor-section-height-default sc_fly_static\" data-id=\"4ca64954\" data-element_type=\"section\" data-e-type=\"section\">\n\t\t\t\t\t\t<div class=\"elementor-container elementor-column-gap-extended\">\n\t\t\t\t\t<div class=\"elementor-column elementor-col-100 elementor-top-column elementor-element elementor-element-237fff7f sc_content_align_inherit sc_layouts_column_icons_position_left sc_fly_static\" data-id=\"237fff7f\" data-element_type=\"column\" data-e-type=\"column\">\n\t\t\t<div class=\"elementor-widget-wrap elementor-element-populated\">\n\t\t\t\t\t\t<div class=\"elementor-element elementor-element-63bd7cf sc_height_tiny sc_fly_static elementor-widget elementor-widget-spacer\" data-id=\"63bd7cf\" data-element_type=\"widget\" data-e-type=\"widget\" data-widget_type=\"spacer.default\">\n\t\t\t\t<div class=\"elementor-widget-container\">\n\t\t\t\t\t\t\t<div class=\"elementor-spacer\">\n\t\t\t<div class=\"elementor-spacer-inner\"><\/div>\n\t\t<\/div>\n\t\t\t\t\t\t<\/div>\n\t\t\t\t<\/div>\n\t\t\t\t<div class=\"elementor-element elementor-element-47e80e1b sc_fly_static elementor-widget elementor-widget-text-editor\" data-id=\"47e80e1b\" data-element_type=\"widget\" data-e-type=\"widget\" data-widget_type=\"text-editor.default\">\n\t\t\t\t<div class=\"elementor-widget-container\">\n\t\t\t\t\t\t\t\t\t<p>\u2714\ufe0f Un dispositif d\u2019\u00e9changes ADN-AEFE. Il s\u2019agit d\u2019un programme d\u2019\u00e9changes scolaires de l\u2019AEFE. Il permet aux \u00e9l\u00e8ves de seconde dans un \u00e9tablissement fran\u00e7ais \u00e0 l\u2019\u00e9tranger ou en France d\u2019\u00eatre scolaris\u00e9s plusieurs semaines dans un autre \u00e9tablissement fran\u00e7ais \u00e0 l\u2019\u00e9tranger. Les \u00e9l\u00e8ves, tous volontaires, b\u00e9n\u00e9ficient d\u2019une immersion dans un autre environnement linguistique et culturel avec le fran\u00e7ais comme langue commune, tout en continuant \u00e0 suivre leur programme scolaire.<br \/>\u2714\ufe0f BFI \u2013 Baccalaur\u00e9at fran\u00e7ais international : \u00e0 partir de la rentr\u00e9e scolaire 2022, l\u2019option internationale du baccalaur\u00e9at (OIB) est devenue le baccalaur\u00e9at fran\u00e7ais international (BFI). Les \u00e9l\u00e8ves de classe de premi\u00e8re de la voie g\u00e9n\u00e9rale qui s\u2019engagent dans ce dispositif pr\u00e9parent pendant leurs deux ann\u00e9es du cycle terminal ce nouveau parcours international. Il repose sur un approfondissement culturel et linguistique avec un module connaissance du monde et un enseignement en arabe de l\u2019histoire et de la g\u00e9ographie. Cet engagement fort de l\u2019\u00e9l\u00e8ve est pris en compte \u00e0 l\u2019examen, \u00e0 compter de la session 2024 du baccalaur\u00e9at.<\/p>\t\t\t\t\t\t\t\t<\/div>\n\t\t\t\t<\/div>\n\t\t\t\t\t<\/div>\n\t\t<\/div>\n\t\t\t\t\t<\/div>\n\t\t<\/section>\n\t\t\t\t<section class=\"elementor-section elementor-top-section elementor-element elementor-element-5edcb8b elementor-section-boxed elementor-section-height-default elementor-section-height-default sc_fly_static\" data-id=\"5edcb8b\" data-element_type=\"section\" data-e-type=\"section\">\n\t\t\t\t\t\t<div class=\"elementor-container elementor-column-gap-extended\">\n\t\t\t\t\t<div class=\"elementor-column elementor-col-100 elementor-top-column elementor-element elementor-element-f61cc9b sc_content_align_inherit sc_layouts_column_icons_position_left sc_fly_static\" data-id=\"f61cc9b\" data-element_type=\"column\" data-e-type=\"column\">\n\t\t\t<div class=\"elementor-widget-wrap elementor-element-populated\">\n\t\t\t\t\t\t<div class=\"elementor-element elementor-element-3b8128b sc_height_small sc_fly_static elementor-widget elementor-widget-spacer\" data-id=\"3b8128b\" data-element_type=\"widget\" data-e-type=\"widget\" data-widget_type=\"spacer.default\">\n\t\t\t\t<div class=\"elementor-widget-container\">\n\t\t\t\t\t\t\t<div class=\"elementor-spacer\">\n\t\t\t<div class=\"elementor-spacer-inner\"><\/div>\n\t\t<\/div>\n\t\t\t\t\t\t<\/div>\n\t\t\t\t<\/div>\n\t\t\t\t\t<\/div>\n\t\t<\/div>\n\t\t\t\t\t<\/div>\n\t\t<\/section>\n\t\t<div class=\"elementor-element elementor-element-7be2085 e-flex e-con-boxed sc_layouts_column_icons_position_left e-con e-parent\" data-id=\"7be2085\" data-element_type=\"container\" data-e-type=\"container\">\n\t\t\t\t\t<div class=\"e-con-inner\">\n\t\t<div class=\"elementor-element elementor-element-66236de e-con-full e-flex sc_layouts_column_icons_position_left e-con e-child\" data-id=\"66236de\" data-element_type=\"container\" data-e-type=\"container\">\n\t\t\t\t<div class=\"elementor-element elementor-element-40c227a sc_fly_static elementor-widget elementor-widget-video\" data-id=\"40c227a\" data-element_type=\"widget\" data-e-type=\"widget\" data-settings=\"{&quot;youtube_url&quot;:&quot;https:\\\/\\\/youtu.be\\\/Zy3Tiwabb2o&quot;,&quot;video_type&quot;:&quot;youtube&quot;,&quot;controls&quot;:&quot;yes&quot;}\" data-widget_type=\"video.default\">\n\t\t\t\t<div class=\"elementor-widget-container\">\n\t\t\t\t\t\t\t<div class=\"elementor-wrapper elementor-open-inline\">\n\t\t\t<div class=\"elementor-video\"><\/div>\t\t<\/div>\n\t\t\t\t\t\t<\/div>\n\t\t\t\t<\/div>\n\t\t\t\t<\/div>\n\t\t<div class=\"elementor-element elementor-element-f161a5d e-con-full e-flex sc_layouts_column_icons_position_left e-con e-child\" data-id=\"f161a5d\" data-element_type=\"container\" data-e-type=\"container\">\n\t\t\t\t<div class=\"elementor-element elementor-element-eb23dbf sc_fly_static elementor-widget elementor-widget-image\" data-id=\"eb23dbf\" data-element_type=\"widget\" data-e-type=\"widget\" data-widget_type=\"image.default\">\n\t\t\t\t<div class=\"elementor-widget-container\">\n\t\t\t\t\t\t\t\t\t\t\t\t\t\t\t<img decoding=\"async\" width=\"490\" height=\"710\" src=\"https:\/\/www.efmaroc.org\/efm\/wp-content\/uploads\/2024\/04\/Capture-decran-367.png\" class=\"attachment-full size-full wp-image-23093\" alt=\"\" srcset=\"https:\/\/www.efmaroc.org\/efm\/wp-content\/uploads\/2024\/04\/Capture-decran-367.png 490w, https:\/\/www.efmaroc.org\/efm\/wp-content\/uploads\/2024\/04\/Capture-decran-367-207x300.png 207w, https:\/\/www.efmaroc.org\/efm\/wp-content\/uploads\/2024\/04\/Capture-decran-367-370x536.png 370w, https:\/\/www.efmaroc.org\/efm\/wp-content\/uploads\/2024\/04\/Capture-decran-367-410x594.png 410w\" sizes=\"(max-width: 600px) 100vw, 490px\" \/>\t\t\t\t\t\t\t\t\t\t\t\t\t\t\t<\/div>\n\t\t\t\t<\/div>\n\t\t\t\t<\/div>\n\t\t\t\t\t<\/div>\n\t\t\t\t<\/div>\n\t\t<div class=\"elementor-element elementor-element-ecbd8e1 e-flex e-con-boxed sc_layouts_column_icons_position_left e-con e-parent\" data-id=\"ecbd8e1\" data-element_type=\"container\" data-e-type=\"container\">\n\t\t\t\t\t<div class=\"e-con-inner\">\n\t\t\t\t<div class=\"elementor-element elementor-element-477b722 sc_height_medium sc_fly_static elementor-widget elementor-widget-spacer\" data-id=\"477b722\" data-element_type=\"widget\" data-e-type=\"widget\" data-widget_type=\"spacer.default\">\n\t\t\t\t<div class=\"elementor-widget-container\">\n\t\t\t\t\t\t\t<div class=\"elementor-spacer\">\n\t\t\t<div class=\"elementor-spacer-inner\"><\/div>\n\t\t<\/div>\n\t\t\t\t\t\t<\/div>\n\t\t\t\t<\/div>\n\t\t\t\t\t<\/div>\n\t\t\t\t<\/div>\n\t\t\t\t<\/div>\n\t\t","protected":false},"excerpt":{"rendered":"<p>L\u2019\u00e9ducation plurilingue, un enseignement d\u2019avenir Les \u00e9tablissements du r\u00e9seau de l\u2019enseignement fran\u00e7ais au Maroc assurent&hellip;<\/p>\n","protected":false},"author":1,"featured_media":0,"parent":0,"menu_order":0,"comment_status":"closed","ping_status":"closed","template":"","meta":{"footnotes":""},"class_list":["post-20282","page","type-page","status-publish","hentry"],"yoast_head":"<!-- This site is optimized with the Yoast SEO plugin v26.8 - https:\/\/yoast.com\/product\/yoast-seo-wordpress\/ -->\n<title>\u00c9ducation plurilingue | Enseignement Fran\u00e7ais au Maroc<\/title>\n<meta name=\"description\" content=\"D\u00e9couvrez comment le r\u00e9seau favorise l&#039;\u00e9ducation plurilingue pour ouvrir les \u00e9l\u00e8ves aux cultures et aux opportunit\u00e9s internationales.\" \/>\n<meta name=\"robots\" content=\"index, follow, max-snippet:-1, max-image-preview:large, max-video-preview:-1\" \/>\n<link rel=\"canonical\" href=\"https:\/\/www.efmaroc.org\/efm\/plurilinguisme\/\" \/>\n<meta property=\"og:locale\" content=\"fr_FR\" \/>\n<meta property=\"og:type\" content=\"article\" \/>\n<meta property=\"og:title\" content=\"\u00c9ducation plurilingue | Enseignement Fran\u00e7ais au Maroc\" \/>\n<meta property=\"og:description\" content=\"D\u00e9couvrez comment le r\u00e9seau favorise l&#039;\u00e9ducation plurilingue pour ouvrir les \u00e9l\u00e8ves aux cultures et aux opportunit\u00e9s internationales.\" \/>\n<meta property=\"og:url\" content=\"https:\/\/www.efmaroc.org\/efm\/plurilinguisme\/\" \/>\n<meta property=\"og:site_name\" content=\"EFM\" \/>\n<meta property=\"article:modified_time\" content=\"2026-01-30T15:00:17+00:00\" \/>\n<meta property=\"og:image\" content=\"https:\/\/www.efmaroc.org\/efm\/wp-content\/uploads\/2023\/01\/efm-enseignement-francais-maroc-centre-etude-arabe.jpg\" \/>\n\t<meta property=\"og:image:width\" content=\"1044\" \/>\n\t<meta property=\"og:image:height\" content=\"1086\" \/>\n\t<meta property=\"og:image:type\" content=\"image\/jpeg\" \/>\n<meta name=\"twitter:card\" content=\"summary_large_image\" \/>\n<meta name=\"twitter:label1\" content=\"Dur\u00e9e de lecture estim\u00e9e\" \/>\n\t<meta name=\"twitter:data1\" content=\"3 minutes\" \/>\n<script type=\"application\/ld+json\" class=\"yoast-schema-graph\">{\"@context\":\"https:\/\/schema.org\",\"@graph\":[{\"@type\":\"WebPage\",\"@id\":\"https:\/\/www.efmaroc.org\/efm\/plurilinguisme\/\",\"url\":\"https:\/\/www.efmaroc.org\/efm\/plurilinguisme\/\",\"name\":\"\u00c9ducation plurilingue | Enseignement Fran\u00e7ais au Maroc\",\"isPartOf\":{\"@id\":\"https:\/\/www.efmaroc.org\/efm\/#website\"},\"primaryImageOfPage\":{\"@id\":\"https:\/\/www.efmaroc.org\/efm\/plurilinguisme\/#primaryimage\"},\"image\":{\"@id\":\"https:\/\/www.efmaroc.org\/efm\/plurilinguisme\/#primaryimage\"},\"thumbnailUrl\":\"https:\/\/www.efmaroc.org\/efm\/wp-content\/uploads\/2023\/01\/efm-enseignement-francais-maroc-centre-etude-arabe.jpg\",\"datePublished\":\"2022-12-13T11:00:20+00:00\",\"dateModified\":\"2026-01-30T15:00:17+00:00\",\"description\":\"D\u00e9couvrez comment le r\u00e9seau favorise l'\u00e9ducation plurilingue pour ouvrir les \u00e9l\u00e8ves aux cultures et aux opportunit\u00e9s internationales.\",\"breadcrumb\":{\"@id\":\"https:\/\/www.efmaroc.org\/efm\/plurilinguisme\/#breadcrumb\"},\"inLanguage\":\"fr-FR\",\"potentialAction\":[{\"@type\":\"ReadAction\",\"target\":[\"https:\/\/www.efmaroc.org\/efm\/plurilinguisme\/\"]}]},{\"@type\":\"ImageObject\",\"inLanguage\":\"fr-FR\",\"@id\":\"https:\/\/www.efmaroc.org\/efm\/plurilinguisme\/#primaryimage\",\"url\":\"https:\/\/www.efmaroc.org\/efm\/wp-content\/uploads\/2023\/01\/efm-enseignement-francais-maroc-centre-etude-arabe.jpg\",\"contentUrl\":\"https:\/\/www.efmaroc.org\/efm\/wp-content\/uploads\/2023\/01\/efm-enseignement-francais-maroc-centre-etude-arabe.jpg\",\"width\":1044,\"height\":1086},{\"@type\":\"BreadcrumbList\",\"@id\":\"https:\/\/www.efmaroc.org\/efm\/plurilinguisme\/#breadcrumb\",\"itemListElement\":[{\"@type\":\"ListItem\",\"position\":1,\"name\":\"Accueil\",\"item\":\"https:\/\/www.efmaroc.org\/efm\/\"},{\"@type\":\"ListItem\",\"position\":2,\"name\":\"Une \u00e9ducation plurilingue\"}]},{\"@type\":\"WebSite\",\"@id\":\"https:\/\/www.efmaroc.org\/efm\/#website\",\"url\":\"https:\/\/www.efmaroc.org\/efm\/\",\"name\":\"EFM\",\"description\":\"Enseignement Fran\u00e7ais au Maroc\",\"publisher\":{\"@id\":\"https:\/\/www.efmaroc.org\/efm\/#organization\"},\"potentialAction\":[{\"@type\":\"SearchAction\",\"target\":{\"@type\":\"EntryPoint\",\"urlTemplate\":\"https:\/\/www.efmaroc.org\/efm\/?s={search_term_string}\"},\"query-input\":{\"@type\":\"PropertyValueSpecification\",\"valueRequired\":true,\"valueName\":\"search_term_string\"}}],\"inLanguage\":\"fr-FR\"},{\"@type\":\"Organization\",\"@id\":\"https:\/\/www.efmaroc.org\/efm\/#organization\",\"name\":\"EFM\",\"url\":\"https:\/\/www.efmaroc.org\/efm\/\",\"logo\":{\"@type\":\"ImageObject\",\"inLanguage\":\"fr-FR\",\"@id\":\"https:\/\/www.efmaroc.org\/efm\/#\/schema\/logo\/image\/\",\"url\":\"https:\/\/www.efmaroc.org\/efm\/wp-content\/uploads\/2022\/12\/efm-enseignement-francais-maroc-logotaglinex2.png\",\"contentUrl\":\"https:\/\/www.efmaroc.org\/efm\/wp-content\/uploads\/2022\/12\/efm-enseignement-francais-maroc-logotaglinex2.png\",\"width\":104,\"height\":78,\"caption\":\"EFM\"},\"image\":{\"@id\":\"https:\/\/www.efmaroc.org\/efm\/#\/schema\/logo\/image\/\"}}]}<\/script>\n<!-- \/ Yoast SEO plugin. -->","yoast_head_json":{"title":"\u00c9ducation plurilingue | Enseignement Fran\u00e7ais au Maroc","description":"D\u00e9couvrez comment le r\u00e9seau favorise l'\u00e9ducation plurilingue pour ouvrir les \u00e9l\u00e8ves aux cultures et aux opportunit\u00e9s internationales.","robots":{"index":"index","follow":"follow","max-snippet":"max-snippet:-1","max-image-preview":"max-image-preview:large","max-video-preview":"max-video-preview:-1"},"canonical":"https:\/\/www.efmaroc.org\/efm\/plurilinguisme\/","og_locale":"fr_FR","og_type":"article","og_title":"\u00c9ducation plurilingue | Enseignement Fran\u00e7ais au Maroc","og_description":"D\u00e9couvrez comment le r\u00e9seau favorise l'\u00e9ducation plurilingue pour ouvrir les \u00e9l\u00e8ves aux cultures et aux opportunit\u00e9s internationales.","og_url":"https:\/\/www.efmaroc.org\/efm\/plurilinguisme\/","og_site_name":"EFM","article_modified_time":"2026-01-30T15:00:17+00:00","og_image":[{"width":1044,"height":1086,"url":"https:\/\/www.efmaroc.org\/efm\/wp-content\/uploads\/2023\/01\/efm-enseignement-francais-maroc-centre-etude-arabe.jpg","type":"image\/jpeg"}],"twitter_card":"summary_large_image","twitter_misc":{"Dur\u00e9e de lecture estim\u00e9e":"3 minutes"},"schema":{"@context":"https:\/\/schema.org","@graph":[{"@type":"WebPage","@id":"https:\/\/www.efmaroc.org\/efm\/plurilinguisme\/","url":"https:\/\/www.efmaroc.org\/efm\/plurilinguisme\/","name":"\u00c9ducation plurilingue | Enseignement Fran\u00e7ais au Maroc","isPartOf":{"@id":"https:\/\/www.efmaroc.org\/efm\/#website"},"primaryImageOfPage":{"@id":"https:\/\/www.efmaroc.org\/efm\/plurilinguisme\/#primaryimage"},"image":{"@id":"https:\/\/www.efmaroc.org\/efm\/plurilinguisme\/#primaryimage"},"thumbnailUrl":"https:\/\/www.efmaroc.org\/efm\/wp-content\/uploads\/2023\/01\/efm-enseignement-francais-maroc-centre-etude-arabe.jpg","datePublished":"2022-12-13T11:00:20+00:00","dateModified":"2026-01-30T15:00:17+00:00","description":"D\u00e9couvrez comment le r\u00e9seau favorise l'\u00e9ducation plurilingue pour ouvrir les \u00e9l\u00e8ves aux cultures et aux opportunit\u00e9s internationales.","breadcrumb":{"@id":"https:\/\/www.efmaroc.org\/efm\/plurilinguisme\/#breadcrumb"},"inLanguage":"fr-FR","potentialAction":[{"@type":"ReadAction","target":["https:\/\/www.efmaroc.org\/efm\/plurilinguisme\/"]}]},{"@type":"ImageObject","inLanguage":"fr-FR","@id":"https:\/\/www.efmaroc.org\/efm\/plurilinguisme\/#primaryimage","url":"https:\/\/www.efmaroc.org\/efm\/wp-content\/uploads\/2023\/01\/efm-enseignement-francais-maroc-centre-etude-arabe.jpg","contentUrl":"https:\/\/www.efmaroc.org\/efm\/wp-content\/uploads\/2023\/01\/efm-enseignement-francais-maroc-centre-etude-arabe.jpg","width":1044,"height":1086},{"@type":"BreadcrumbList","@id":"https:\/\/www.efmaroc.org\/efm\/plurilinguisme\/#breadcrumb","itemListElement":[{"@type":"ListItem","position":1,"name":"Accueil","item":"https:\/\/www.efmaroc.org\/efm\/"},{"@type":"ListItem","position":2,"name":"Une \u00e9ducation plurilingue"}]},{"@type":"WebSite","@id":"https:\/\/www.efmaroc.org\/efm\/#website","url":"https:\/\/www.efmaroc.org\/efm\/","name":"EFM","description":"Enseignement Fran\u00e7ais au Maroc","publisher":{"@id":"https:\/\/www.efmaroc.org\/efm\/#organization"},"potentialAction":[{"@type":"SearchAction","target":{"@type":"EntryPoint","urlTemplate":"https:\/\/www.efmaroc.org\/efm\/?s={search_term_string}"},"query-input":{"@type":"PropertyValueSpecification","valueRequired":true,"valueName":"search_term_string"}}],"inLanguage":"fr-FR"},{"@type":"Organization","@id":"https:\/\/www.efmaroc.org\/efm\/#organization","name":"EFM","url":"https:\/\/www.efmaroc.org\/efm\/","logo":{"@type":"ImageObject","inLanguage":"fr-FR","@id":"https:\/\/www.efmaroc.org\/efm\/#\/schema\/logo\/image\/","url":"https:\/\/www.efmaroc.org\/efm\/wp-content\/uploads\/2022\/12\/efm-enseignement-francais-maroc-logotaglinex2.png","contentUrl":"https:\/\/www.efmaroc.org\/efm\/wp-content\/uploads\/2022\/12\/efm-enseignement-francais-maroc-logotaglinex2.png","width":104,"height":78,"caption":"EFM"},"image":{"@id":"https:\/\/www.efmaroc.org\/efm\/#\/schema\/logo\/image\/"}}]}},"jetpack_sharing_enabled":true,"_links":{"self":[{"href":"https:\/\/www.efmaroc.org\/efm\/wp-json\/wp\/v2\/pages\/20282","targetHints":{"allow":["GET"]}}],"collection":[{"href":"https:\/\/www.efmaroc.org\/efm\/wp-json\/wp\/v2\/pages"}],"about":[{"href":"https:\/\/www.efmaroc.org\/efm\/wp-json\/wp\/v2\/types\/page"}],"author":[{"embeddable":true,"href":"https:\/\/www.efmaroc.org\/efm\/wp-json\/wp\/v2\/users\/1"}],"replies":[{"embeddable":true,"href":"https:\/\/www.efmaroc.org\/efm\/wp-json\/wp\/v2\/comments?post=20282"}],"version-history":[{"count":45,"href":"https:\/\/www.efmaroc.org\/efm\/wp-json\/wp\/v2\/pages\/20282\/revisions"}],"predecessor-version":[{"id":25001,"href":"https:\/\/www.efmaroc.org\/efm\/wp-json\/wp\/v2\/pages\/20282\/revisions\/25001"}],"wp:attachment":[{"href":"https:\/\/www.efmaroc.org\/efm\/wp-json\/wp\/v2\/media?parent=20282"}],"curies":[{"name":"wp","href":"https:\/\/api.w.org\/{rel}","templated":true}]}}