{"id":20319,"date":"2022-12-13T17:30:06","date_gmt":"2022-12-13T16:30:06","guid":{"rendered":"https:\/\/www.efmaroc.org\/efm\/?page_id=20319"},"modified":"2026-01-30T15:39:48","modified_gmt":"2026-01-30T14:39:48","slug":"parcours-pedagogique","status":"publish","type":"page","link":"https:\/\/www.efmaroc.org\/efm\/parcours-pedagogique\/","title":{"rendered":"Parcours p\u00e9dagogique"},"content":{"rendered":"\t\t<div data-elementor-type=\"wp-page\" data-elementor-id=\"20319\" class=\"elementor elementor-20319\">\n\t\t\t\t\t\t<section class=\"elementor-section elementor-top-section elementor-element elementor-element-fc3ae44 elementor-section-full_width elementor-section-stretched elementor-section-height-default elementor-section-height-default sc_fly_static\" data-id=\"fc3ae44\" data-element_type=\"section\" data-e-type=\"section\" data-settings=\"{&quot;stretch_section&quot;:&quot;section-stretched&quot;}\">\n\t\t\t\t\t\t<div class=\"elementor-container elementor-column-gap-no\">\n\t\t\t\t\t<div class=\"elementor-column elementor-col-100 elementor-top-column elementor-element elementor-element-126282c sc_content_align_inherit sc_layouts_column_icons_position_left sc_fly_static\" data-id=\"126282c\" data-element_type=\"column\" data-e-type=\"column\">\n\t\t\t<div class=\"elementor-widget-wrap elementor-element-populated\">\n\t\t\t\t\t\t<div class=\"elementor-element elementor-element-064abb5 sc_fly_static elementor-widget elementor-widget-image\" data-id=\"064abb5\" data-element_type=\"widget\" data-e-type=\"widget\" data-widget_type=\"image.default\">\n\t\t\t\t<div class=\"elementor-widget-container\">\n\t\t\t\t\t\t\t\t\t\t\t\t\t\t\t<img fetchpriority=\"high\" decoding=\"async\" width=\"1300\" height=\"536\" src=\"https:\/\/www.efmaroc.org\/efm\/wp-content\/uploads\/2023\/01\/efm-enseignement-francais-maroc-parcours-pedagogique-cover.png\" class=\"attachment-full size-full wp-image-20763\" alt=\"\" srcset=\"https:\/\/www.efmaroc.org\/efm\/wp-content\/uploads\/2023\/01\/efm-enseignement-francais-maroc-parcours-pedagogique-cover.png 1300w, https:\/\/www.efmaroc.org\/efm\/wp-content\/uploads\/2023\/01\/efm-enseignement-francais-maroc-parcours-pedagogique-cover-300x124.png 300w, https:\/\/www.efmaroc.org\/efm\/wp-content\/uploads\/2023\/01\/efm-enseignement-francais-maroc-parcours-pedagogique-cover-1024x422.png 1024w, https:\/\/www.efmaroc.org\/efm\/wp-content\/uploads\/2023\/01\/efm-enseignement-francais-maroc-parcours-pedagogique-cover-768x317.png 768w, https:\/\/www.efmaroc.org\/efm\/wp-content\/uploads\/2023\/01\/efm-enseignement-francais-maroc-parcours-pedagogique-cover-370x153.png 370w, https:\/\/www.efmaroc.org\/efm\/wp-content\/uploads\/2023\/01\/efm-enseignement-francais-maroc-parcours-pedagogique-cover-840x346.png 840w, https:\/\/www.efmaroc.org\/efm\/wp-content\/uploads\/2023\/01\/efm-enseignement-francais-maroc-parcours-pedagogique-cover-410x169.png 410w\" sizes=\"(max-width: 1300px) 100vw, 1300px\" \/>\t\t\t\t\t\t\t\t\t\t\t\t\t\t\t<\/div>\n\t\t\t\t<\/div>\n\t\t\t\t\t<\/div>\n\t\t<\/div>\n\t\t\t\t\t<\/div>\n\t\t<\/section>\n\t\t\t\t<section class=\"elementor-section elementor-top-section elementor-element elementor-element-4954418 elementor-section-boxed elementor-section-height-default elementor-section-height-default sc_fly_static\" data-id=\"4954418\" data-element_type=\"section\" data-e-type=\"section\">\n\t\t\t\t\t\t<div class=\"elementor-container elementor-column-gap-default\">\n\t\t\t\t\t<div class=\"elementor-column elementor-col-100 elementor-top-column elementor-element elementor-element-b7a132b sc_content_align_inherit sc_layouts_column_icons_position_left sc_fly_static\" data-id=\"b7a132b\" data-element_type=\"column\" data-e-type=\"column\">\n\t\t\t<div class=\"elementor-widget-wrap elementor-element-populated\">\n\t\t\t\t\t\t<div class=\"elementor-element elementor-element-6c03100 sc_height_medium sc_fly_static elementor-widget elementor-widget-spacer\" data-id=\"6c03100\" data-element_type=\"widget\" data-e-type=\"widget\" data-widget_type=\"spacer.default\">\n\t\t\t\t<div class=\"elementor-widget-container\">\n\t\t\t\t\t\t\t<div class=\"elementor-spacer\">\n\t\t\t<div class=\"elementor-spacer-inner\"><\/div>\n\t\t<\/div>\n\t\t\t\t\t\t<\/div>\n\t\t\t\t<\/div>\n\t\t\t\t<div class=\"elementor-element elementor-element-36ccb2e sc_fly_static elementor-widget elementor-widget-heading\" data-id=\"36ccb2e\" data-element_type=\"widget\" data-e-type=\"widget\" data-widget_type=\"heading.default\">\n\t\t\t\t<div class=\"elementor-widget-container\">\n\t\t\t\t\t<h2 class=\"elementor-heading-title elementor-size-default\">D\u00e8s 3 ans, l'\u00e9cole maternelle<\/h2>\t\t\t\t<\/div>\n\t\t\t\t<\/div>\n\t\t\t\t<div class=\"elementor-element elementor-element-993fee6 sc_height_tiny sc_fly_static elementor-widget elementor-widget-spacer\" data-id=\"993fee6\" data-element_type=\"widget\" data-e-type=\"widget\" data-widget_type=\"spacer.default\">\n\t\t\t\t<div class=\"elementor-widget-container\">\n\t\t\t\t\t\t\t<div class=\"elementor-spacer\">\n\t\t\t<div class=\"elementor-spacer-inner\"><\/div>\n\t\t<\/div>\n\t\t\t\t\t\t<\/div>\n\t\t\t\t<\/div>\n\t\t\t\t<div class=\"elementor-element elementor-element-62dc0df sc_fly_static elementor-widget elementor-widget-text-editor\" data-id=\"62dc0df\" data-element_type=\"widget\" data-e-type=\"widget\" data-widget_type=\"text-editor.default\">\n\t\t\t\t<div class=\"elementor-widget-container\">\n\t\t\t\t\t\t\t\t\t<p>L\u2019\u00e9cole maternelle est dot\u00e9e d\u2019une identit\u00e9 propre, d\u2019une culture sp\u00e9cifique et d\u2019un programme adapt\u00e9 \u00e0 l\u2019\u00e2ge et au d\u00e9veloppement des enfants qu\u2019elle accueille. Elle constitue le socle \u00e9ducatif et p\u00e9dagogique sur lequel s\u2019appuient et se d\u00e9veloppent les apprentissages qui seront approfondis \u00e0 l\u2019\u00e9cole \u00e9l\u00e9mentaire : CP- CE1-CE2-CM1-CM2.<\/p>\t\t\t\t\t\t\t\t<\/div>\n\t\t\t\t<\/div>\n\t\t\t\t<div class=\"elementor-element elementor-element-c3d908e sc_height_tiny sc_fly_static elementor-widget elementor-widget-spacer\" data-id=\"c3d908e\" data-element_type=\"widget\" data-e-type=\"widget\" data-widget_type=\"spacer.default\">\n\t\t\t\t<div class=\"elementor-widget-container\">\n\t\t\t\t\t\t\t<div class=\"elementor-spacer\">\n\t\t\t<div class=\"elementor-spacer-inner\"><\/div>\n\t\t<\/div>\n\t\t\t\t\t\t<\/div>\n\t\t\t\t<\/div>\n\t\t\t\t<div class=\"elementor-element elementor-element-256d676 sc_fly_static elementor-widget elementor-widget-text-editor\" data-id=\"256d676\" data-element_type=\"widget\" data-e-type=\"widget\" data-widget_type=\"text-editor.default\">\n\t\t\t\t<div class=\"elementor-widget-container\">\n\t\t\t\t\t\t\t\t\t<p>\u2714\ufe0f Acquisition des savoirs fondamentaux<br \/>\u2714\ufe0f Pratique des langues \u00e9trang\u00e8res<br \/>\u2714\ufe0f Plaisir d\u2019apprendre et \u00e9panouissement \u00e9motionnel<\/p>\t\t\t\t\t\t\t\t<\/div>\n\t\t\t\t<\/div>\n\t\t\t\t<div class=\"elementor-element elementor-element-394275a sc_height_medium sc_fly_static elementor-widget elementor-widget-spacer\" data-id=\"394275a\" data-element_type=\"widget\" data-e-type=\"widget\" data-widget_type=\"spacer.default\">\n\t\t\t\t<div class=\"elementor-widget-container\">\n\t\t\t\t\t\t\t<div class=\"elementor-spacer\">\n\t\t\t<div class=\"elementor-spacer-inner\"><\/div>\n\t\t<\/div>\n\t\t\t\t\t\t<\/div>\n\t\t\t\t<\/div>\n\t\t\t\t<div class=\"elementor-element elementor-element-ab73daf sc_fly_static elementor-widget elementor-widget-heading\" data-id=\"ab73daf\" data-element_type=\"widget\" data-e-type=\"widget\" data-widget_type=\"heading.default\">\n\t\t\t\t<div class=\"elementor-widget-container\">\n\t\t\t\t\t<h2 class=\"elementor-heading-title elementor-size-default\">De 6 \u00e0 11 ans, l'\u00e9cole \u00e9l\u00e9mentaire<\/h2>\t\t\t\t<\/div>\n\t\t\t\t<\/div>\n\t\t\t\t<div class=\"elementor-element elementor-element-e2b2ecd sc_height_tiny sc_fly_static elementor-widget elementor-widget-spacer\" data-id=\"e2b2ecd\" data-element_type=\"widget\" data-e-type=\"widget\" data-widget_type=\"spacer.default\">\n\t\t\t\t<div class=\"elementor-widget-container\">\n\t\t\t\t\t\t\t<div class=\"elementor-spacer\">\n\t\t\t<div class=\"elementor-spacer-inner\"><\/div>\n\t\t<\/div>\n\t\t\t\t\t\t<\/div>\n\t\t\t\t<\/div>\n\t\t\t\t<div class=\"elementor-element elementor-element-3af0711 sc_fly_static elementor-widget elementor-widget-text-editor\" data-id=\"3af0711\" data-element_type=\"widget\" data-e-type=\"widget\" data-widget_type=\"text-editor.default\">\n\t\t\t\t<div class=\"elementor-widget-container\">\n\t\t\t\t\t\t\t\t\t<p>Les cycles 2 et 3 de l\u2019e\u0301cole e\u0301le\u0301mentaire visent a\u0300 l\u2019acquisition des apprentissages fondamentaux. Ils se prolongent jusqu\u2019au colle\u0300ge dans un souci renforce\u0301 de continuite\u0301 pe\u0301dagogique et de cohe\u0301rence des apprentissages au service de l\u2019acquisition du socle commun de connaissances, de compe\u0301tences et de culture. Trois langues sont enseigne\u0301es : le franc\u0327ais, l&rsquo;arabe et l&rsquo;anglais. Un livret scolaire de compe\u0301tences accompagne l\u2019e\u0301le\u0300ve durant toute sa scolarite\u0301. Les enseignants e\u0301tablissent un bilan re\u0301gulier des acquis dont les conclusions sont communique\u0301es aux parents.<\/p>\t\t\t\t\t\t\t\t<\/div>\n\t\t\t\t<\/div>\n\t\t\t\t<div class=\"elementor-element elementor-element-b4446f8 sc_height_medium sc_fly_static elementor-widget elementor-widget-spacer\" data-id=\"b4446f8\" data-element_type=\"widget\" data-e-type=\"widget\" data-widget_type=\"spacer.default\">\n\t\t\t\t<div class=\"elementor-widget-container\">\n\t\t\t\t\t\t\t<div class=\"elementor-spacer\">\n\t\t\t<div class=\"elementor-spacer-inner\"><\/div>\n\t\t<\/div>\n\t\t\t\t\t\t<\/div>\n\t\t\t\t<\/div>\n\t\t\t\t\t<\/div>\n\t\t<\/div>\n\t\t\t\t\t<\/div>\n\t\t<\/section>\n\t\t\t\t<section class=\"elementor-section elementor-top-section elementor-element elementor-element-76020ff elementor-section-boxed elementor-section-height-default elementor-section-height-default sc_fly_static\" data-id=\"76020ff\" data-element_type=\"section\" data-e-type=\"section\">\n\t\t\t\t\t\t<div class=\"elementor-container elementor-column-gap-extended\">\n\t\t\t\t\t<div class=\"elementor-column elementor-col-100 elementor-top-column elementor-element elementor-element-bef1720 sc_content_align_inherit sc_layouts_column_icons_position_left sc_fly_static\" data-id=\"bef1720\" data-element_type=\"column\" data-e-type=\"column\">\n\t\t\t<div class=\"elementor-widget-wrap elementor-element-populated\">\n\t\t\t\t\t\t<div class=\"elementor-element elementor-element-ea79c8a sc_fly_static elementor-widget elementor-widget-slider_revolution\" data-id=\"ea79c8a\" data-element_type=\"widget\" data-e-type=\"widget\" data-widget_type=\"slider_revolution.default\">\n\t\t\t\t<div class=\"elementor-widget-container\">\n\t\t\t\t\t\n\t\t<div class=\"wp-block-themepunch-revslider\">\n\t\t\t<!-- START Parcours pedagogique REVOLUTION SLIDER 6.7.40 --><p class=\"rs-p-wp-fix\"><\/p>\n\t\t\t<rs-module-wrap id=\"rev_slider_4_1_wrapper\" data-source=\"gallery\" style=\"visibility:hidden;background:transparent;padding:0;margin:0px auto;margin-top:0;margin-bottom:0;\">\n\t\t\t\t<rs-module id=\"rev_slider_4_1\" style=\"\" data-version=\"6.7.40\">\n\t\t\t\t\t<rs-slides style=\"overflow: hidden; position: absolute;\">\n\t\t\t\t\t\t<rs-slide style=\"position: absolute;\" data-key=\"rs-6\" data-title=\"Slide\" data-in=\"o:0;\" data-out=\"a:false;\">\n\t\t\t\t\t\t\t<img decoding=\"async\" src=\"\/\/www.efmaroc.org\/efm\/wp-content\/plugins\/revslider\/sr6\/assets\/assets\/dummy.png\" alt=\"\" title=\"efm-enseignement-francais-maroc-parcours-pedagogique-1\" width=\"1440\" height=\"595\" class=\"rev-slidebg tp-rs-img rs-lazyload\" data-lazyload=\"\/\/www.efmaroc.org\/efm\/wp-content\/uploads\/2023\/01\/efm-enseignement-francais-maroc-parcours-pedagogique-1.jpg\" data-parallax=\"off\" data-no-retina>\n<!--\n\t\t\t\t\t\t\t--><rs-layer\n\t\t\t\t\t\t\t\tid=\"slider-4-slide-6-layer-1\" \n\t\t\t\t\t\t\t\tdata-type=\"text\"\n\t\t\t\t\t\t\t\tdata-color=\"#fff\"\n\t\t\t\t\t\t\t\tdata-rsp_ch=\"on\"\n\t\t\t\t\t\t\t\tdata-xy=\"x:c;y:m;\"\n\t\t\t\t\t\t\t\tdata-text=\"w:normal;s:48,47,35,26;l:64,63,40,30;ls:1px,0px,0px,0px;fw:800;a:center;\"\n\t\t\t\t\t\t\t\tdata-dim=\"minh:0px,none,none,none;\"\n\t\t\t\t\t\t\t\tdata-frame_999=\"o:0;st:w;\"\n\t\t\t\t\t\t\t\tstyle=\"z-index:7;font-family:'League Spartan';\"\n\t\t\t\t\t\t\t>Grandir, <br \/>\napprendre et r\u00e9ussir ensemble \n\t\t\t\t\t\t\t<\/rs-layer><!--\n-->\t\t\t\t\t<\/rs-slide>\n\t\t\t\t\t<\/rs-slides>\n\t\t\t\t<\/rs-module>\n\t\t\t\t<script data-jetpack-boost=\"ignore\">\n\t\t\t\t\tsetREVStartSize({c: 'rev_slider_4_1',rl:[1240,1460,785,500],el:[560,590,480,480],gw:[1460,1440,778,480],gh:[560,590,480,480],type:'standard',justify:'',layout:'fullwidth',mh:\"0\"});if (window.RS_MODULES!==undefined && window.RS_MODULES.modules!==undefined && window.RS_MODULES.modules[\"revslider41\"]!==undefined) {window.RS_MODULES.modules[\"revslider41\"].once = false;window.revapi4 = undefined;if (window.RS_MODULES.checkMinimal!==undefined) window.RS_MODULES.checkMinimal()}\n\t\t\t\t<\/script>\n\t\t\t<\/rs-module-wrap>\n\t\t\t<!-- END REVOLUTION SLIDER -->\n<\/div>\n\n\t\t\t\t\t\t<\/div>\n\t\t\t\t<\/div>\n\t\t\t\t\t<\/div>\n\t\t<\/div>\n\t\t\t\t\t<\/div>\n\t\t<\/section>\n\t\t\t\t<section class=\"elementor-section elementor-top-section elementor-element elementor-element-2a75dea elementor-section-boxed elementor-section-height-default elementor-section-height-default sc_fly_static\" data-id=\"2a75dea\" data-element_type=\"section\" data-e-type=\"section\">\n\t\t\t\t\t\t<div class=\"elementor-container elementor-column-gap-extended\">\n\t\t\t\t\t<div class=\"elementor-column elementor-col-100 elementor-top-column elementor-element elementor-element-d63074f sc_content_align_inherit sc_layouts_column_icons_position_left sc_fly_static\" data-id=\"d63074f\" data-element_type=\"column\" data-e-type=\"column\">\n\t\t\t<div class=\"elementor-widget-wrap elementor-element-populated\">\n\t\t\t\t\t\t<div class=\"elementor-element elementor-element-94031a1 sc_height_medium sc_fly_static elementor-widget elementor-widget-spacer\" data-id=\"94031a1\" data-element_type=\"widget\" data-e-type=\"widget\" data-widget_type=\"spacer.default\">\n\t\t\t\t<div class=\"elementor-widget-container\">\n\t\t\t\t\t\t\t<div class=\"elementor-spacer\">\n\t\t\t<div class=\"elementor-spacer-inner\"><\/div>\n\t\t<\/div>\n\t\t\t\t\t\t<\/div>\n\t\t\t\t<\/div>\n\t\t\t\t\t<\/div>\n\t\t<\/div>\n\t\t\t\t\t<\/div>\n\t\t<\/section>\n\t\t\t\t<section class=\"elementor-section elementor-top-section elementor-element elementor-element-c9d0983 elementor-section-content-middle elementor-section-boxed elementor-section-height-default elementor-section-height-default sc_fly_static\" data-id=\"c9d0983\" data-element_type=\"section\" data-e-type=\"section\">\n\t\t\t\t\t\t<div class=\"elementor-container elementor-column-gap-extended\">\n\t\t\t\t\t<div class=\"elementor-column elementor-col-50 elementor-top-column elementor-element elementor-element-ac5ec22 sc_content_align_inherit sc_layouts_column_icons_position_left sc_fly_static\" data-id=\"ac5ec22\" data-element_type=\"column\" data-e-type=\"column\">\n\t\t\t<div class=\"elementor-widget-wrap elementor-element-populated\">\n\t\t\t\t\t\t<div class=\"elementor-element elementor-element-b8c3720 sc_height_small sc_fly_static elementor-widget elementor-widget-spacer\" data-id=\"b8c3720\" data-element_type=\"widget\" data-e-type=\"widget\" data-widget_type=\"spacer.default\">\n\t\t\t\t<div class=\"elementor-widget-container\">\n\t\t\t\t\t\t\t<div class=\"elementor-spacer\">\n\t\t\t<div class=\"elementor-spacer-inner\"><\/div>\n\t\t<\/div>\n\t\t\t\t\t\t<\/div>\n\t\t\t\t<\/div>\n\t\t\t\t<div class=\"elementor-element elementor-element-ac77182 sc_fly_static elementor-widget elementor-widget-heading\" data-id=\"ac77182\" data-element_type=\"widget\" data-e-type=\"widget\" data-widget_type=\"heading.default\">\n\t\t\t\t<div class=\"elementor-widget-container\">\n\t\t\t\t\t<h2 class=\"elementor-heading-title elementor-size-default\">De 11 \u00e0 15 ans, le coll\u00e8ge<\/h2>\t\t\t\t<\/div>\n\t\t\t\t<\/div>\n\t\t\t\t<div class=\"elementor-element elementor-element-26db148 sc_height_tiny sc_fly_static elementor-widget elementor-widget-spacer\" data-id=\"26db148\" data-element_type=\"widget\" data-e-type=\"widget\" data-widget_type=\"spacer.default\">\n\t\t\t\t<div class=\"elementor-widget-container\">\n\t\t\t\t\t\t\t<div class=\"elementor-spacer\">\n\t\t\t<div class=\"elementor-spacer-inner\"><\/div>\n\t\t<\/div>\n\t\t\t\t\t\t<\/div>\n\t\t\t\t<\/div>\n\t\t\t\t<div class=\"elementor-element elementor-element-03d269f sc_fly_static elementor-widget elementor-widget-text-editor\" data-id=\"03d269f\" data-element_type=\"widget\" data-e-type=\"widget\" data-widget_type=\"text-editor.default\">\n\t\t\t\t<div class=\"elementor-widget-container\">\n\t\t\t\t\t\t\t\t\t<p>Durant les 4 ann\u00e9es du coll\u00e8ge (6\u00e8me, 5\u00e8me, 4\u00e8me et 3\u00e8me), les \u00e9l\u00e8ves d\u00e9veloppent des comp\u00e9tences plus complexes o\u00f9 il s\u2019agit de r\u00e9fl\u00e9chir davantage en termes de connaissances, de savoir-faire ou d\u2019attitudes.<\/p>\t\t\t\t\t\t\t\t<\/div>\n\t\t\t\t<\/div>\n\t\t\t\t<div class=\"elementor-element elementor-element-edf0a91 sc_height_tiny sc_fly_static elementor-widget elementor-widget-spacer\" data-id=\"edf0a91\" data-element_type=\"widget\" data-e-type=\"widget\" data-widget_type=\"spacer.default\">\n\t\t\t\t<div class=\"elementor-widget-container\">\n\t\t\t\t\t\t\t<div class=\"elementor-spacer\">\n\t\t\t<div class=\"elementor-spacer-inner\"><\/div>\n\t\t<\/div>\n\t\t\t\t\t\t<\/div>\n\t\t\t\t<\/div>\n\t\t\t\t<div class=\"elementor-element elementor-element-cd4f9fb sc_fly_static elementor-widget elementor-widget-text-editor\" data-id=\"cd4f9fb\" data-element_type=\"widget\" data-e-type=\"widget\" data-widget_type=\"text-editor.default\">\n\t\t\t\t<div class=\"elementor-widget-container\">\n\t\t\t\t\t\t\t\t\t<p>\u2714\ufe0f Consolidation des savoirs fondamentaux <br \/>\u2714\ufe0f Accompagnement \u00e0 l\u2019orientation d\u00e8s la classe de 4\u00e8me et en 3\u00e8me<br \/>\u2714\ufe0f En fin de 3\u00e8me, un dipl\u00f4me d&rsquo;Etat : le Dipl\u00f4me National du Brevet<\/p>\t\t\t\t\t\t\t\t<\/div>\n\t\t\t\t<\/div>\n\t\t\t\t<div class=\"elementor-element elementor-element-0229ec9 sc_height_tiny sc_fly_static elementor-widget elementor-widget-spacer\" data-id=\"0229ec9\" data-element_type=\"widget\" data-e-type=\"widget\" data-widget_type=\"spacer.default\">\n\t\t\t\t<div class=\"elementor-widget-container\">\n\t\t\t\t\t\t\t<div class=\"elementor-spacer\">\n\t\t\t<div class=\"elementor-spacer-inner\"><\/div>\n\t\t<\/div>\n\t\t\t\t\t\t<\/div>\n\t\t\t\t<\/div>\n\t\t\t\t<div class=\"elementor-element elementor-element-d6b47ba sc_fly_static elementor-widget elementor-widget-text-editor\" data-id=\"d6b47ba\" data-element_type=\"widget\" data-e-type=\"widget\" data-widget_type=\"text-editor.default\">\n\t\t\t\t<div class=\"elementor-widget-container\">\n\t\t\t\t\t\t\t\t\t<p>Une nouvelle langue \u00e9trang\u00e8re est \u00e9tudi\u00e9e d\u00e8s la 5\u00e8me et l&rsquo;enseignement scientifique est renforc\u00e9 (Physique, Chimie, Sciences de la Vie et de la Terre, Technologie).<\/p>\t\t\t\t\t\t\t\t<\/div>\n\t\t\t\t<\/div>\n\t\t\t\t<div class=\"elementor-element elementor-element-4d9c77c sc_height_small sc_fly_static elementor-widget elementor-widget-spacer\" data-id=\"4d9c77c\" data-element_type=\"widget\" data-e-type=\"widget\" data-widget_type=\"spacer.default\">\n\t\t\t\t<div class=\"elementor-widget-container\">\n\t\t\t\t\t\t\t<div class=\"elementor-spacer\">\n\t\t\t<div class=\"elementor-spacer-inner\"><\/div>\n\t\t<\/div>\n\t\t\t\t\t\t<\/div>\n\t\t\t\t<\/div>\n\t\t\t\t\t<\/div>\n\t\t<\/div>\n\t\t\t\t<div class=\"elementor-column elementor-col-50 elementor-top-column elementor-element elementor-element-4ca4cd8 sc_content_align_inherit sc_layouts_column_icons_position_left sc_fly_static\" data-id=\"4ca4cd8\" data-element_type=\"column\" data-e-type=\"column\">\n\t\t\t<div class=\"elementor-widget-wrap elementor-element-populated\">\n\t\t\t\t\t\t<div class=\"elementor-element elementor-element-957b197 sc_fly_static elementor-widget elementor-widget-image\" data-id=\"957b197\" data-element_type=\"widget\" data-e-type=\"widget\" data-widget_type=\"image.default\">\n\t\t\t\t<div class=\"elementor-widget-container\">\n\t\t\t\t\t\t\t\t\t\t\t\t\t\t\t<img decoding=\"async\" width=\"673\" height=\"700\" src=\"https:\/\/www.efmaroc.org\/efm\/wp-content\/uploads\/2023\/01\/efm-enseignement-francais-maroc-ecole-college.jpg\" class=\"attachment-full size-full wp-image-21003\" alt=\"\" srcset=\"https:\/\/www.efmaroc.org\/efm\/wp-content\/uploads\/2023\/01\/efm-enseignement-francais-maroc-ecole-college.jpg 673w, https:\/\/www.efmaroc.org\/efm\/wp-content\/uploads\/2023\/01\/efm-enseignement-francais-maroc-ecole-college-288x300.jpg 288w, https:\/\/www.efmaroc.org\/efm\/wp-content\/uploads\/2023\/01\/efm-enseignement-francais-maroc-ecole-college-370x385.jpg 370w, https:\/\/www.efmaroc.org\/efm\/wp-content\/uploads\/2023\/01\/efm-enseignement-francais-maroc-ecole-college-410x426.jpg 410w\" sizes=\"(max-width: 673px) 100vw, 673px\" \/>\t\t\t\t\t\t\t\t\t\t\t\t\t\t\t<\/div>\n\t\t\t\t<\/div>\n\t\t\t\t\t<\/div>\n\t\t<\/div>\n\t\t\t\t\t<\/div>\n\t\t<\/section>\n\t\t\t\t<section class=\"elementor-section elementor-top-section elementor-element elementor-element-cee56f3 elementor-section-boxed elementor-section-height-default elementor-section-height-default sc_fly_static\" data-id=\"cee56f3\" data-element_type=\"section\" data-e-type=\"section\">\n\t\t\t\t\t\t<div class=\"elementor-container elementor-column-gap-extended\">\n\t\t\t\t\t<div class=\"elementor-column elementor-col-100 elementor-top-column elementor-element elementor-element-31ca701 sc_content_align_inherit sc_layouts_column_icons_position_left sc_fly_static\" data-id=\"31ca701\" data-element_type=\"column\" data-e-type=\"column\">\n\t\t\t<div class=\"elementor-widget-wrap elementor-element-populated\">\n\t\t\t\t\t\t<div class=\"elementor-element elementor-element-c5b99c3 sc_height_medium sc_fly_static elementor-widget elementor-widget-spacer\" data-id=\"c5b99c3\" data-element_type=\"widget\" data-e-type=\"widget\" data-widget_type=\"spacer.default\">\n\t\t\t\t<div class=\"elementor-widget-container\">\n\t\t\t\t\t\t\t<div class=\"elementor-spacer\">\n\t\t\t<div class=\"elementor-spacer-inner\"><\/div>\n\t\t<\/div>\n\t\t\t\t\t\t<\/div>\n\t\t\t\t<\/div>\n\t\t\t\t\t<\/div>\n\t\t<\/div>\n\t\t\t\t\t<\/div>\n\t\t<\/section>\n\t\t\t\t<section class=\"elementor-section elementor-top-section elementor-element elementor-element-1952b77 elementor-section-content-middle elementor-reverse-mobile elementor-section-boxed elementor-section-height-default elementor-section-height-default sc_fly_static\" data-id=\"1952b77\" data-element_type=\"section\" data-e-type=\"section\">\n\t\t\t\t\t\t<div class=\"elementor-container elementor-column-gap-extended\">\n\t\t\t\t\t<div class=\"elementor-column elementor-col-50 elementor-top-column elementor-element elementor-element-db1ea40 sc_content_align_inherit sc_layouts_column_icons_position_left sc_fly_static\" data-id=\"db1ea40\" data-element_type=\"column\" data-e-type=\"column\">\n\t\t\t<div class=\"elementor-widget-wrap elementor-element-populated\">\n\t\t\t\t\t\t<div class=\"elementor-element elementor-element-0aefa78 sc_fly_static elementor-widget elementor-widget-image\" data-id=\"0aefa78\" data-element_type=\"widget\" data-e-type=\"widget\" data-widget_type=\"image.default\">\n\t\t\t\t<div class=\"elementor-widget-container\">\n\t\t\t\t\t\t\t\t\t\t\t\t\t\t\t<img loading=\"lazy\" decoding=\"async\" width=\"1044\" height=\"1086\" src=\"https:\/\/www.efmaroc.org\/efm\/wp-content\/uploads\/2023\/01\/efm-enseignement-francais-maroc-parcours-pedagogique-4-1.jpg\" class=\"attachment-full size-full wp-image-20905\" alt=\"\" srcset=\"https:\/\/www.efmaroc.org\/efm\/wp-content\/uploads\/2023\/01\/efm-enseignement-francais-maroc-parcours-pedagogique-4-1.jpg 1044w, https:\/\/www.efmaroc.org\/efm\/wp-content\/uploads\/2023\/01\/efm-enseignement-francais-maroc-parcours-pedagogique-4-1-288x300.jpg 288w, https:\/\/www.efmaroc.org\/efm\/wp-content\/uploads\/2023\/01\/efm-enseignement-francais-maroc-parcours-pedagogique-4-1-984x1024.jpg 984w, https:\/\/www.efmaroc.org\/efm\/wp-content\/uploads\/2023\/01\/efm-enseignement-francais-maroc-parcours-pedagogique-4-1-768x799.jpg 768w, https:\/\/www.efmaroc.org\/efm\/wp-content\/uploads\/2023\/01\/efm-enseignement-francais-maroc-parcours-pedagogique-4-1-370x385.jpg 370w, https:\/\/www.efmaroc.org\/efm\/wp-content\/uploads\/2023\/01\/efm-enseignement-francais-maroc-parcours-pedagogique-4-1-840x874.jpg 840w, https:\/\/www.efmaroc.org\/efm\/wp-content\/uploads\/2023\/01\/efm-enseignement-francais-maroc-parcours-pedagogique-4-1-410x426.jpg 410w\" sizes=\"(max-width: 1044px) 100vw, 1044px\" \/>\t\t\t\t\t\t\t\t\t\t\t\t\t\t\t<\/div>\n\t\t\t\t<\/div>\n\t\t\t\t\t<\/div>\n\t\t<\/div>\n\t\t\t\t<div class=\"elementor-column elementor-col-50 elementor-top-column elementor-element elementor-element-a703009 sc_content_align_inherit sc_layouts_column_icons_position_left sc_fly_static\" data-id=\"a703009\" data-element_type=\"column\" data-e-type=\"column\">\n\t\t\t<div class=\"elementor-widget-wrap elementor-element-populated\">\n\t\t\t\t\t\t<div class=\"elementor-element elementor-element-e49d452 sc_height_small sc_fly_static elementor-widget elementor-widget-spacer\" data-id=\"e49d452\" data-element_type=\"widget\" data-e-type=\"widget\" data-widget_type=\"spacer.default\">\n\t\t\t\t<div class=\"elementor-widget-container\">\n\t\t\t\t\t\t\t<div class=\"elementor-spacer\">\n\t\t\t<div class=\"elementor-spacer-inner\"><\/div>\n\t\t<\/div>\n\t\t\t\t\t\t<\/div>\n\t\t\t\t<\/div>\n\t\t\t\t<div class=\"elementor-element elementor-element-aa212e4 sc_fly_static elementor-widget elementor-widget-heading\" data-id=\"aa212e4\" data-element_type=\"widget\" data-e-type=\"widget\" data-widget_type=\"heading.default\">\n\t\t\t\t<div class=\"elementor-widget-container\">\n\t\t\t\t\t<h2 class=\"elementor-heading-title elementor-size-default\">De 15 \u00e0 18 ans, le lyc\u00e9e<\/h2>\t\t\t\t<\/div>\n\t\t\t\t<\/div>\n\t\t\t\t<div class=\"elementor-element elementor-element-6c941f9 sc_height_tiny sc_fly_static elementor-widget elementor-widget-spacer\" data-id=\"6c941f9\" data-element_type=\"widget\" data-e-type=\"widget\" data-widget_type=\"spacer.default\">\n\t\t\t\t<div class=\"elementor-widget-container\">\n\t\t\t\t\t\t\t<div class=\"elementor-spacer\">\n\t\t\t<div class=\"elementor-spacer-inner\"><\/div>\n\t\t<\/div>\n\t\t\t\t\t\t<\/div>\n\t\t\t\t<\/div>\n\t\t\t\t<div class=\"elementor-element elementor-element-f6a658a sc_fly_static elementor-widget elementor-widget-text-editor\" data-id=\"f6a658a\" data-element_type=\"widget\" data-e-type=\"widget\" data-widget_type=\"text-editor.default\">\n\t\t\t\t<div class=\"elementor-widget-container\">\n\t\t\t\t\t\t\t\t\t<p>Le parcours comprend trois ann\u00e9es : seconde, premi\u00e8re et terminale. En fonction de leur projet et de leurs aptitudes les \u00e9l\u00e8ves peuvent choisir entre les s\u00e9ries g\u00e9n\u00e9rale, technologique ou professionnelle.<br \/>A partir de la classe de premi\u00e8re, le parcours comprend une partie d\u2019enseignements communs tout en permettant une personnalisation du parcours gr\u00e2ce \u00e0 trois enseignements de sp\u00e9cialit\u00e9s choisis en fin de seconde. L\u2019un des trois enseignements de sp\u00e9cialit\u00e9 suivis en classe de premi\u00e8re est abandonn\u00e9 en terminale, au profit d\u2019une sp\u00e9cialisation plus marqu\u00e9e dans deux disciplines. L\u2019enseignement de sp\u00e9cialit\u00e9 suivi en premi\u00e8re est \u00e9valu\u00e9 en contr\u00f4le continu, les deux autres (conserv\u00e9s en terminale) le sont par l\u2019interm\u00e9diaire d\u2019\u00e9preuves finales, tout comme le fran\u00e7ais, la philosophie et le grand oral.<\/p>\t\t\t\t\t\t\t\t<\/div>\n\t\t\t\t<\/div>\n\t\t\t\t<div class=\"elementor-element elementor-element-0094c02 sc_height_small sc_fly_static elementor-widget elementor-widget-spacer\" data-id=\"0094c02\" data-element_type=\"widget\" data-e-type=\"widget\" data-widget_type=\"spacer.default\">\n\t\t\t\t<div class=\"elementor-widget-container\">\n\t\t\t\t\t\t\t<div class=\"elementor-spacer\">\n\t\t\t<div class=\"elementor-spacer-inner\"><\/div>\n\t\t<\/div>\n\t\t\t\t\t\t<\/div>\n\t\t\t\t<\/div>\n\t\t\t\t\t<\/div>\n\t\t<\/div>\n\t\t\t\t\t<\/div>\n\t\t<\/section>\n\t\t\t\t<section class=\"elementor-section elementor-top-section elementor-element elementor-element-c7e299d elementor-section-boxed elementor-section-height-default elementor-section-height-default sc_fly_static\" data-id=\"c7e299d\" data-element_type=\"section\" data-e-type=\"section\">\n\t\t\t\t\t\t<div class=\"elementor-container elementor-column-gap-extended\">\n\t\t\t\t\t<div class=\"elementor-column elementor-col-100 elementor-top-column elementor-element elementor-element-793c46a sc_content_align_inherit sc_layouts_column_icons_position_left sc_fly_static\" data-id=\"793c46a\" data-element_type=\"column\" data-e-type=\"column\">\n\t\t\t<div class=\"elementor-widget-wrap elementor-element-populated\">\n\t\t\t\t\t\t<div class=\"elementor-element elementor-element-c25cdbd sc_height_medium sc_fly_static elementor-widget elementor-widget-spacer\" data-id=\"c25cdbd\" data-element_type=\"widget\" data-e-type=\"widget\" data-widget_type=\"spacer.default\">\n\t\t\t\t<div class=\"elementor-widget-container\">\n\t\t\t\t\t\t\t<div class=\"elementor-spacer\">\n\t\t\t<div class=\"elementor-spacer-inner\"><\/div>\n\t\t<\/div>\n\t\t\t\t\t\t<\/div>\n\t\t\t\t<\/div>\n\t\t\t\t\t<\/div>\n\t\t<\/div>\n\t\t\t\t\t<\/div>\n\t\t<\/section>\n\t\t\t\t<section class=\"elementor-section elementor-top-section elementor-element elementor-element-8290cbd elementor-section-content-middle elementor-section-boxed elementor-section-height-default elementor-section-height-default sc_fly_static\" data-id=\"8290cbd\" data-element_type=\"section\" data-e-type=\"section\">\n\t\t\t\t\t\t<div class=\"elementor-container elementor-column-gap-extended\">\n\t\t\t\t\t<div class=\"elementor-column elementor-col-50 elementor-top-column elementor-element elementor-element-0720bf3 sc_content_align_inherit sc_layouts_column_icons_position_left sc_fly_static\" data-id=\"0720bf3\" data-element_type=\"column\" data-e-type=\"column\">\n\t\t\t<div class=\"elementor-widget-wrap elementor-element-populated\">\n\t\t\t\t\t\t<div class=\"elementor-element elementor-element-9d5e87c sc_height_small sc_fly_static elementor-widget elementor-widget-spacer\" data-id=\"9d5e87c\" data-element_type=\"widget\" data-e-type=\"widget\" data-widget_type=\"spacer.default\">\n\t\t\t\t<div class=\"elementor-widget-container\">\n\t\t\t\t\t\t\t<div class=\"elementor-spacer\">\n\t\t\t<div class=\"elementor-spacer-inner\"><\/div>\n\t\t<\/div>\n\t\t\t\t\t\t<\/div>\n\t\t\t\t<\/div>\n\t\t\t\t<div class=\"elementor-element elementor-element-d095679 sc_fly_static elementor-widget elementor-widget-heading\" data-id=\"d095679\" data-element_type=\"widget\" data-e-type=\"widget\" data-widget_type=\"heading.default\">\n\t\t\t\t<div class=\"elementor-widget-container\">\n\t\t\t\t\t<h2 class=\"elementor-heading-title elementor-size-default\">Des dipl\u00f4mes reconnus<\/h2>\t\t\t\t<\/div>\n\t\t\t\t<\/div>\n\t\t\t\t<div class=\"elementor-element elementor-element-5464406 sc_height_tiny sc_fly_static elementor-widget elementor-widget-spacer\" data-id=\"5464406\" data-element_type=\"widget\" data-e-type=\"widget\" data-widget_type=\"spacer.default\">\n\t\t\t\t<div class=\"elementor-widget-container\">\n\t\t\t\t\t\t\t<div class=\"elementor-spacer\">\n\t\t\t<div class=\"elementor-spacer-inner\"><\/div>\n\t\t<\/div>\n\t\t\t\t\t\t<\/div>\n\t\t\t\t<\/div>\n\t\t\t\t<div class=\"elementor-element elementor-element-4e63afd sc_fly_static elementor-widget elementor-widget-text-editor\" data-id=\"4e63afd\" data-element_type=\"widget\" data-e-type=\"widget\" data-widget_type=\"text-editor.default\">\n\t\t\t\t<div class=\"elementor-widget-container\">\n\t\t\t\t\t\t\t\t\t<p>Le parcours scolaire des \u00e9l\u00e8ves est reconnu apr\u00e8s examens, par deux dipl\u00f4mes : le Dipl\u00f4me National du Brevet (DNB) en fin de 3\u00e8me et surtout le Baccalaur\u00e9at en fin de terminale. L&rsquo;acad\u00e9mie de Bordeaux est en charge de leur organisation avec le service des examens.<\/p>\t\t\t\t\t\t\t\t<\/div>\n\t\t\t\t<\/div>\n\t\t\t\t<div class=\"elementor-element elementor-element-50d1a2e sc_height_small sc_fly_static elementor-widget elementor-widget-spacer\" data-id=\"50d1a2e\" data-element_type=\"widget\" data-e-type=\"widget\" data-widget_type=\"spacer.default\">\n\t\t\t\t<div class=\"elementor-widget-container\">\n\t\t\t\t\t\t\t<div class=\"elementor-spacer\">\n\t\t\t<div class=\"elementor-spacer-inner\"><\/div>\n\t\t<\/div>\n\t\t\t\t\t\t<\/div>\n\t\t\t\t<\/div>\n\t\t\t\t\t<\/div>\n\t\t<\/div>\n\t\t\t\t<div class=\"elementor-column elementor-col-50 elementor-top-column elementor-element elementor-element-4e95f3e sc_content_align_inherit sc_layouts_column_icons_position_left sc_fly_static\" data-id=\"4e95f3e\" data-element_type=\"column\" data-e-type=\"column\">\n\t\t\t<div class=\"elementor-widget-wrap elementor-element-populated\">\n\t\t\t\t\t\t<div class=\"elementor-element elementor-element-2ae5e26 sc_fly_static elementor-widget elementor-widget-image\" data-id=\"2ae5e26\" data-element_type=\"widget\" data-e-type=\"widget\" data-widget_type=\"image.default\">\n\t\t\t\t<div class=\"elementor-widget-container\">\n\t\t\t\t\t\t\t\t\t\t\t\t\t\t\t<img loading=\"lazy\" decoding=\"async\" width=\"1044\" height=\"1086\" src=\"https:\/\/www.efmaroc.org\/efm\/wp-content\/uploads\/2023\/01\/efm-enseignement-francais-maroc-parcours-pedagogique-3-1.jpg\" class=\"attachment-full size-full wp-image-20904\" alt=\"\" srcset=\"https:\/\/www.efmaroc.org\/efm\/wp-content\/uploads\/2023\/01\/efm-enseignement-francais-maroc-parcours-pedagogique-3-1.jpg 1044w, https:\/\/www.efmaroc.org\/efm\/wp-content\/uploads\/2023\/01\/efm-enseignement-francais-maroc-parcours-pedagogique-3-1-288x300.jpg 288w, https:\/\/www.efmaroc.org\/efm\/wp-content\/uploads\/2023\/01\/efm-enseignement-francais-maroc-parcours-pedagogique-3-1-984x1024.jpg 984w, https:\/\/www.efmaroc.org\/efm\/wp-content\/uploads\/2023\/01\/efm-enseignement-francais-maroc-parcours-pedagogique-3-1-768x799.jpg 768w, https:\/\/www.efmaroc.org\/efm\/wp-content\/uploads\/2023\/01\/efm-enseignement-francais-maroc-parcours-pedagogique-3-1-370x385.jpg 370w, https:\/\/www.efmaroc.org\/efm\/wp-content\/uploads\/2023\/01\/efm-enseignement-francais-maroc-parcours-pedagogique-3-1-840x874.jpg 840w, https:\/\/www.efmaroc.org\/efm\/wp-content\/uploads\/2023\/01\/efm-enseignement-francais-maroc-parcours-pedagogique-3-1-410x426.jpg 410w\" sizes=\"(max-width: 1044px) 100vw, 1044px\" \/>\t\t\t\t\t\t\t\t\t\t\t\t\t\t\t<\/div>\n\t\t\t\t<\/div>\n\t\t\t\t\t<\/div>\n\t\t<\/div>\n\t\t\t\t\t<\/div>\n\t\t<\/section>\n\t\t\t\t<section class=\"elementor-section elementor-top-section elementor-element elementor-element-ba9d73b elementor-section-boxed elementor-section-height-default elementor-section-height-default sc_fly_static\" data-id=\"ba9d73b\" data-element_type=\"section\" data-e-type=\"section\">\n\t\t\t\t\t\t<div class=\"elementor-container elementor-column-gap-extended\">\n\t\t\t\t\t<div class=\"elementor-column elementor-col-100 elementor-top-column elementor-element elementor-element-a1d869d sc_content_align_inherit sc_layouts_column_icons_position_left sc_fly_static\" data-id=\"a1d869d\" data-element_type=\"column\" data-e-type=\"column\">\n\t\t\t<div class=\"elementor-widget-wrap elementor-element-populated\">\n\t\t\t\t\t\t<div class=\"elementor-element elementor-element-c85a9a6 sc_height_medium sc_fly_static elementor-widget elementor-widget-spacer\" data-id=\"c85a9a6\" data-element_type=\"widget\" data-e-type=\"widget\" data-widget_type=\"spacer.default\">\n\t\t\t\t<div class=\"elementor-widget-container\">\n\t\t\t\t\t\t\t<div class=\"elementor-spacer\">\n\t\t\t<div class=\"elementor-spacer-inner\"><\/div>\n\t\t<\/div>\n\t\t\t\t\t\t<\/div>\n\t\t\t\t<\/div>\n\t\t\t\t\t<\/div>\n\t\t<\/div>\n\t\t\t\t\t<\/div>\n\t\t<\/section>\n\t\t\t\t<section class=\"elementor-section elementor-top-section elementor-element elementor-element-ab8f085 elementor-section-stretched elementor-section-boxed elementor-section-height-default elementor-section-height-default sc_fly_static\" data-id=\"ab8f085\" data-element_type=\"section\" data-e-type=\"section\" data-settings=\"{&quot;stretch_section&quot;:&quot;section-stretched&quot;,&quot;background_background&quot;:&quot;classic&quot;}\">\n\t\t\t\t\t\t<div class=\"elementor-container elementor-column-gap-default\">\n\t\t\t\t\t<div class=\"elementor-column elementor-col-100 elementor-top-column elementor-element elementor-element-f282091 sc_content_align_inherit sc_layouts_column_icons_position_left sc_fly_static\" data-id=\"f282091\" data-element_type=\"column\" data-e-type=\"column\">\n\t\t\t<div class=\"elementor-widget-wrap elementor-element-populated\">\n\t\t\t\t\t\t<div class=\"elementor-element elementor-element-81c0a5c sc_height_medium sc_fly_static elementor-widget elementor-widget-spacer\" data-id=\"81c0a5c\" data-element_type=\"widget\" data-e-type=\"widget\" data-widget_type=\"spacer.default\">\n\t\t\t\t<div class=\"elementor-widget-container\">\n\t\t\t\t\t\t\t<div class=\"elementor-spacer\">\n\t\t\t<div class=\"elementor-spacer-inner\"><\/div>\n\t\t<\/div>\n\t\t\t\t\t\t<\/div>\n\t\t\t\t<\/div>\n\t\t\t\t<div class=\"elementor-element elementor-element-c8e3a56 sc_fly_static elementor-widget elementor-widget-heading\" data-id=\"c8e3a56\" data-element_type=\"widget\" data-e-type=\"widget\" data-widget_type=\"heading.default\">\n\t\t\t\t<div class=\"elementor-widget-container\">\n\t\t\t\t\t<h3 class=\"elementor-heading-title elementor-size-default\">Pr\u00e9sentation du Dipl\u00f4me National du Brevet \net pr\u00e9sentation des voies possibles au Baccalaur\u00e9at<\/h3>\t\t\t\t<\/div>\n\t\t\t\t<\/div>\n\t\t\t\t<div class=\"elementor-element elementor-element-bf92db7 sc_height_small sc_fly_static elementor-widget elementor-widget-spacer\" data-id=\"bf92db7\" data-element_type=\"widget\" data-e-type=\"widget\" data-widget_type=\"spacer.default\">\n\t\t\t\t<div class=\"elementor-widget-container\">\n\t\t\t\t\t\t\t<div class=\"elementor-spacer\">\n\t\t\t<div class=\"elementor-spacer-inner\"><\/div>\n\t\t<\/div>\n\t\t\t\t\t\t<\/div>\n\t\t\t\t<\/div>\n\t\t\t\t<div class=\"elementor-element elementor-element-2c9e675 elementor-pagination-position-outside sc_fly_static elementor-widget elementor-widget-image-carousel\" data-id=\"2c9e675\" data-element_type=\"widget\" data-e-type=\"widget\" data-settings=\"{&quot;slides_to_show&quot;:&quot;1&quot;,&quot;navigation&quot;:&quot;dots&quot;,&quot;autoplay&quot;:&quot;yes&quot;,&quot;pause_on_hover&quot;:&quot;yes&quot;,&quot;pause_on_interaction&quot;:&quot;yes&quot;,&quot;autoplay_speed&quot;:5000,&quot;infinite&quot;:&quot;yes&quot;,&quot;effect&quot;:&quot;slide&quot;,&quot;speed&quot;:500}\" data-widget_type=\"image-carousel.default\">\n\t\t\t\t<div class=\"elementor-widget-container\">\n\t\t\t\t\t\t\t<div class=\"elementor-image-carousel-wrapper swiper\" role=\"region\" aria-roledescription=\"carousel\" aria-label=\"Carousel d&#039;images\" dir=\"ltr\">\n\t\t\t<div class=\"elementor-image-carousel swiper-wrapper\" aria-live=\"off\">\n\t\t\t\t\t\t\t\t<div class=\"swiper-slide\" role=\"group\" aria-roledescription=\"slide\" aria-label=\"1 sur 4\"><figure class=\"swiper-slide-inner\"><img decoding=\"async\" class=\"swiper-slide-image\" src=\"https:\/\/www.efmaroc.org\/efm\/wp-content\/uploads\/2023\/01\/efm-enseignement-francais-maroc-carousel-4.png\" alt=\"efm-enseignement-francais-maroc-carousel-4\" \/><\/figure><\/div><div class=\"swiper-slide\" role=\"group\" aria-roledescription=\"slide\" aria-label=\"2 sur 4\"><figure class=\"swiper-slide-inner\"><img decoding=\"async\" class=\"swiper-slide-image\" src=\"https:\/\/www.efmaroc.org\/efm\/wp-content\/uploads\/2023\/01\/efm-enseignement-francais-maroc-carousel-2.png\" alt=\"efm-enseignement-francais-maroc-carousel-2\" \/><\/figure><\/div><div class=\"swiper-slide\" role=\"group\" aria-roledescription=\"slide\" aria-label=\"3 sur 4\"><figure class=\"swiper-slide-inner\"><img decoding=\"async\" class=\"swiper-slide-image\" src=\"https:\/\/www.efmaroc.org\/efm\/wp-content\/uploads\/2023\/01\/efm-enseignement-francais-maroc-carousel-1.png\" alt=\"efm-enseignement-francais-maroc-carousel-1\" \/><\/figure><\/div><div class=\"swiper-slide\" role=\"group\" aria-roledescription=\"slide\" aria-label=\"4 sur 4\"><figure class=\"swiper-slide-inner\"><img decoding=\"async\" class=\"swiper-slide-image\" src=\"https:\/\/www.efmaroc.org\/efm\/wp-content\/uploads\/2023\/02\/efm-enseignement-francais-maroc-carousel-5.png\" alt=\"efm-enseignement-francais-maroc-carousel-5\" \/><\/figure><\/div>\t\t\t<\/div>\n\t\t\t\t\t\t\t\n\t\t\t\t\t\t\t\t\t<div class=\"swiper-pagination\"><\/div>\n\t\t\t\t\t\t\t\t\t<\/div>\n\t\t\t\t\t\t<\/div>\n\t\t\t\t<\/div>\n\t\t\t\t<div class=\"elementor-element elementor-element-b863558 sc_height_medium sc_fly_static elementor-widget elementor-widget-spacer\" data-id=\"b863558\" data-element_type=\"widget\" data-e-type=\"widget\" data-widget_type=\"spacer.default\">\n\t\t\t\t<div class=\"elementor-widget-container\">\n\t\t\t\t\t\t\t<div class=\"elementor-spacer\">\n\t\t\t<div class=\"elementor-spacer-inner\"><\/div>\n\t\t<\/div>\n\t\t\t\t\t\t<\/div>\n\t\t\t\t<\/div>\n\t\t\t\t\t<\/div>\n\t\t<\/div>\n\t\t\t\t\t<\/div>\n\t\t<\/section>\n\t\t\t\t<section class=\"elementor-section elementor-top-section elementor-element elementor-element-5882793 elementor-section-boxed elementor-section-height-default elementor-section-height-default sc_fly_static\" data-id=\"5882793\" data-element_type=\"section\" data-e-type=\"section\">\n\t\t\t\t\t\t<div class=\"elementor-container elementor-column-gap-extended\">\n\t\t\t\t\t<div class=\"elementor-column elementor-col-100 elementor-top-column elementor-element elementor-element-a9147d1 sc_content_align_inherit sc_layouts_column_icons_position_left sc_fly_static\" data-id=\"a9147d1\" data-element_type=\"column\" data-e-type=\"column\">\n\t\t\t<div class=\"elementor-widget-wrap elementor-element-populated\">\n\t\t\t\t\t\t<div class=\"elementor-element elementor-element-5699925 sc_height_medium sc_fly_static elementor-widget elementor-widget-spacer\" data-id=\"5699925\" data-element_type=\"widget\" data-e-type=\"widget\" data-widget_type=\"spacer.default\">\n\t\t\t\t<div class=\"elementor-widget-container\">\n\t\t\t\t\t\t\t<div class=\"elementor-spacer\">\n\t\t\t<div class=\"elementor-spacer-inner\"><\/div>\n\t\t<\/div>\n\t\t\t\t\t\t<\/div>\n\t\t\t\t<\/div>\n\t\t\t\t\t<\/div>\n\t\t<\/div>\n\t\t\t\t\t<\/div>\n\t\t<\/section>\n\t\t\t\t<\/div>\n\t\t","protected":false},"excerpt":{"rendered":"<p>D\u00e8s 3 ans, l&rsquo;\u00e9cole maternelle L\u2019\u00e9cole maternelle est dot\u00e9e d\u2019une identit\u00e9 propre, d\u2019une culture sp\u00e9cifique&hellip;<\/p>\n","protected":false},"author":1,"featured_media":0,"parent":0,"menu_order":0,"comment_status":"closed","ping_status":"closed","template":"","meta":{"footnotes":""},"class_list":["post-20319","page","type-page","status-publish","hentry"],"yoast_head":"<!-- This site is optimized with the Yoast SEO plugin v26.8 - https:\/\/yoast.com\/product\/yoast-seo-wordpress\/ -->\n<title>Parcours p\u00e9dagogique | Enseignement Fran\u00e7ais au Maroc<\/title>\n<meta name=\"description\" content=\"Du cycle maternel au lyc\u00e9e, d\u00e9couvrez comment s\u2019articulent le parcours p\u00e9dagogique EFM Maroc pour accompagner la r\u00e9ussite de chaque \u00e9l\u00e8ve.\" \/>\n<meta name=\"robots\" content=\"index, follow, max-snippet:-1, max-image-preview:large, max-video-preview:-1\" \/>\n<link rel=\"canonical\" href=\"https:\/\/www.efmaroc.org\/efm\/parcours-pedagogique\/\" \/>\n<meta property=\"og:locale\" content=\"fr_FR\" \/>\n<meta property=\"og:type\" content=\"article\" \/>\n<meta property=\"og:title\" content=\"Parcours p\u00e9dagogique | Enseignement Fran\u00e7ais au Maroc\" \/>\n<meta property=\"og:description\" content=\"Du cycle maternel au lyc\u00e9e, d\u00e9couvrez comment s\u2019articulent le parcours p\u00e9dagogique EFM Maroc pour accompagner la r\u00e9ussite de chaque \u00e9l\u00e8ve.\" \/>\n<meta property=\"og:url\" content=\"https:\/\/www.efmaroc.org\/efm\/parcours-pedagogique\/\" \/>\n<meta property=\"og:site_name\" content=\"EFM\" \/>\n<meta property=\"article:modified_time\" content=\"2026-01-30T14:39:48+00:00\" \/>\n<meta property=\"og:image\" content=\"https:\/\/www.efmaroc.org\/efm\/wp-content\/uploads\/2023\/01\/efm-enseignement-francais-maroc-parcours-pedagogique-cover.png\" \/>\n\t<meta property=\"og:image:width\" content=\"1300\" \/>\n\t<meta property=\"og:image:height\" content=\"536\" \/>\n\t<meta property=\"og:image:type\" content=\"image\/png\" \/>\n<meta name=\"twitter:card\" content=\"summary_large_image\" \/>\n<meta name=\"twitter:label1\" content=\"Dur\u00e9e de lecture estim\u00e9e\" \/>\n\t<meta name=\"twitter:data1\" content=\"6 minutes\" \/>\n<script type=\"application\/ld+json\" class=\"yoast-schema-graph\">{\"@context\":\"https:\/\/schema.org\",\"@graph\":[{\"@type\":\"WebPage\",\"@id\":\"https:\/\/www.efmaroc.org\/efm\/parcours-pedagogique\/\",\"url\":\"https:\/\/www.efmaroc.org\/efm\/parcours-pedagogique\/\",\"name\":\"Parcours p\u00e9dagogique | Enseignement Fran\u00e7ais au Maroc\",\"isPartOf\":{\"@id\":\"https:\/\/www.efmaroc.org\/efm\/#website\"},\"primaryImageOfPage\":{\"@id\":\"https:\/\/www.efmaroc.org\/efm\/parcours-pedagogique\/#primaryimage\"},\"image\":{\"@id\":\"https:\/\/www.efmaroc.org\/efm\/parcours-pedagogique\/#primaryimage\"},\"thumbnailUrl\":\"https:\/\/www.efmaroc.org\/efm\/wp-content\/uploads\/2023\/01\/efm-enseignement-francais-maroc-parcours-pedagogique-cover.png\",\"datePublished\":\"2022-12-13T16:30:06+00:00\",\"dateModified\":\"2026-01-30T14:39:48+00:00\",\"description\":\"Du cycle maternel au lyc\u00e9e, d\u00e9couvrez comment s\u2019articulent le parcours p\u00e9dagogique EFM Maroc pour accompagner la r\u00e9ussite de chaque \u00e9l\u00e8ve.\",\"breadcrumb\":{\"@id\":\"https:\/\/www.efmaroc.org\/efm\/parcours-pedagogique\/#breadcrumb\"},\"inLanguage\":\"fr-FR\",\"potentialAction\":[{\"@type\":\"ReadAction\",\"target\":[\"https:\/\/www.efmaroc.org\/efm\/parcours-pedagogique\/\"]}]},{\"@type\":\"ImageObject\",\"inLanguage\":\"fr-FR\",\"@id\":\"https:\/\/www.efmaroc.org\/efm\/parcours-pedagogique\/#primaryimage\",\"url\":\"https:\/\/www.efmaroc.org\/efm\/wp-content\/uploads\/2023\/01\/efm-enseignement-francais-maroc-parcours-pedagogique-cover.png\",\"contentUrl\":\"https:\/\/www.efmaroc.org\/efm\/wp-content\/uploads\/2023\/01\/efm-enseignement-francais-maroc-parcours-pedagogique-cover.png\",\"width\":1300,\"height\":536},{\"@type\":\"BreadcrumbList\",\"@id\":\"https:\/\/www.efmaroc.org\/efm\/parcours-pedagogique\/#breadcrumb\",\"itemListElement\":[{\"@type\":\"ListItem\",\"position\":1,\"name\":\"Accueil\",\"item\":\"https:\/\/www.efmaroc.org\/efm\/\"},{\"@type\":\"ListItem\",\"position\":2,\"name\":\"Parcours p\u00e9dagogique\"}]},{\"@type\":\"WebSite\",\"@id\":\"https:\/\/www.efmaroc.org\/efm\/#website\",\"url\":\"https:\/\/www.efmaroc.org\/efm\/\",\"name\":\"EFM\",\"description\":\"Enseignement Fran\u00e7ais au Maroc\",\"publisher\":{\"@id\":\"https:\/\/www.efmaroc.org\/efm\/#organization\"},\"potentialAction\":[{\"@type\":\"SearchAction\",\"target\":{\"@type\":\"EntryPoint\",\"urlTemplate\":\"https:\/\/www.efmaroc.org\/efm\/?s={search_term_string}\"},\"query-input\":{\"@type\":\"PropertyValueSpecification\",\"valueRequired\":true,\"valueName\":\"search_term_string\"}}],\"inLanguage\":\"fr-FR\"},{\"@type\":\"Organization\",\"@id\":\"https:\/\/www.efmaroc.org\/efm\/#organization\",\"name\":\"EFM\",\"url\":\"https:\/\/www.efmaroc.org\/efm\/\",\"logo\":{\"@type\":\"ImageObject\",\"inLanguage\":\"fr-FR\",\"@id\":\"https:\/\/www.efmaroc.org\/efm\/#\/schema\/logo\/image\/\",\"url\":\"https:\/\/www.efmaroc.org\/efm\/wp-content\/uploads\/2022\/12\/efm-enseignement-francais-maroc-logotaglinex2.png\",\"contentUrl\":\"https:\/\/www.efmaroc.org\/efm\/wp-content\/uploads\/2022\/12\/efm-enseignement-francais-maroc-logotaglinex2.png\",\"width\":104,\"height\":78,\"caption\":\"EFM\"},\"image\":{\"@id\":\"https:\/\/www.efmaroc.org\/efm\/#\/schema\/logo\/image\/\"}}]}<\/script>\n<!-- \/ Yoast SEO plugin. -->","yoast_head_json":{"title":"Parcours p\u00e9dagogique | Enseignement Fran\u00e7ais au Maroc","description":"Du cycle maternel au lyc\u00e9e, d\u00e9couvrez comment s\u2019articulent le parcours p\u00e9dagogique EFM Maroc pour accompagner la r\u00e9ussite de chaque \u00e9l\u00e8ve.","robots":{"index":"index","follow":"follow","max-snippet":"max-snippet:-1","max-image-preview":"max-image-preview:large","max-video-preview":"max-video-preview:-1"},"canonical":"https:\/\/www.efmaroc.org\/efm\/parcours-pedagogique\/","og_locale":"fr_FR","og_type":"article","og_title":"Parcours p\u00e9dagogique | Enseignement Fran\u00e7ais au Maroc","og_description":"Du cycle maternel au lyc\u00e9e, d\u00e9couvrez comment s\u2019articulent le parcours p\u00e9dagogique EFM Maroc pour accompagner la r\u00e9ussite de chaque \u00e9l\u00e8ve.","og_url":"https:\/\/www.efmaroc.org\/efm\/parcours-pedagogique\/","og_site_name":"EFM","article_modified_time":"2026-01-30T14:39:48+00:00","og_image":[{"width":1300,"height":536,"url":"https:\/\/www.efmaroc.org\/efm\/wp-content\/uploads\/2023\/01\/efm-enseignement-francais-maroc-parcours-pedagogique-cover.png","type":"image\/png"}],"twitter_card":"summary_large_image","twitter_misc":{"Dur\u00e9e de lecture estim\u00e9e":"6 minutes"},"schema":{"@context":"https:\/\/schema.org","@graph":[{"@type":"WebPage","@id":"https:\/\/www.efmaroc.org\/efm\/parcours-pedagogique\/","url":"https:\/\/www.efmaroc.org\/efm\/parcours-pedagogique\/","name":"Parcours p\u00e9dagogique | Enseignement Fran\u00e7ais au Maroc","isPartOf":{"@id":"https:\/\/www.efmaroc.org\/efm\/#website"},"primaryImageOfPage":{"@id":"https:\/\/www.efmaroc.org\/efm\/parcours-pedagogique\/#primaryimage"},"image":{"@id":"https:\/\/www.efmaroc.org\/efm\/parcours-pedagogique\/#primaryimage"},"thumbnailUrl":"https:\/\/www.efmaroc.org\/efm\/wp-content\/uploads\/2023\/01\/efm-enseignement-francais-maroc-parcours-pedagogique-cover.png","datePublished":"2022-12-13T16:30:06+00:00","dateModified":"2026-01-30T14:39:48+00:00","description":"Du cycle maternel au lyc\u00e9e, d\u00e9couvrez comment s\u2019articulent le parcours p\u00e9dagogique EFM Maroc pour accompagner la r\u00e9ussite de chaque \u00e9l\u00e8ve.","breadcrumb":{"@id":"https:\/\/www.efmaroc.org\/efm\/parcours-pedagogique\/#breadcrumb"},"inLanguage":"fr-FR","potentialAction":[{"@type":"ReadAction","target":["https:\/\/www.efmaroc.org\/efm\/parcours-pedagogique\/"]}]},{"@type":"ImageObject","inLanguage":"fr-FR","@id":"https:\/\/www.efmaroc.org\/efm\/parcours-pedagogique\/#primaryimage","url":"https:\/\/www.efmaroc.org\/efm\/wp-content\/uploads\/2023\/01\/efm-enseignement-francais-maroc-parcours-pedagogique-cover.png","contentUrl":"https:\/\/www.efmaroc.org\/efm\/wp-content\/uploads\/2023\/01\/efm-enseignement-francais-maroc-parcours-pedagogique-cover.png","width":1300,"height":536},{"@type":"BreadcrumbList","@id":"https:\/\/www.efmaroc.org\/efm\/parcours-pedagogique\/#breadcrumb","itemListElement":[{"@type":"ListItem","position":1,"name":"Accueil","item":"https:\/\/www.efmaroc.org\/efm\/"},{"@type":"ListItem","position":2,"name":"Parcours p\u00e9dagogique"}]},{"@type":"WebSite","@id":"https:\/\/www.efmaroc.org\/efm\/#website","url":"https:\/\/www.efmaroc.org\/efm\/","name":"EFM","description":"Enseignement Fran\u00e7ais au Maroc","publisher":{"@id":"https:\/\/www.efmaroc.org\/efm\/#organization"},"potentialAction":[{"@type":"SearchAction","target":{"@type":"EntryPoint","urlTemplate":"https:\/\/www.efmaroc.org\/efm\/?s={search_term_string}"},"query-input":{"@type":"PropertyValueSpecification","valueRequired":true,"valueName":"search_term_string"}}],"inLanguage":"fr-FR"},{"@type":"Organization","@id":"https:\/\/www.efmaroc.org\/efm\/#organization","name":"EFM","url":"https:\/\/www.efmaroc.org\/efm\/","logo":{"@type":"ImageObject","inLanguage":"fr-FR","@id":"https:\/\/www.efmaroc.org\/efm\/#\/schema\/logo\/image\/","url":"https:\/\/www.efmaroc.org\/efm\/wp-content\/uploads\/2022\/12\/efm-enseignement-francais-maroc-logotaglinex2.png","contentUrl":"https:\/\/www.efmaroc.org\/efm\/wp-content\/uploads\/2022\/12\/efm-enseignement-francais-maroc-logotaglinex2.png","width":104,"height":78,"caption":"EFM"},"image":{"@id":"https:\/\/www.efmaroc.org\/efm\/#\/schema\/logo\/image\/"}}]}},"jetpack_sharing_enabled":true,"_links":{"self":[{"href":"https:\/\/www.efmaroc.org\/efm\/wp-json\/wp\/v2\/pages\/20319","targetHints":{"allow":["GET"]}}],"collection":[{"href":"https:\/\/www.efmaroc.org\/efm\/wp-json\/wp\/v2\/pages"}],"about":[{"href":"https:\/\/www.efmaroc.org\/efm\/wp-json\/wp\/v2\/types\/page"}],"author":[{"embeddable":true,"href":"https:\/\/www.efmaroc.org\/efm\/wp-json\/wp\/v2\/users\/1"}],"replies":[{"embeddable":true,"href":"https:\/\/www.efmaroc.org\/efm\/wp-json\/wp\/v2\/comments?post=20319"}],"version-history":[{"count":140,"href":"https:\/\/www.efmaroc.org\/efm\/wp-json\/wp\/v2\/pages\/20319\/revisions"}],"predecessor-version":[{"id":24991,"href":"https:\/\/www.efmaroc.org\/efm\/wp-json\/wp\/v2\/pages\/20319\/revisions\/24991"}],"wp:attachment":[{"href":"https:\/\/www.efmaroc.org\/efm\/wp-json\/wp\/v2\/media?parent=20319"}],"curies":[{"name":"wp","href":"https:\/\/api.w.org\/{rel}","templated":true}]}}