{"id":20740,"date":"2023-01-17T14:38:05","date_gmt":"2023-01-17T13:38:05","guid":{"rendered":"https:\/\/www.efmaroc.org\/efm\/?page_id=20740"},"modified":"2026-01-30T15:50:18","modified_gmt":"2026-01-30T14:50:18","slug":"projet-zone","status":"publish","type":"page","link":"https:\/\/www.efmaroc.org\/efm\/projet-zone\/","title":{"rendered":"Projet Zone"},"content":{"rendered":"\t\t<div data-elementor-type=\"wp-page\" data-elementor-id=\"20740\" class=\"elementor elementor-20740\">\n\t\t\t\t\t\t<section class=\"elementor-section elementor-top-section elementor-element elementor-element-b88f900 elementor-section-full_width elementor-section-stretched elementor-section-height-default elementor-section-height-default sc_fly_static\" data-id=\"b88f900\" data-element_type=\"section\" data-e-type=\"section\" data-settings=\"{&quot;stretch_section&quot;:&quot;section-stretched&quot;}\">\n\t\t\t\t\t\t<div class=\"elementor-container elementor-column-gap-no\">\n\t\t\t\t\t<div class=\"elementor-column elementor-col-100 elementor-top-column elementor-element elementor-element-c44255a sc_content_align_inherit sc_layouts_column_icons_position_left sc_fly_static\" data-id=\"c44255a\" data-element_type=\"column\" data-e-type=\"column\">\n\t\t\t<div class=\"elementor-widget-wrap elementor-element-populated\">\n\t\t\t\t\t\t<div class=\"elementor-element elementor-element-e38bb51 sc_fly_static elementor-widget elementor-widget-image\" data-id=\"e38bb51\" data-element_type=\"widget\" data-e-type=\"widget\" data-widget_type=\"image.default\">\n\t\t\t\t<div class=\"elementor-widget-container\">\n\t\t\t\t\t\t\t\t\t\t\t\t\t\t\t<img fetchpriority=\"high\" decoding=\"async\" width=\"2560\" height=\"1439\" src=\"https:\/\/www.efmaroc.org\/efm\/wp-content\/uploads\/2024\/10\/photo-rentree-min-scaled.jpg\" class=\"attachment-full size-full wp-image-23291\" alt=\"\" srcset=\"https:\/\/www.efmaroc.org\/efm\/wp-content\/uploads\/2024\/10\/photo-rentree-min-scaled.jpg 2560w, https:\/\/www.efmaroc.org\/efm\/wp-content\/uploads\/2024\/10\/photo-rentree-min-300x169.jpg 300w, https:\/\/www.efmaroc.org\/efm\/wp-content\/uploads\/2024\/10\/photo-rentree-min-1024x575.jpg 1024w, https:\/\/www.efmaroc.org\/efm\/wp-content\/uploads\/2024\/10\/photo-rentree-min-768x432.jpg 768w, https:\/\/www.efmaroc.org\/efm\/wp-content\/uploads\/2024\/10\/photo-rentree-min-1536x863.jpg 1536w, https:\/\/www.efmaroc.org\/efm\/wp-content\/uploads\/2024\/10\/photo-rentree-min-2048x1151.jpg 2048w, https:\/\/www.efmaroc.org\/efm\/wp-content\/uploads\/2024\/10\/photo-rentree-min-370x208.jpg 370w, https:\/\/www.efmaroc.org\/efm\/wp-content\/uploads\/2024\/10\/photo-rentree-min-1290x725.jpg 1290w, https:\/\/www.efmaroc.org\/efm\/wp-content\/uploads\/2024\/10\/photo-rentree-min-840x472.jpg 840w, https:\/\/www.efmaroc.org\/efm\/wp-content\/uploads\/2024\/10\/photo-rentree-min-410x230.jpg 410w, https:\/\/www.efmaroc.org\/efm\/wp-content\/uploads\/2024\/10\/photo-rentree-min-270x152.jpg 270w\" sizes=\"(max-width: 2560px) 100vw, 2560px\" \/>\t\t\t\t\t\t\t\t\t\t\t\t\t\t\t<\/div>\n\t\t\t\t<\/div>\n\t\t\t\t\t<\/div>\n\t\t<\/div>\n\t\t\t\t\t<\/div>\n\t\t<\/section>\n\t\t\t\t<section class=\"elementor-section elementor-top-section elementor-element elementor-element-6c12c8a elementor-section-boxed elementor-section-height-default elementor-section-height-default sc_fly_static\" data-id=\"6c12c8a\" data-element_type=\"section\" data-e-type=\"section\">\n\t\t\t\t\t\t<div class=\"elementor-container elementor-column-gap-extended\">\n\t\t\t\t\t<div class=\"elementor-column elementor-col-100 elementor-top-column elementor-element elementor-element-fafeaba sc_content_align_inherit sc_layouts_column_icons_position_left sc_fly_static\" data-id=\"fafeaba\" data-element_type=\"column\" data-e-type=\"column\">\n\t\t\t<div class=\"elementor-widget-wrap elementor-element-populated\">\n\t\t\t\t\t\t<div class=\"elementor-element elementor-element-16467ff8 sc_height_medium sc_fly_static elementor-widget elementor-widget-spacer\" data-id=\"16467ff8\" data-element_type=\"widget\" data-e-type=\"widget\" data-widget_type=\"spacer.default\">\n\t\t\t\t<div class=\"elementor-widget-container\">\n\t\t\t\t\t\t\t<div class=\"elementor-spacer\">\n\t\t\t<div class=\"elementor-spacer-inner\"><\/div>\n\t\t<\/div>\n\t\t\t\t\t\t<\/div>\n\t\t\t\t<\/div>\n\t\t\t\t\t<\/div>\n\t\t<\/div>\n\t\t\t\t\t<\/div>\n\t\t<\/section>\n\t\t\t\t<section class=\"elementor-section elementor-top-section elementor-element elementor-element-9af5163 elementor-section-boxed elementor-section-height-default elementor-section-height-default sc_fly_static\" data-id=\"9af5163\" data-element_type=\"section\" data-e-type=\"section\">\n\t\t\t\t\t\t<div class=\"elementor-container elementor-column-gap-extended\">\n\t\t\t\t\t<div class=\"elementor-column elementor-col-100 elementor-top-column elementor-element elementor-element-7e47073 sc_content_align_inherit sc_layouts_column_icons_position_left sc_fly_static\" data-id=\"7e47073\" data-element_type=\"column\" data-e-type=\"column\">\n\t\t\t<div class=\"elementor-widget-wrap elementor-element-populated\">\n\t\t\t\t\t\t<div class=\"elementor-element elementor-element-6b6fcb02 scheme_light sc_fly_static elementor-widget elementor-widget-trx_sc_title\" data-id=\"6b6fcb02\" data-element_type=\"widget\" data-e-type=\"widget\" data-widget_type=\"trx_sc_title.default\">\n\t\t\t\t<div class=\"elementor-widget-container\">\n\t\t\t\t\t<div\t\tclass=\"sc_title scheme_light sc_title_default\" ><h1 class=\"sc_item_title sc_title_title sc_item_title_style_default sc_item_title_tag trx_addons_inline_632179384\"\n\t\t\t><span class=\"sc_item_title_text\">Projet Zone<\/span><\/h1><div class=\"sc_item_descr sc_title_descr\"><p>Le projet de zone 2022\/2027 d\u00e9finit les conditions dans lesquelles les priorit\u00e9s \u00e9ducatives arr\u00eat\u00e9es par le MENJ et le MEAE, repr\u00e9sent\u00e9es par l\u2019ambassade de France et l\u2019AEFE, sont mis en \u0153uvre dans la zone Maroc.<\/p>\n<p>\u00c9labor\u00e9 pour 5 ans, par les \u00e9quipes de direction de l\u2019ensemble des \u00e9tablissements homologu\u00e9s, le projet de zone s\u2019articule autour de 3 axes prioritaires et d\u2019un plan d\u2019actions d\u00e9taill\u00e9es.<\/p>\n<p>Il vise \u00e0 favoriser l\u2019actualisation des projets d\u2019\u00e9tablissements et projets d\u2019\u00e9coles, l\u2019information des communaut\u00e9s scolaires sur les grandes orientations du r\u00e9seau homologu\u00e9 et la synergie des diff\u00e9rents acteurs autour de rep\u00e8res communs.<\/p>\n<p>Supervis\u00e9 par un comit\u00e9 de pilotage charg\u00e9 d\u2019\u00e9laborer des indicateurs de suivi du projet, les objectifs du projet de zone seront \u00e9valu\u00e9s chaque ann\u00e9e et un bilan sera partag\u00e9 avec chaque \u00e9tablissement.<br \/>\nLe projet de zone se d\u00e9finit \u00e0 partir de 3 axes :<\/p>\n<\/div><\/div>\t\t\t\t<\/div>\n\t\t\t\t<\/div>\n\t\t\t\t\t<\/div>\n\t\t<\/div>\n\t\t\t\t\t<\/div>\n\t\t<\/section>\n\t\t\t\t<section class=\"elementor-section elementor-top-section elementor-element elementor-element-7701d06 elementor-section-boxed elementor-section-height-default elementor-section-height-default sc_fly_static\" data-id=\"7701d06\" data-element_type=\"section\" data-e-type=\"section\">\n\t\t\t\t\t\t<div class=\"elementor-container elementor-column-gap-extended\">\n\t\t\t\t\t<div class=\"elementor-column elementor-col-100 elementor-top-column elementor-element elementor-element-ea3eb6f sc_content_align_inherit sc_layouts_column_icons_position_left sc_fly_static\" data-id=\"ea3eb6f\" data-element_type=\"column\" data-e-type=\"column\">\n\t\t\t<div class=\"elementor-widget-wrap elementor-element-populated\">\n\t\t\t\t\t\t<div class=\"elementor-element elementor-element-7ef7d06 sc_height_tiny sc_fly_static elementor-widget elementor-widget-spacer\" data-id=\"7ef7d06\" data-element_type=\"widget\" data-e-type=\"widget\" data-widget_type=\"spacer.default\">\n\t\t\t\t<div class=\"elementor-widget-container\">\n\t\t\t\t\t\t\t<div class=\"elementor-spacer\">\n\t\t\t<div class=\"elementor-spacer-inner\"><\/div>\n\t\t<\/div>\n\t\t\t\t\t\t<\/div>\n\t\t\t\t<\/div>\n\t\t\t\t\t<\/div>\n\t\t<\/div>\n\t\t\t\t\t<\/div>\n\t\t<\/section>\n\t\t\t\t<section class=\"elementor-section elementor-top-section elementor-element elementor-element-b7d89c1 scheme_default elementor-section-content-middle elementor-section-full_width elementor-section-stretched elementor-section-height-default elementor-section-height-default sc_fly_static\" data-id=\"b7d89c1\" data-element_type=\"section\" data-e-type=\"section\" data-settings=\"{&quot;background_background&quot;:&quot;classic&quot;,&quot;stretch_section&quot;:&quot;section-stretched&quot;}\">\n\t\t\t\t\t\t<div class=\"elementor-container elementor-column-gap-extended\">\n\t\t\t\t\t<div class=\"elementor-column elementor-col-33 elementor-top-column elementor-element elementor-element-5170a0d sc_content_align_inherit sc_layouts_column_icons_position_left sc_fly_static\" data-id=\"5170a0d\" data-element_type=\"column\" data-e-type=\"column\">\n\t\t\t<div class=\"elementor-widget-wrap elementor-element-populated\">\n\t\t\t\t\t\t<div class=\"elementor-element elementor-element-68bae89 sc_height_tiny sc_layouts_hide_on_mobile sc_fly_static elementor-widget elementor-widget-spacer\" data-id=\"68bae89\" data-element_type=\"widget\" data-e-type=\"widget\" data-widget_type=\"spacer.default\">\n\t\t\t\t<div class=\"elementor-widget-container\">\n\t\t\t\t\t\t\t<div class=\"elementor-spacer\">\n\t\t\t<div class=\"elementor-spacer-inner\"><\/div>\n\t\t<\/div>\n\t\t\t\t\t\t<\/div>\n\t\t\t\t<\/div>\n\t\t\t\t<div class=\"elementor-element elementor-element-ab108a2 sc_fly_static elementor-widget elementor-widget-image\" data-id=\"ab108a2\" data-element_type=\"widget\" data-e-type=\"widget\" data-widget_type=\"image.default\">\n\t\t\t\t<div class=\"elementor-widget-container\">\n\t\t\t\t\t\t\t\t\t\t\t\t\t\t\t<img decoding=\"async\" width=\"652\" height=\"678\" src=\"https:\/\/www.efmaroc.org\/efm\/wp-content\/uploads\/2023\/01\/efm-enseignement-francais-maroc-zone-projet-3.jpg\" class=\"attachment-full size-full wp-image-21031\" alt=\"\" srcset=\"https:\/\/www.efmaroc.org\/efm\/wp-content\/uploads\/2023\/01\/efm-enseignement-francais-maroc-zone-projet-3.jpg 652w, https:\/\/www.efmaroc.org\/efm\/wp-content\/uploads\/2023\/01\/efm-enseignement-francais-maroc-zone-projet-3-288x300.jpg 288w, https:\/\/www.efmaroc.org\/efm\/wp-content\/uploads\/2023\/01\/efm-enseignement-francais-maroc-zone-projet-3-370x385.jpg 370w, https:\/\/www.efmaroc.org\/efm\/wp-content\/uploads\/2023\/01\/efm-enseignement-francais-maroc-zone-projet-3-410x426.jpg 410w\" sizes=\"(max-width: 652px) 100vw, 652px\" \/>\t\t\t\t\t\t\t\t\t\t\t\t\t\t\t<\/div>\n\t\t\t\t<\/div>\n\t\t\t\t<div class=\"elementor-element elementor-element-b28fb20 sc_height_tiny sc_fly_static elementor-widget elementor-widget-spacer\" data-id=\"b28fb20\" data-element_type=\"widget\" data-e-type=\"widget\" data-widget_type=\"spacer.default\">\n\t\t\t\t<div class=\"elementor-widget-container\">\n\t\t\t\t\t\t\t<div class=\"elementor-spacer\">\n\t\t\t<div class=\"elementor-spacer-inner\"><\/div>\n\t\t<\/div>\n\t\t\t\t\t\t<\/div>\n\t\t\t\t<\/div>\n\t\t\t\t\t<\/div>\n\t\t<\/div>\n\t\t\t\t<div class=\"elementor-column elementor-col-66 elementor-top-column elementor-element elementor-element-14c2796 sc_content_align_inherit sc_layouts_column_icons_position_left sc_fly_static\" data-id=\"14c2796\" data-element_type=\"column\" data-e-type=\"column\">\n\t\t\t<div class=\"elementor-widget-wrap elementor-element-populated\">\n\t\t\t\t\t\t<div class=\"elementor-element elementor-element-6cfa842 sc_height_tiny sc_fly_static elementor-widget elementor-widget-spacer\" data-id=\"6cfa842\" data-element_type=\"widget\" data-e-type=\"widget\" data-widget_type=\"spacer.default\">\n\t\t\t\t<div class=\"elementor-widget-container\">\n\t\t\t\t\t\t\t<div class=\"elementor-spacer\">\n\t\t\t<div class=\"elementor-spacer-inner\"><\/div>\n\t\t<\/div>\n\t\t\t\t\t\t<\/div>\n\t\t\t\t<\/div>\n\t\t\t\t<div class=\"elementor-element elementor-element-bd2f5f6 scheme_light sc_fly_static elementor-widget elementor-widget-trx_sc_title\" data-id=\"bd2f5f6\" data-element_type=\"widget\" data-e-type=\"widget\" data-widget_type=\"trx_sc_title.default\">\n\t\t\t\t<div class=\"elementor-widget-container\">\n\t\t\t\t\t<div\t\tclass=\"sc_title scheme_light sc_title_default\" ><h2 class=\"sc_item_title sc_title_title sc_item_title_style_default sc_item_title_tag trx_addons_inline_299092905\"\n\t\t\t><span class=\"sc_item_title_text\">Axe A : maintenir et d\u00e9velopper l\u2019attractivit\u00e9 des \u00e9tablissements du r\u00e9seau<\/span><\/h2><div class=\"sc_item_descr sc_title_descr\"><p>L\u2019excellence \u00e9ducative fran\u00e7aise pour tous les \u00e9l\u00e8ves, appuy\u00e9e sur des valeurs humanistes fortes constitue un des principaux atouts du r\u00e9seau homologu\u00e9.<br \/>\nLa prise en compte des nouveaux publics, l\u2019enrichissement \u00e9ducatif, le renforcement du travail avec les familles constituent les leviers de cet axe.<\/p>\n<\/div><\/div>\t\t\t\t<\/div>\n\t\t\t\t<\/div>\n\t\t\t\t<div class=\"elementor-element elementor-element-3bb55e5 sc_height_tiny sc_fly_static elementor-widget elementor-widget-spacer\" data-id=\"3bb55e5\" data-element_type=\"widget\" data-e-type=\"widget\" data-widget_type=\"spacer.default\">\n\t\t\t\t<div class=\"elementor-widget-container\">\n\t\t\t\t\t\t\t<div class=\"elementor-spacer\">\n\t\t\t<div class=\"elementor-spacer-inner\"><\/div>\n\t\t<\/div>\n\t\t\t\t\t\t<\/div>\n\t\t\t\t<\/div>\n\t\t\t\t\t<\/div>\n\t\t<\/div>\n\t\t\t\t\t<\/div>\n\t\t<\/section>\n\t\t\t\t<section class=\"elementor-section elementor-top-section elementor-element elementor-element-8b5ca61 elementor-section-boxed elementor-section-height-default elementor-section-height-default sc_fly_static\" data-id=\"8b5ca61\" data-element_type=\"section\" data-e-type=\"section\">\n\t\t\t\t\t\t<div class=\"elementor-container elementor-column-gap-extended\">\n\t\t\t\t\t<div class=\"elementor-column elementor-col-100 elementor-top-column elementor-element elementor-element-d57d4ed sc_content_align_inherit sc_layouts_column_icons_position_left sc_fly_static\" data-id=\"d57d4ed\" data-element_type=\"column\" data-e-type=\"column\">\n\t\t\t<div class=\"elementor-widget-wrap elementor-element-populated\">\n\t\t\t\t\t\t<div class=\"elementor-element elementor-element-98f9112 sc_height_tiny sc_fly_static elementor-widget elementor-widget-spacer\" data-id=\"98f9112\" data-element_type=\"widget\" data-e-type=\"widget\" data-widget_type=\"spacer.default\">\n\t\t\t\t<div class=\"elementor-widget-container\">\n\t\t\t\t\t\t\t<div class=\"elementor-spacer\">\n\t\t\t<div class=\"elementor-spacer-inner\"><\/div>\n\t\t<\/div>\n\t\t\t\t\t\t<\/div>\n\t\t\t\t<\/div>\n\t\t\t\t\t<\/div>\n\t\t<\/div>\n\t\t\t\t\t<\/div>\n\t\t<\/section>\n\t\t\t\t<section class=\"elementor-section elementor-top-section elementor-element elementor-element-6cd61da scheme_default elementor-section-content-middle elementor-section-full_width elementor-section-stretched elementor-reverse-mobile elementor-section-height-default elementor-section-height-default sc_fly_static\" data-id=\"6cd61da\" data-element_type=\"section\" data-e-type=\"section\" data-settings=\"{&quot;background_background&quot;:&quot;classic&quot;,&quot;stretch_section&quot;:&quot;section-stretched&quot;}\">\n\t\t\t\t\t\t<div class=\"elementor-container elementor-column-gap-extended\">\n\t\t\t\t\t<div class=\"elementor-column elementor-col-66 elementor-top-column elementor-element elementor-element-5fb9729 sc_content_align_inherit sc_layouts_column_icons_position_left sc_fly_static\" data-id=\"5fb9729\" data-element_type=\"column\" data-e-type=\"column\">\n\t\t\t<div class=\"elementor-widget-wrap elementor-element-populated\">\n\t\t\t\t\t\t<div class=\"elementor-element elementor-element-a048dde sc_height_tiny sc_fly_static elementor-widget elementor-widget-spacer\" data-id=\"a048dde\" data-element_type=\"widget\" data-e-type=\"widget\" data-widget_type=\"spacer.default\">\n\t\t\t\t<div class=\"elementor-widget-container\">\n\t\t\t\t\t\t\t<div class=\"elementor-spacer\">\n\t\t\t<div class=\"elementor-spacer-inner\"><\/div>\n\t\t<\/div>\n\t\t\t\t\t\t<\/div>\n\t\t\t\t<\/div>\n\t\t\t\t<div class=\"elementor-element elementor-element-ef9c562 scheme_light sc_fly_static elementor-widget elementor-widget-trx_sc_title\" data-id=\"ef9c562\" data-element_type=\"widget\" data-e-type=\"widget\" data-widget_type=\"trx_sc_title.default\">\n\t\t\t\t<div class=\"elementor-widget-container\">\n\t\t\t\t\t<div\t\tclass=\"sc_title scheme_light sc_title_default\" ><h2 class=\"sc_item_title sc_title_title sc_item_title_style_default sc_item_title_tag trx_addons_inline_873755358\"\n\t\t\t><span class=\"sc_item_title_text\">Axe B : renforcer les ressources humaines n\u00e9cessaires \u00e0 l\u2019exercice des missions des \u00e9tablissements fran\u00e7ais au Maroc<\/span><\/h2><div class=\"sc_item_descr sc_title_descr\"><p>Le d\u00e9veloppent du r\u00e9seau et la diversit\u00e9 des besoins des \u00e9l\u00e8ves n\u00e9cessitent que chaque \u00e9tablissement puisse continuer de se doter de personnels qualifi\u00e9s pouvant porter les valeurs et principes de l\u2019enseignement homologu\u00e9.<br \/>\nLe renforcement et la clarification des dispositifs \u00ab Ressources Humaines \u00bb partag\u00e9s entre les \u00e9tablissements homologu\u00e9s proches, la professionnalisation des personnels et la valorisation des comp\u00e9tences acquises dans le r\u00e9seau, constituent les leviers de cet axe.<\/p>\n<\/div><\/div>\t\t\t\t<\/div>\n\t\t\t\t<\/div>\n\t\t\t\t<div class=\"elementor-element elementor-element-7deccba sc_height_tiny sc_fly_static elementor-widget elementor-widget-spacer\" data-id=\"7deccba\" data-element_type=\"widget\" data-e-type=\"widget\" data-widget_type=\"spacer.default\">\n\t\t\t\t<div class=\"elementor-widget-container\">\n\t\t\t\t\t\t\t<div class=\"elementor-spacer\">\n\t\t\t<div class=\"elementor-spacer-inner\"><\/div>\n\t\t<\/div>\n\t\t\t\t\t\t<\/div>\n\t\t\t\t<\/div>\n\t\t\t\t\t<\/div>\n\t\t<\/div>\n\t\t\t\t<div class=\"elementor-column elementor-col-33 elementor-top-column elementor-element elementor-element-80f1fdd sc_content_align_inherit sc_layouts_column_icons_position_left sc_fly_static\" data-id=\"80f1fdd\" data-element_type=\"column\" data-e-type=\"column\">\n\t\t\t<div class=\"elementor-widget-wrap elementor-element-populated\">\n\t\t\t\t\t\t<div class=\"elementor-element elementor-element-2d2d17a sc_height_tiny sc_layouts_hide_on_mobile sc_fly_static elementor-widget elementor-widget-spacer\" data-id=\"2d2d17a\" data-element_type=\"widget\" data-e-type=\"widget\" data-widget_type=\"spacer.default\">\n\t\t\t\t<div class=\"elementor-widget-container\">\n\t\t\t\t\t\t\t<div class=\"elementor-spacer\">\n\t\t\t<div class=\"elementor-spacer-inner\"><\/div>\n\t\t<\/div>\n\t\t\t\t\t\t<\/div>\n\t\t\t\t<\/div>\n\t\t\t\t<div class=\"elementor-element elementor-element-e0df901 sc_fly_static elementor-widget elementor-widget-image\" data-id=\"e0df901\" data-element_type=\"widget\" data-e-type=\"widget\" data-widget_type=\"image.default\">\n\t\t\t\t<div class=\"elementor-widget-container\">\n\t\t\t\t\t\t\t\t\t\t\t\t\t\t\t<img decoding=\"async\" width=\"652\" height=\"678\" src=\"https:\/\/www.efmaroc.org\/efm\/wp-content\/uploads\/2023\/01\/efm-enseignement-francais-maroc-zone-projet-2.jpg\" class=\"attachment-full size-full wp-image-21030\" alt=\"\" srcset=\"https:\/\/www.efmaroc.org\/efm\/wp-content\/uploads\/2023\/01\/efm-enseignement-francais-maroc-zone-projet-2.jpg 652w, https:\/\/www.efmaroc.org\/efm\/wp-content\/uploads\/2023\/01\/efm-enseignement-francais-maroc-zone-projet-2-288x300.jpg 288w, https:\/\/www.efmaroc.org\/efm\/wp-content\/uploads\/2023\/01\/efm-enseignement-francais-maroc-zone-projet-2-370x385.jpg 370w, https:\/\/www.efmaroc.org\/efm\/wp-content\/uploads\/2023\/01\/efm-enseignement-francais-maroc-zone-projet-2-410x426.jpg 410w\" sizes=\"(max-width: 652px) 100vw, 652px\" \/>\t\t\t\t\t\t\t\t\t\t\t\t\t\t\t<\/div>\n\t\t\t\t<\/div>\n\t\t\t\t<div class=\"elementor-element elementor-element-6229c67 sc_height_tiny sc_fly_static elementor-widget elementor-widget-spacer\" data-id=\"6229c67\" data-element_type=\"widget\" data-e-type=\"widget\" data-widget_type=\"spacer.default\">\n\t\t\t\t<div class=\"elementor-widget-container\">\n\t\t\t\t\t\t\t<div class=\"elementor-spacer\">\n\t\t\t<div class=\"elementor-spacer-inner\"><\/div>\n\t\t<\/div>\n\t\t\t\t\t\t<\/div>\n\t\t\t\t<\/div>\n\t\t\t\t\t<\/div>\n\t\t<\/div>\n\t\t\t\t\t<\/div>\n\t\t<\/section>\n\t\t\t\t<section class=\"elementor-section elementor-top-section elementor-element elementor-element-ff78b12 elementor-section-boxed elementor-section-height-default elementor-section-height-default sc_fly_static\" data-id=\"ff78b12\" data-element_type=\"section\" data-e-type=\"section\">\n\t\t\t\t\t\t<div class=\"elementor-container elementor-column-gap-extended\">\n\t\t\t\t\t<div class=\"elementor-column elementor-col-100 elementor-top-column elementor-element elementor-element-eb55220 sc_content_align_inherit sc_layouts_column_icons_position_left sc_fly_static\" data-id=\"eb55220\" data-element_type=\"column\" data-e-type=\"column\">\n\t\t\t<div class=\"elementor-widget-wrap elementor-element-populated\">\n\t\t\t\t\t\t<div class=\"elementor-element elementor-element-7aaf78a sc_height_tiny sc_fly_static elementor-widget elementor-widget-spacer\" data-id=\"7aaf78a\" data-element_type=\"widget\" data-e-type=\"widget\" data-widget_type=\"spacer.default\">\n\t\t\t\t<div class=\"elementor-widget-container\">\n\t\t\t\t\t\t\t<div class=\"elementor-spacer\">\n\t\t\t<div class=\"elementor-spacer-inner\"><\/div>\n\t\t<\/div>\n\t\t\t\t\t\t<\/div>\n\t\t\t\t<\/div>\n\t\t\t\t\t<\/div>\n\t\t<\/div>\n\t\t\t\t\t<\/div>\n\t\t<\/section>\n\t\t\t\t<section class=\"elementor-section elementor-top-section elementor-element elementor-element-2497ea17 scheme_default elementor-section-content-middle elementor-section-full_width elementor-section-stretched elementor-section-height-default elementor-section-height-default sc_fly_static\" data-id=\"2497ea17\" data-element_type=\"section\" data-e-type=\"section\" data-settings=\"{&quot;background_background&quot;:&quot;classic&quot;,&quot;stretch_section&quot;:&quot;section-stretched&quot;}\">\n\t\t\t\t\t\t<div class=\"elementor-container elementor-column-gap-extended\">\n\t\t\t\t\t<div class=\"elementor-column elementor-col-33 elementor-top-column elementor-element elementor-element-15302bd3 sc_content_align_inherit sc_layouts_column_icons_position_left sc_fly_static\" data-id=\"15302bd3\" data-element_type=\"column\" data-e-type=\"column\">\n\t\t\t<div class=\"elementor-widget-wrap elementor-element-populated\">\n\t\t\t\t\t\t<div class=\"elementor-element elementor-element-632385ba sc_height_tiny sc_layouts_hide_on_mobile sc_fly_static elementor-widget elementor-widget-spacer\" data-id=\"632385ba\" data-element_type=\"widget\" data-e-type=\"widget\" data-widget_type=\"spacer.default\">\n\t\t\t\t<div class=\"elementor-widget-container\">\n\t\t\t\t\t\t\t<div class=\"elementor-spacer\">\n\t\t\t<div class=\"elementor-spacer-inner\"><\/div>\n\t\t<\/div>\n\t\t\t\t\t\t<\/div>\n\t\t\t\t<\/div>\n\t\t\t\t<div class=\"elementor-element elementor-element-4f646a5 sc_fly_static elementor-widget elementor-widget-image\" data-id=\"4f646a5\" data-element_type=\"widget\" data-e-type=\"widget\" data-widget_type=\"image.default\">\n\t\t\t\t<div class=\"elementor-widget-container\">\n\t\t\t\t\t\t\t\t\t\t\t\t\t\t\t<img loading=\"lazy\" decoding=\"async\" width=\"652\" height=\"678\" src=\"https:\/\/www.efmaroc.org\/efm\/wp-content\/uploads\/2023\/01\/efm-enseignement-francais-maroc-zone-projet-1.jpg\" class=\"attachment-full size-full wp-image-21029\" alt=\"\" srcset=\"https:\/\/www.efmaroc.org\/efm\/wp-content\/uploads\/2023\/01\/efm-enseignement-francais-maroc-zone-projet-1.jpg 652w, https:\/\/www.efmaroc.org\/efm\/wp-content\/uploads\/2023\/01\/efm-enseignement-francais-maroc-zone-projet-1-288x300.jpg 288w, https:\/\/www.efmaroc.org\/efm\/wp-content\/uploads\/2023\/01\/efm-enseignement-francais-maroc-zone-projet-1-370x385.jpg 370w, https:\/\/www.efmaroc.org\/efm\/wp-content\/uploads\/2023\/01\/efm-enseignement-francais-maroc-zone-projet-1-410x426.jpg 410w\" sizes=\"(max-width: 652px) 100vw, 652px\" \/>\t\t\t\t\t\t\t\t\t\t\t\t\t\t\t<\/div>\n\t\t\t\t<\/div>\n\t\t\t\t<div class=\"elementor-element elementor-element-36019536 sc_height_tiny sc_fly_static elementor-widget elementor-widget-spacer\" data-id=\"36019536\" data-element_type=\"widget\" data-e-type=\"widget\" data-widget_type=\"spacer.default\">\n\t\t\t\t<div class=\"elementor-widget-container\">\n\t\t\t\t\t\t\t<div class=\"elementor-spacer\">\n\t\t\t<div class=\"elementor-spacer-inner\"><\/div>\n\t\t<\/div>\n\t\t\t\t\t\t<\/div>\n\t\t\t\t<\/div>\n\t\t\t\t\t<\/div>\n\t\t<\/div>\n\t\t\t\t<div class=\"elementor-column elementor-col-66 elementor-top-column elementor-element elementor-element-4445e1e1 sc_content_align_inherit sc_layouts_column_icons_position_left sc_fly_static\" data-id=\"4445e1e1\" data-element_type=\"column\" data-e-type=\"column\">\n\t\t\t<div class=\"elementor-widget-wrap elementor-element-populated\">\n\t\t\t\t\t\t<div class=\"elementor-element elementor-element-81412ad sc_height_tiny sc_fly_static elementor-widget elementor-widget-spacer\" data-id=\"81412ad\" data-element_type=\"widget\" data-e-type=\"widget\" data-widget_type=\"spacer.default\">\n\t\t\t\t<div class=\"elementor-widget-container\">\n\t\t\t\t\t\t\t<div class=\"elementor-spacer\">\n\t\t\t<div class=\"elementor-spacer-inner\"><\/div>\n\t\t<\/div>\n\t\t\t\t\t\t<\/div>\n\t\t\t\t<\/div>\n\t\t\t\t<div class=\"elementor-element elementor-element-6db5839 scheme_light sc_fly_static elementor-widget elementor-widget-trx_sc_title\" data-id=\"6db5839\" data-element_type=\"widget\" data-e-type=\"widget\" data-widget_type=\"trx_sc_title.default\">\n\t\t\t\t<div class=\"elementor-widget-container\">\n\t\t\t\t\t<div\t\tclass=\"sc_title scheme_light sc_title_default\" ><h2 class=\"sc_item_title sc_title_title sc_item_title_style_default sc_item_title_tag trx_addons_inline_1955242669\"\n\t\t\t><span class=\"sc_item_title_text\">Axe C : prolonger le caract\u00e8re international des \u00e9tablissements<\/span><\/h2><div class=\"sc_item_descr sc_title_descr\"><p>La prise en compte de la langue et de la culture du pays h\u00f4te, l\u2019ouverture \u00e0 l\u2019international, le d\u00e9veloppement de parcours plurilingues sont l\u2019ADN des \u00e9tablissements homologu\u00e9s \u00e0 l\u2019\u00e9tranger.<br \/>\nL\u2019enrichissement et la diversification des parcours plurilingues propos\u00e9s dans les \u00e9tablissements et l\u2019ouverture linguistique, culturelle et professionnelle \u00e0 l\u2019international constituent les leviers de cet axe.<\/p>\n<\/div><\/div>\t\t\t\t<\/div>\n\t\t\t\t<\/div>\n\t\t\t\t<div class=\"elementor-element elementor-element-8db35e8 sc_height_tiny sc_fly_static elementor-widget elementor-widget-spacer\" data-id=\"8db35e8\" data-element_type=\"widget\" data-e-type=\"widget\" data-widget_type=\"spacer.default\">\n\t\t\t\t<div class=\"elementor-widget-container\">\n\t\t\t\t\t\t\t<div class=\"elementor-spacer\">\n\t\t\t<div class=\"elementor-spacer-inner\"><\/div>\n\t\t<\/div>\n\t\t\t\t\t\t<\/div>\n\t\t\t\t<\/div>\n\t\t\t\t\t<\/div>\n\t\t<\/div>\n\t\t\t\t\t<\/div>\n\t\t<\/section>\n\t\t\t\t<section class=\"elementor-section elementor-top-section elementor-element elementor-element-e08fe70 elementor-section-boxed elementor-section-height-default elementor-section-height-default sc_fly_static\" data-id=\"e08fe70\" data-element_type=\"section\" data-e-type=\"section\">\n\t\t\t\t\t\t<div class=\"elementor-container elementor-column-gap-extended\">\n\t\t\t\t\t<div class=\"elementor-column elementor-col-100 elementor-top-column elementor-element elementor-element-aa4dece sc_content_align_inherit sc_layouts_column_icons_position_left sc_fly_static\" data-id=\"aa4dece\" data-element_type=\"column\" data-e-type=\"column\">\n\t\t\t<div class=\"elementor-widget-wrap elementor-element-populated\">\n\t\t\t\t\t\t<div class=\"elementor-element elementor-element-41dda86 sc_height_tiny sc_fly_static elementor-widget elementor-widget-spacer\" data-id=\"41dda86\" data-element_type=\"widget\" data-e-type=\"widget\" data-widget_type=\"spacer.default\">\n\t\t\t\t<div class=\"elementor-widget-container\">\n\t\t\t\t\t\t\t<div class=\"elementor-spacer\">\n\t\t\t<div class=\"elementor-spacer-inner\"><\/div>\n\t\t<\/div>\n\t\t\t\t\t\t<\/div>\n\t\t\t\t<\/div>\n\t\t\t\t\t<\/div>\n\t\t<\/div>\n\t\t\t\t\t<\/div>\n\t\t<\/section>\n\t\t\t\t<section class=\"elementor-section elementor-top-section elementor-element elementor-element-9cba9c2 elementor-section-boxed elementor-section-height-default elementor-section-height-default sc_fly_static\" data-id=\"9cba9c2\" data-element_type=\"section\" data-e-type=\"section\">\n\t\t\t\t\t\t<div class=\"elementor-container elementor-column-gap-extended\">\n\t\t\t\t\t<div class=\"elementor-column elementor-col-100 elementor-top-column elementor-element elementor-element-1b7c3a2 sc_content_align_inherit sc_layouts_column_icons_position_left sc_fly_static\" data-id=\"1b7c3a2\" data-element_type=\"column\" data-e-type=\"column\">\n\t\t\t<div class=\"elementor-widget-wrap elementor-element-populated\">\n\t\t\t\t\t\t<div class=\"elementor-element elementor-element-b50f578 sc_fly_static elementor-widget elementor-widget-video\" data-id=\"b50f578\" data-element_type=\"widget\" data-e-type=\"widget\" data-settings=\"{&quot;youtube_url&quot;:&quot;https:\\\/\\\/youtu.be\\\/RGJEE6EFuX8&quot;,&quot;video_type&quot;:&quot;youtube&quot;,&quot;controls&quot;:&quot;yes&quot;}\" data-widget_type=\"video.default\">\n\t\t\t\t<div class=\"elementor-widget-container\">\n\t\t\t\t\t\t\t<div class=\"elementor-wrapper elementor-open-inline\">\n\t\t\t<div class=\"elementor-video\"><\/div>\t\t<\/div>\n\t\t\t\t\t\t<\/div>\n\t\t\t\t<\/div>\n\t\t\t\t\t<\/div>\n\t\t<\/div>\n\t\t\t\t\t<\/div>\n\t\t<\/section>\n\t\t\t\t<section class=\"elementor-section elementor-top-section elementor-element elementor-element-b050cdb elementor-section-boxed elementor-section-height-default elementor-section-height-default sc_fly_static\" data-id=\"b050cdb\" data-element_type=\"section\" data-e-type=\"section\">\n\t\t\t\t\t\t<div class=\"elementor-container elementor-column-gap-extended\">\n\t\t\t\t\t<div class=\"elementor-column elementor-col-100 elementor-top-column elementor-element elementor-element-36638e6 sc_content_align_inherit sc_layouts_column_icons_position_left sc_fly_static\" data-id=\"36638e6\" data-element_type=\"column\" data-e-type=\"column\">\n\t\t\t<div class=\"elementor-widget-wrap elementor-element-populated\">\n\t\t\t\t\t\t<div class=\"elementor-element elementor-element-69684ab sc_height_medium sc_fly_static elementor-widget elementor-widget-spacer\" data-id=\"69684ab\" data-element_type=\"widget\" data-e-type=\"widget\" data-widget_type=\"spacer.default\">\n\t\t\t\t<div class=\"elementor-widget-container\">\n\t\t\t\t\t\t\t<div class=\"elementor-spacer\">\n\t\t\t<div class=\"elementor-spacer-inner\"><\/div>\n\t\t<\/div>\n\t\t\t\t\t\t<\/div>\n\t\t\t\t<\/div>\n\t\t\t\t\t<\/div>\n\t\t<\/div>\n\t\t\t\t\t<\/div>\n\t\t<\/section>\n\t\t\t\t<\/div>\n\t\t","protected":false},"excerpt":{"rendered":"<p>Projet Zone Le projet de zone 2022\/2027 d\u00e9finit les conditions dans lesquelles les priorit\u00e9s \u00e9ducatives&hellip;<\/p>\n","protected":false},"author":1,"featured_media":0,"parent":0,"menu_order":0,"comment_status":"closed","ping_status":"closed","template":"","meta":{"footnotes":""},"class_list":["post-20740","page","type-page","status-publish","hentry"],"yoast_head":"<!-- This site is optimized with the Yoast SEO plugin v26.8 - https:\/\/yoast.com\/product\/yoast-seo-wordpress\/ -->\n<title>Projet zone EFM Maroc | Enseignement Fran\u00e7ais au Maroc<\/title>\n<meta name=\"description\" content=\"D\u00e9couvrez le Projet zone EFM Maroc, les priorit\u00e9s \u00e9ducatives 2022\u20112027, les axes strat\u00e9giques et le plan d\u2019actions pour renforcer l\u2019attractivit\u00e9 du r\u00e9seau.\" \/>\n<meta name=\"robots\" content=\"index, follow, max-snippet:-1, max-image-preview:large, max-video-preview:-1\" \/>\n<link rel=\"canonical\" href=\"https:\/\/www.efmaroc.org\/efm\/projet-zone\/\" \/>\n<meta property=\"og:locale\" content=\"fr_FR\" \/>\n<meta property=\"og:type\" content=\"article\" \/>\n<meta property=\"og:title\" content=\"Projet zone EFM Maroc | Enseignement Fran\u00e7ais au Maroc\" \/>\n<meta property=\"og:description\" content=\"D\u00e9couvrez le Projet zone EFM Maroc, les priorit\u00e9s \u00e9ducatives 2022\u20112027, les axes strat\u00e9giques et le plan d\u2019actions pour renforcer l\u2019attractivit\u00e9 du r\u00e9seau.\" \/>\n<meta property=\"og:url\" content=\"https:\/\/www.efmaroc.org\/efm\/projet-zone\/\" \/>\n<meta property=\"og:site_name\" content=\"EFM\" \/>\n<meta property=\"article:modified_time\" content=\"2026-01-30T14:50:18+00:00\" \/>\n<meta property=\"og:image\" content=\"https:\/\/www.efmaroc.org\/efm\/wp-content\/uploads\/2024\/10\/photo-rentree-min-scaled.jpg\" \/>\n\t<meta property=\"og:image:width\" content=\"2560\" \/>\n\t<meta property=\"og:image:height\" content=\"1439\" \/>\n\t<meta property=\"og:image:type\" content=\"image\/jpeg\" \/>\n<meta name=\"twitter:card\" content=\"summary_large_image\" \/>\n<meta name=\"twitter:label1\" content=\"Dur\u00e9e de lecture estim\u00e9e\" \/>\n\t<meta name=\"twitter:data1\" content=\"3 minutes\" \/>\n<script type=\"application\/ld+json\" class=\"yoast-schema-graph\">{\"@context\":\"https:\/\/schema.org\",\"@graph\":[{\"@type\":\"WebPage\",\"@id\":\"https:\/\/www.efmaroc.org\/efm\/projet-zone\/\",\"url\":\"https:\/\/www.efmaroc.org\/efm\/projet-zone\/\",\"name\":\"Projet zone EFM Maroc | Enseignement Fran\u00e7ais au Maroc\",\"isPartOf\":{\"@id\":\"https:\/\/www.efmaroc.org\/efm\/#website\"},\"primaryImageOfPage\":{\"@id\":\"https:\/\/www.efmaroc.org\/efm\/projet-zone\/#primaryimage\"},\"image\":{\"@id\":\"https:\/\/www.efmaroc.org\/efm\/projet-zone\/#primaryimage\"},\"thumbnailUrl\":\"https:\/\/www.efmaroc.org\/efm\/wp-content\/uploads\/2024\/10\/photo-rentree-min-scaled.jpg\",\"datePublished\":\"2023-01-17T13:38:05+00:00\",\"dateModified\":\"2026-01-30T14:50:18+00:00\",\"description\":\"D\u00e9couvrez le Projet zone EFM Maroc, les priorit\u00e9s \u00e9ducatives 2022\u20112027, les axes strat\u00e9giques et le plan d\u2019actions pour renforcer l\u2019attractivit\u00e9 du r\u00e9seau.\",\"breadcrumb\":{\"@id\":\"https:\/\/www.efmaroc.org\/efm\/projet-zone\/#breadcrumb\"},\"inLanguage\":\"fr-FR\",\"potentialAction\":[{\"@type\":\"ReadAction\",\"target\":[\"https:\/\/www.efmaroc.org\/efm\/projet-zone\/\"]}]},{\"@type\":\"ImageObject\",\"inLanguage\":\"fr-FR\",\"@id\":\"https:\/\/www.efmaroc.org\/efm\/projet-zone\/#primaryimage\",\"url\":\"https:\/\/www.efmaroc.org\/efm\/wp-content\/uploads\/2024\/10\/photo-rentree-min-scaled.jpg\",\"contentUrl\":\"https:\/\/www.efmaroc.org\/efm\/wp-content\/uploads\/2024\/10\/photo-rentree-min-scaled.jpg\",\"width\":2560,\"height\":1439},{\"@type\":\"BreadcrumbList\",\"@id\":\"https:\/\/www.efmaroc.org\/efm\/projet-zone\/#breadcrumb\",\"itemListElement\":[{\"@type\":\"ListItem\",\"position\":1,\"name\":\"Accueil\",\"item\":\"https:\/\/www.efmaroc.org\/efm\/\"},{\"@type\":\"ListItem\",\"position\":2,\"name\":\"Projet Zone\"}]},{\"@type\":\"WebSite\",\"@id\":\"https:\/\/www.efmaroc.org\/efm\/#website\",\"url\":\"https:\/\/www.efmaroc.org\/efm\/\",\"name\":\"EFM\",\"description\":\"Enseignement Fran\u00e7ais au Maroc\",\"publisher\":{\"@id\":\"https:\/\/www.efmaroc.org\/efm\/#organization\"},\"potentialAction\":[{\"@type\":\"SearchAction\",\"target\":{\"@type\":\"EntryPoint\",\"urlTemplate\":\"https:\/\/www.efmaroc.org\/efm\/?s={search_term_string}\"},\"query-input\":{\"@type\":\"PropertyValueSpecification\",\"valueRequired\":true,\"valueName\":\"search_term_string\"}}],\"inLanguage\":\"fr-FR\"},{\"@type\":\"Organization\",\"@id\":\"https:\/\/www.efmaroc.org\/efm\/#organization\",\"name\":\"EFM\",\"url\":\"https:\/\/www.efmaroc.org\/efm\/\",\"logo\":{\"@type\":\"ImageObject\",\"inLanguage\":\"fr-FR\",\"@id\":\"https:\/\/www.efmaroc.org\/efm\/#\/schema\/logo\/image\/\",\"url\":\"https:\/\/www.efmaroc.org\/efm\/wp-content\/uploads\/2022\/12\/efm-enseignement-francais-maroc-logotaglinex2.png\",\"contentUrl\":\"https:\/\/www.efmaroc.org\/efm\/wp-content\/uploads\/2022\/12\/efm-enseignement-francais-maroc-logotaglinex2.png\",\"width\":104,\"height\":78,\"caption\":\"EFM\"},\"image\":{\"@id\":\"https:\/\/www.efmaroc.org\/efm\/#\/schema\/logo\/image\/\"}}]}<\/script>\n<!-- \/ Yoast SEO plugin. -->","yoast_head_json":{"title":"Projet zone EFM Maroc | Enseignement Fran\u00e7ais au Maroc","description":"D\u00e9couvrez le Projet zone EFM Maroc, les priorit\u00e9s \u00e9ducatives 2022\u20112027, les axes strat\u00e9giques et le plan d\u2019actions pour renforcer l\u2019attractivit\u00e9 du r\u00e9seau.","robots":{"index":"index","follow":"follow","max-snippet":"max-snippet:-1","max-image-preview":"max-image-preview:large","max-video-preview":"max-video-preview:-1"},"canonical":"https:\/\/www.efmaroc.org\/efm\/projet-zone\/","og_locale":"fr_FR","og_type":"article","og_title":"Projet zone EFM Maroc | Enseignement Fran\u00e7ais au Maroc","og_description":"D\u00e9couvrez le Projet zone EFM Maroc, les priorit\u00e9s \u00e9ducatives 2022\u20112027, les axes strat\u00e9giques et le plan d\u2019actions pour renforcer l\u2019attractivit\u00e9 du r\u00e9seau.","og_url":"https:\/\/www.efmaroc.org\/efm\/projet-zone\/","og_site_name":"EFM","article_modified_time":"2026-01-30T14:50:18+00:00","og_image":[{"width":2560,"height":1439,"url":"https:\/\/www.efmaroc.org\/efm\/wp-content\/uploads\/2024\/10\/photo-rentree-min-scaled.jpg","type":"image\/jpeg"}],"twitter_card":"summary_large_image","twitter_misc":{"Dur\u00e9e de lecture estim\u00e9e":"3 minutes"},"schema":{"@context":"https:\/\/schema.org","@graph":[{"@type":"WebPage","@id":"https:\/\/www.efmaroc.org\/efm\/projet-zone\/","url":"https:\/\/www.efmaroc.org\/efm\/projet-zone\/","name":"Projet zone EFM Maroc | Enseignement Fran\u00e7ais au Maroc","isPartOf":{"@id":"https:\/\/www.efmaroc.org\/efm\/#website"},"primaryImageOfPage":{"@id":"https:\/\/www.efmaroc.org\/efm\/projet-zone\/#primaryimage"},"image":{"@id":"https:\/\/www.efmaroc.org\/efm\/projet-zone\/#primaryimage"},"thumbnailUrl":"https:\/\/www.efmaroc.org\/efm\/wp-content\/uploads\/2024\/10\/photo-rentree-min-scaled.jpg","datePublished":"2023-01-17T13:38:05+00:00","dateModified":"2026-01-30T14:50:18+00:00","description":"D\u00e9couvrez le Projet zone EFM Maroc, les priorit\u00e9s \u00e9ducatives 2022\u20112027, les axes strat\u00e9giques et le plan d\u2019actions pour renforcer l\u2019attractivit\u00e9 du r\u00e9seau.","breadcrumb":{"@id":"https:\/\/www.efmaroc.org\/efm\/projet-zone\/#breadcrumb"},"inLanguage":"fr-FR","potentialAction":[{"@type":"ReadAction","target":["https:\/\/www.efmaroc.org\/efm\/projet-zone\/"]}]},{"@type":"ImageObject","inLanguage":"fr-FR","@id":"https:\/\/www.efmaroc.org\/efm\/projet-zone\/#primaryimage","url":"https:\/\/www.efmaroc.org\/efm\/wp-content\/uploads\/2024\/10\/photo-rentree-min-scaled.jpg","contentUrl":"https:\/\/www.efmaroc.org\/efm\/wp-content\/uploads\/2024\/10\/photo-rentree-min-scaled.jpg","width":2560,"height":1439},{"@type":"BreadcrumbList","@id":"https:\/\/www.efmaroc.org\/efm\/projet-zone\/#breadcrumb","itemListElement":[{"@type":"ListItem","position":1,"name":"Accueil","item":"https:\/\/www.efmaroc.org\/efm\/"},{"@type":"ListItem","position":2,"name":"Projet Zone"}]},{"@type":"WebSite","@id":"https:\/\/www.efmaroc.org\/efm\/#website","url":"https:\/\/www.efmaroc.org\/efm\/","name":"EFM","description":"Enseignement Fran\u00e7ais au Maroc","publisher":{"@id":"https:\/\/www.efmaroc.org\/efm\/#organization"},"potentialAction":[{"@type":"SearchAction","target":{"@type":"EntryPoint","urlTemplate":"https:\/\/www.efmaroc.org\/efm\/?s={search_term_string}"},"query-input":{"@type":"PropertyValueSpecification","valueRequired":true,"valueName":"search_term_string"}}],"inLanguage":"fr-FR"},{"@type":"Organization","@id":"https:\/\/www.efmaroc.org\/efm\/#organization","name":"EFM","url":"https:\/\/www.efmaroc.org\/efm\/","logo":{"@type":"ImageObject","inLanguage":"fr-FR","@id":"https:\/\/www.efmaroc.org\/efm\/#\/schema\/logo\/image\/","url":"https:\/\/www.efmaroc.org\/efm\/wp-content\/uploads\/2022\/12\/efm-enseignement-francais-maroc-logotaglinex2.png","contentUrl":"https:\/\/www.efmaroc.org\/efm\/wp-content\/uploads\/2022\/12\/efm-enseignement-francais-maroc-logotaglinex2.png","width":104,"height":78,"caption":"EFM"},"image":{"@id":"https:\/\/www.efmaroc.org\/efm\/#\/schema\/logo\/image\/"}}]}},"jetpack_sharing_enabled":true,"_links":{"self":[{"href":"https:\/\/www.efmaroc.org\/efm\/wp-json\/wp\/v2\/pages\/20740","targetHints":{"allow":["GET"]}}],"collection":[{"href":"https:\/\/www.efmaroc.org\/efm\/wp-json\/wp\/v2\/pages"}],"about":[{"href":"https:\/\/www.efmaroc.org\/efm\/wp-json\/wp\/v2\/types\/page"}],"author":[{"embeddable":true,"href":"https:\/\/www.efmaroc.org\/efm\/wp-json\/wp\/v2\/users\/1"}],"replies":[{"embeddable":true,"href":"https:\/\/www.efmaroc.org\/efm\/wp-json\/wp\/v2\/comments?post=20740"}],"version-history":[{"count":40,"href":"https:\/\/www.efmaroc.org\/efm\/wp-json\/wp\/v2\/pages\/20740\/revisions"}],"predecessor-version":[{"id":24994,"href":"https:\/\/www.efmaroc.org\/efm\/wp-json\/wp\/v2\/pages\/20740\/revisions\/24994"}],"wp:attachment":[{"href":"https:\/\/www.efmaroc.org\/efm\/wp-json\/wp\/v2\/media?parent=20740"}],"curies":[{"name":"wp","href":"https:\/\/api.w.org\/{rel}","templated":true}]}}