{"id":20792,"date":"2023-01-18T11:02:45","date_gmt":"2023-01-18T10:02:45","guid":{"rendered":"https:\/\/www.efmaroc.org\/efm\/?page_id=20792"},"modified":"2026-01-30T02:33:05","modified_gmt":"2026-01-30T01:33:05","slug":"nous-rejoindre","status":"publish","type":"page","link":"https:\/\/www.efmaroc.org\/efm\/nous-rejoindre\/","title":{"rendered":"Nous rejoindre"},"content":{"rendered":"\t\t<div data-elementor-type=\"wp-page\" data-elementor-id=\"20792\" class=\"elementor elementor-20792\">\n\t\t\t\t\t\t<section class=\"elementor-section elementor-top-section elementor-element elementor-element-57c3344 elementor-section-full_width elementor-section-content-middle elementor-section-stretched elementor-section-height-default elementor-section-height-default sc_fly_static\" data-id=\"57c3344\" data-element_type=\"section\" data-e-type=\"section\" data-settings=\"{&quot;stretch_section&quot;:&quot;section-stretched&quot;,&quot;background_background&quot;:&quot;classic&quot;}\">\n\t\t\t\t\t\t\t<div class=\"elementor-background-overlay\"><\/div>\n\t\t\t\t\t\t\t<div class=\"elementor-container elementor-column-gap-no\">\n\t\t\t\t\t<div class=\"elementor-column elementor-col-100 elementor-top-column elementor-element elementor-element-53a6e869 sc_content_align_inherit sc_layouts_column_icons_position_left sc_fly_static\" data-id=\"53a6e869\" data-element_type=\"column\" data-e-type=\"column\">\n\t\t\t<div class=\"elementor-widget-wrap elementor-element-populated\">\n\t\t\t\t\t\t<div class=\"elementor-element elementor-element-17a6282d sc_fly_static elementor-widget elementor-widget-heading\" data-id=\"17a6282d\" data-element_type=\"widget\" data-e-type=\"widget\" data-widget_type=\"heading.default\">\n\t\t\t\t<div class=\"elementor-widget-container\">\n\t\t\t\t\t<h1 class=\"elementor-heading-title elementor-size-default\">Rejoignez les \u00e9quipes du r\u00e9seau de <br>\nl'enseignement Fran\u00e7ais au <br>\nMaroc<\/h1>\t\t\t\t<\/div>\n\t\t\t\t<\/div>\n\t\t\t\t\t<\/div>\n\t\t<\/div>\n\t\t\t\t\t<\/div>\n\t\t<\/section>\n\t\t\t\t<section class=\"elementor-section elementor-top-section elementor-element elementor-element-477e433b elementor-section-content-middle elementor-section-boxed elementor-section-height-default elementor-section-height-default sc_fly_static\" data-id=\"477e433b\" data-element_type=\"section\" data-e-type=\"section\">\n\t\t\t\t\t\t<div class=\"elementor-container elementor-column-gap-extended\">\n\t\t\t\t\t<div class=\"elementor-column elementor-col-100 elementor-top-column elementor-element elementor-element-6b11c9f0 sc_content_align_inherit sc_layouts_column_icons_position_left sc_fly_static\" data-id=\"6b11c9f0\" data-element_type=\"column\" data-e-type=\"column\">\n\t\t\t<div class=\"elementor-widget-wrap elementor-element-populated\">\n\t\t\t\t\t\t<div class=\"elementor-element elementor-element-6e3af8e7 sc_height_medium sc_fly_static elementor-widget elementor-widget-spacer\" data-id=\"6e3af8e7\" data-element_type=\"widget\" data-e-type=\"widget\" data-widget_type=\"spacer.default\">\n\t\t\t\t<div class=\"elementor-widget-container\">\n\t\t\t\t\t\t\t<div class=\"elementor-spacer\">\n\t\t\t<div class=\"elementor-spacer-inner\"><\/div>\n\t\t<\/div>\n\t\t\t\t\t\t<\/div>\n\t\t\t\t<\/div>\n\t\t\t\t<div class=\"elementor-element elementor-element-1105df6a sc_fly_static elementor-widget elementor-widget-text-editor\" data-id=\"1105df6a\" data-element_type=\"widget\" data-e-type=\"widget\" data-widget_type=\"text-editor.default\">\n\t\t\t\t<div class=\"elementor-widget-container\">\n\t\t\t\t\t\t\t\t\t<p>Si vous souhaitez rejoindre le r\u00e9seau scolaire fran\u00e7ais au Maroc pour exercer et valoriser vos comp\u00e9tences professionnelles, le recrutement diff\u00e8re en fonction du type d\u2019\u00e9tablissement :<\/p>\t\t\t\t\t\t\t\t<\/div>\n\t\t\t\t<\/div>\n\t\t\t\t<div class=\"elementor-element elementor-element-61437aee sc_height_tiny sc_fly_static elementor-widget elementor-widget-spacer\" data-id=\"61437aee\" data-element_type=\"widget\" data-e-type=\"widget\" data-widget_type=\"spacer.default\">\n\t\t\t\t<div class=\"elementor-widget-container\">\n\t\t\t\t\t\t\t<div class=\"elementor-spacer\">\n\t\t\t<div class=\"elementor-spacer-inner\"><\/div>\n\t\t<\/div>\n\t\t\t\t\t\t<\/div>\n\t\t\t\t<\/div>\n\t\t\t\t<div class=\"elementor-element elementor-element-bbfef69 sc_height_tiny elementor-hidden-desktop elementor-hidden-tablet sc_fly_static elementor-widget elementor-widget-spacer\" data-id=\"bbfef69\" data-element_type=\"widget\" data-e-type=\"widget\" data-widget_type=\"spacer.default\">\n\t\t\t\t<div class=\"elementor-widget-container\">\n\t\t\t\t\t\t\t<div class=\"elementor-spacer\">\n\t\t\t<div class=\"elementor-spacer-inner\"><\/div>\n\t\t<\/div>\n\t\t\t\t\t\t<\/div>\n\t\t\t\t<\/div>\n\t\t\t\t<div class=\"elementor-element elementor-element-738db07f sc_fly_static elementor-widget elementor-widget-text-editor\" data-id=\"738db07f\" data-element_type=\"widget\" data-e-type=\"widget\" data-widget_type=\"text-editor.default\">\n\t\t\t\t<div class=\"elementor-widget-container\">\n\t\t\t\t\t\t\t\t\t<p><span style=\"color: #000080;\"><strong><span style=\"color: #003366;\">1.Les \u00e9tablissements en gestion directe de l&rsquo;AEFE (EGD)<\/span> :<\/strong><\/span><br \/>&#8211; Les personnels d\u00e9tach\u00e9s d\u2019encadrement et sur missions de formation de l\u2019AEFE : Campagne ouverte chaque ann\u00e9e de septembre \u00e0 d\u00e9cembre. <a href=\"https:\/\/aefe.gouv.fr\/fr\/recrutement\/recrutement-des-detaches-sur-mission-dencadrement\" target=\"_blank\" rel=\"noopener\"><strong>Cliquez sur le lien<\/strong><\/a><br \/>&#8211; Les personnels d\u00e9tach\u00e9s sur missions d\u2019enseignement, d\u2019\u00e9ducation et d\u2019administration aupr\u00e8s de l\u2019AEFE : Au sein des \u00e9tablissements \u00e0 gestion directe (EGD) et de l\u2019AEFE <strong>du 08\/10\/2025 au 14\/11\/2025<\/strong> : <a href=\"https:\/\/recrutement.efmaroc.org\/detaches\/\" target=\"_blank\" rel=\"noopener\"><strong>Cliquez sur le lien<\/strong><\/a><\/p><p><span style=\"color: #003366;\"><strong>2. Les \u00e9tablissements de l\u2019OSUI :<\/strong><\/span><br \/>Campagne ouverte chaque ann\u00e9e de septembre \u00e0 d\u00e9cembre (y compris poste enseignant) :\u00a0<a href=\"https:\/\/www.mlfmonde.org\/la-mission-laique-francaise-recrute\/\" target=\"_blank\" rel=\"noopener\"><strong>Cliquez sur le lien<\/strong><\/a><\/p><p><span style=\"color: #003366;\"><strong>3<\/strong>.<strong> Les \u00e9tablissements partenaires<\/strong> :<\/span><br \/>Ils recrutent eux-m\u00eames leurs personnels (voir les sites internet des \u00e9tablissements).<\/p>\t\t\t\t\t\t\t\t<\/div>\n\t\t\t\t<\/div>\n\t\t\t\t<div class=\"elementor-element elementor-element-59a6340f sc_height_small sc_fly_static elementor-widget elementor-widget-spacer\" data-id=\"59a6340f\" data-element_type=\"widget\" data-e-type=\"widget\" data-widget_type=\"spacer.default\">\n\t\t\t\t<div class=\"elementor-widget-container\">\n\t\t\t\t\t\t\t<div class=\"elementor-spacer\">\n\t\t\t<div class=\"elementor-spacer-inner\"><\/div>\n\t\t<\/div>\n\t\t\t\t\t\t<\/div>\n\t\t\t\t<\/div>\n\t\t\t\t<div class=\"elementor-element elementor-element-b3aa5e5 sc_fly_static elementor-widget elementor-widget-text-editor\" data-id=\"b3aa5e5\" data-element_type=\"widget\" data-e-type=\"widget\" data-widget_type=\"text-editor.default\">\n\t\t\t\t<div class=\"elementor-widget-container\">\n\t\t\t\t\t\t\t\t\t<p>\u00c0 noter : Les personnels enseignants ou non-enseignants de droit local sont recrut\u00e9s par les \u00e9tablissements, quel que soit le type d\u2019\u00e9tablissement, sur <strong>la plateforme talents :<\/strong> <a href=\"https:\/\/talents.aefe.fr\/fr\/annonces\" target=\"_blank\" rel=\"noopener\">Annonces talents Aefe<\/a><\/p><p>Attention : ces quatre modalit\u00e9s de recrutement ne se traduisent pas par des conditions d\u2019affectations, de r\u00e9mun\u00e9ration, d\u2019\u00e9volution de carri\u00e8re ou de prestations identiques. Il appartient \u00e0 chaque candidat de bien se r\u00e9f\u00e9rer au site de chaque \u00e9tablissement.<\/p>\t\t\t\t\t\t\t\t<\/div>\n\t\t\t\t<\/div>\n\t\t\t\t<div class=\"elementor-element elementor-element-30e2491d sc_height_medium sc_fly_static elementor-widget elementor-widget-spacer\" data-id=\"30e2491d\" data-element_type=\"widget\" data-e-type=\"widget\" data-widget_type=\"spacer.default\">\n\t\t\t\t<div class=\"elementor-widget-container\">\n\t\t\t\t\t\t\t<div class=\"elementor-spacer\">\n\t\t\t<div class=\"elementor-spacer-inner\"><\/div>\n\t\t<\/div>\n\t\t\t\t\t\t<\/div>\n\t\t\t\t<\/div>\n\t\t\t\t\t<\/div>\n\t\t<\/div>\n\t\t\t\t\t<\/div>\n\t\t<\/section>\n\t\t\t\t<\/div>\n\t\t","protected":false},"excerpt":{"rendered":"<p>Rejoignez les \u00e9quipes du r\u00e9seau de l&rsquo;enseignement Fran\u00e7ais au Maroc Si vous souhaitez rejoindre le&hellip;<\/p>\n","protected":false},"author":1,"featured_media":0,"parent":0,"menu_order":0,"comment_status":"closed","ping_status":"closed","template":"","meta":{"footnotes":""},"class_list":["post-20792","page","type-page","status-publish","hentry"],"yoast_head":"<!-- This site is optimized with the Yoast SEO plugin v26.8 - https:\/\/yoast.com\/product\/yoast-seo-wordpress\/ -->\n<title>Recrutement r\u00e9seau EFM | Enseignement Fran\u00e7ais au Maroc<\/title>\n<meta name=\"description\" content=\"D\u00e9couvrez comment rejoindre les \u00e9quipes du r\u00e9seau de l\u2019Enseignement Fran\u00e7ais au Maroc et les liens utiles vers les plateformes AEFE et OSUI.\" \/>\n<meta name=\"robots\" content=\"index, follow, max-snippet:-1, max-image-preview:large, max-video-preview:-1\" \/>\n<link rel=\"canonical\" href=\"https:\/\/www.efmaroc.org\/efm\/nous-rejoindre\/\" \/>\n<meta property=\"og:locale\" content=\"fr_FR\" \/>\n<meta property=\"og:type\" content=\"article\" \/>\n<meta property=\"og:title\" content=\"Recrutement r\u00e9seau EFM | Enseignement Fran\u00e7ais au Maroc\" \/>\n<meta property=\"og:description\" content=\"D\u00e9couvrez comment rejoindre les \u00e9quipes du r\u00e9seau de l\u2019Enseignement Fran\u00e7ais au Maroc et les liens utiles vers les plateformes AEFE et OSUI.\" \/>\n<meta property=\"og:url\" content=\"https:\/\/www.efmaroc.org\/efm\/nous-rejoindre\/\" \/>\n<meta property=\"og:site_name\" content=\"EFM\" \/>\n<meta property=\"article:modified_time\" content=\"2026-01-30T01:33:05+00:00\" \/>\n<meta name=\"twitter:card\" content=\"summary_large_image\" \/>\n<meta name=\"twitter:label1\" content=\"Dur\u00e9e de lecture estim\u00e9e\" \/>\n\t<meta name=\"twitter:data1\" content=\"2 minutes\" \/>\n<script type=\"application\/ld+json\" class=\"yoast-schema-graph\">{\"@context\":\"https:\/\/schema.org\",\"@graph\":[{\"@type\":\"WebPage\",\"@id\":\"https:\/\/www.efmaroc.org\/efm\/nous-rejoindre\/\",\"url\":\"https:\/\/www.efmaroc.org\/efm\/nous-rejoindre\/\",\"name\":\"Recrutement r\u00e9seau EFM | Enseignement Fran\u00e7ais au Maroc\",\"isPartOf\":{\"@id\":\"https:\/\/www.efmaroc.org\/efm\/#website\"},\"datePublished\":\"2023-01-18T10:02:45+00:00\",\"dateModified\":\"2026-01-30T01:33:05+00:00\",\"description\":\"D\u00e9couvrez comment rejoindre les \u00e9quipes du r\u00e9seau de l\u2019Enseignement Fran\u00e7ais au Maroc et les liens utiles vers les plateformes AEFE et OSUI.\",\"breadcrumb\":{\"@id\":\"https:\/\/www.efmaroc.org\/efm\/nous-rejoindre\/#breadcrumb\"},\"inLanguage\":\"fr-FR\",\"potentialAction\":[{\"@type\":\"ReadAction\",\"target\":[\"https:\/\/www.efmaroc.org\/efm\/nous-rejoindre\/\"]}]},{\"@type\":\"BreadcrumbList\",\"@id\":\"https:\/\/www.efmaroc.org\/efm\/nous-rejoindre\/#breadcrumb\",\"itemListElement\":[{\"@type\":\"ListItem\",\"position\":1,\"name\":\"Accueil\",\"item\":\"https:\/\/www.efmaroc.org\/efm\/\"},{\"@type\":\"ListItem\",\"position\":2,\"name\":\"Nous rejoindre\"}]},{\"@type\":\"WebSite\",\"@id\":\"https:\/\/www.efmaroc.org\/efm\/#website\",\"url\":\"https:\/\/www.efmaroc.org\/efm\/\",\"name\":\"EFM\",\"description\":\"Enseignement Fran\u00e7ais au Maroc\",\"publisher\":{\"@id\":\"https:\/\/www.efmaroc.org\/efm\/#organization\"},\"potentialAction\":[{\"@type\":\"SearchAction\",\"target\":{\"@type\":\"EntryPoint\",\"urlTemplate\":\"https:\/\/www.efmaroc.org\/efm\/?s={search_term_string}\"},\"query-input\":{\"@type\":\"PropertyValueSpecification\",\"valueRequired\":true,\"valueName\":\"search_term_string\"}}],\"inLanguage\":\"fr-FR\"},{\"@type\":\"Organization\",\"@id\":\"https:\/\/www.efmaroc.org\/efm\/#organization\",\"name\":\"EFM\",\"url\":\"https:\/\/www.efmaroc.org\/efm\/\",\"logo\":{\"@type\":\"ImageObject\",\"inLanguage\":\"fr-FR\",\"@id\":\"https:\/\/www.efmaroc.org\/efm\/#\/schema\/logo\/image\/\",\"url\":\"https:\/\/www.efmaroc.org\/efm\/wp-content\/uploads\/2022\/12\/efm-enseignement-francais-maroc-logotaglinex2.png\",\"contentUrl\":\"https:\/\/www.efmaroc.org\/efm\/wp-content\/uploads\/2022\/12\/efm-enseignement-francais-maroc-logotaglinex2.png\",\"width\":104,\"height\":78,\"caption\":\"EFM\"},\"image\":{\"@id\":\"https:\/\/www.efmaroc.org\/efm\/#\/schema\/logo\/image\/\"}}]}<\/script>\n<!-- \/ Yoast SEO plugin. -->","yoast_head_json":{"title":"Recrutement r\u00e9seau EFM | Enseignement Fran\u00e7ais au Maroc","description":"D\u00e9couvrez comment rejoindre les \u00e9quipes du r\u00e9seau de l\u2019Enseignement Fran\u00e7ais au Maroc et les liens utiles vers les plateformes AEFE et OSUI.","robots":{"index":"index","follow":"follow","max-snippet":"max-snippet:-1","max-image-preview":"max-image-preview:large","max-video-preview":"max-video-preview:-1"},"canonical":"https:\/\/www.efmaroc.org\/efm\/nous-rejoindre\/","og_locale":"fr_FR","og_type":"article","og_title":"Recrutement r\u00e9seau EFM | Enseignement Fran\u00e7ais au Maroc","og_description":"D\u00e9couvrez comment rejoindre les \u00e9quipes du r\u00e9seau de l\u2019Enseignement Fran\u00e7ais au Maroc et les liens utiles vers les plateformes AEFE et OSUI.","og_url":"https:\/\/www.efmaroc.org\/efm\/nous-rejoindre\/","og_site_name":"EFM","article_modified_time":"2026-01-30T01:33:05+00:00","twitter_card":"summary_large_image","twitter_misc":{"Dur\u00e9e de lecture estim\u00e9e":"2 minutes"},"schema":{"@context":"https:\/\/schema.org","@graph":[{"@type":"WebPage","@id":"https:\/\/www.efmaroc.org\/efm\/nous-rejoindre\/","url":"https:\/\/www.efmaroc.org\/efm\/nous-rejoindre\/","name":"Recrutement r\u00e9seau EFM | Enseignement Fran\u00e7ais au Maroc","isPartOf":{"@id":"https:\/\/www.efmaroc.org\/efm\/#website"},"datePublished":"2023-01-18T10:02:45+00:00","dateModified":"2026-01-30T01:33:05+00:00","description":"D\u00e9couvrez comment rejoindre les \u00e9quipes du r\u00e9seau de l\u2019Enseignement Fran\u00e7ais au Maroc et les liens utiles vers les plateformes AEFE et OSUI.","breadcrumb":{"@id":"https:\/\/www.efmaroc.org\/efm\/nous-rejoindre\/#breadcrumb"},"inLanguage":"fr-FR","potentialAction":[{"@type":"ReadAction","target":["https:\/\/www.efmaroc.org\/efm\/nous-rejoindre\/"]}]},{"@type":"BreadcrumbList","@id":"https:\/\/www.efmaroc.org\/efm\/nous-rejoindre\/#breadcrumb","itemListElement":[{"@type":"ListItem","position":1,"name":"Accueil","item":"https:\/\/www.efmaroc.org\/efm\/"},{"@type":"ListItem","position":2,"name":"Nous rejoindre"}]},{"@type":"WebSite","@id":"https:\/\/www.efmaroc.org\/efm\/#website","url":"https:\/\/www.efmaroc.org\/efm\/","name":"EFM","description":"Enseignement Fran\u00e7ais au Maroc","publisher":{"@id":"https:\/\/www.efmaroc.org\/efm\/#organization"},"potentialAction":[{"@type":"SearchAction","target":{"@type":"EntryPoint","urlTemplate":"https:\/\/www.efmaroc.org\/efm\/?s={search_term_string}"},"query-input":{"@type":"PropertyValueSpecification","valueRequired":true,"valueName":"search_term_string"}}],"inLanguage":"fr-FR"},{"@type":"Organization","@id":"https:\/\/www.efmaroc.org\/efm\/#organization","name":"EFM","url":"https:\/\/www.efmaroc.org\/efm\/","logo":{"@type":"ImageObject","inLanguage":"fr-FR","@id":"https:\/\/www.efmaroc.org\/efm\/#\/schema\/logo\/image\/","url":"https:\/\/www.efmaroc.org\/efm\/wp-content\/uploads\/2022\/12\/efm-enseignement-francais-maroc-logotaglinex2.png","contentUrl":"https:\/\/www.efmaroc.org\/efm\/wp-content\/uploads\/2022\/12\/efm-enseignement-francais-maroc-logotaglinex2.png","width":104,"height":78,"caption":"EFM"},"image":{"@id":"https:\/\/www.efmaroc.org\/efm\/#\/schema\/logo\/image\/"}}]}},"jetpack_sharing_enabled":true,"_links":{"self":[{"href":"https:\/\/www.efmaroc.org\/efm\/wp-json\/wp\/v2\/pages\/20792","targetHints":{"allow":["GET"]}}],"collection":[{"href":"https:\/\/www.efmaroc.org\/efm\/wp-json\/wp\/v2\/pages"}],"about":[{"href":"https:\/\/www.efmaroc.org\/efm\/wp-json\/wp\/v2\/types\/page"}],"author":[{"embeddable":true,"href":"https:\/\/www.efmaroc.org\/efm\/wp-json\/wp\/v2\/users\/1"}],"replies":[{"embeddable":true,"href":"https:\/\/www.efmaroc.org\/efm\/wp-json\/wp\/v2\/comments?post=20792"}],"version-history":[{"count":71,"href":"https:\/\/www.efmaroc.org\/efm\/wp-json\/wp\/v2\/pages\/20792\/revisions"}],"predecessor-version":[{"id":24881,"href":"https:\/\/www.efmaroc.org\/efm\/wp-json\/wp\/v2\/pages\/20792\/revisions\/24881"}],"wp:attachment":[{"href":"https:\/\/www.efmaroc.org\/efm\/wp-json\/wp\/v2\/media?parent=20792"}],"curies":[{"name":"wp","href":"https:\/\/api.w.org\/{rel}","templated":true}]}}