{"id":20821,"date":"2023-01-19T16:08:30","date_gmt":"2023-01-19T15:08:30","guid":{"rendered":"https:\/\/www.efmaroc.org\/efm\/?page_id=20821"},"modified":"2026-04-06T12:01:30","modified_gmt":"2026-04-06T10:01:30","slug":"admission","status":"publish","type":"page","link":"https:\/\/www.efmaroc.org\/efm\/admission\/","title":{"rendered":"Admission"},"content":{"rendered":"\t\t<div data-elementor-type=\"wp-page\" data-elementor-id=\"20821\" class=\"elementor elementor-20821\">\n\t\t\t\t\t\t<section class=\"elementor-section elementor-top-section elementor-element elementor-element-669c689 elementor-section-boxed elementor-section-height-default elementor-section-height-default sc_fly_static\" data-id=\"669c689\" data-element_type=\"section\" data-e-type=\"section\">\n\t\t\t\t\t\t<div class=\"elementor-container elementor-column-gap-extended\">\n\t\t\t\t\t<div class=\"elementor-column elementor-col-100 elementor-top-column elementor-element elementor-element-8a999bf sc_content_align_inherit sc_layouts_column_icons_position_left sc_fly_static\" data-id=\"8a999bf\" data-element_type=\"column\" data-e-type=\"column\">\n\t\t\t<div class=\"elementor-widget-wrap elementor-element-populated\">\n\t\t\t\t\t\t<div class=\"elementor-element elementor-element-bc3b431 sc_height_medium sc_fly_static elementor-widget elementor-widget-spacer\" data-id=\"bc3b431\" data-element_type=\"widget\" data-e-type=\"widget\" data-widget_type=\"spacer.default\">\n\t\t\t\t<div class=\"elementor-widget-container\">\n\t\t\t\t\t\t\t<div class=\"elementor-spacer\">\n\t\t\t<div class=\"elementor-spacer-inner\"><\/div>\n\t\t<\/div>\n\t\t\t\t\t\t<\/div>\n\t\t\t\t<\/div>\n\t\t\t\t\t<\/div>\n\t\t<\/div>\n\t\t\t\t\t<\/div>\n\t\t<\/section>\n\t\t\t\t<section class=\"elementor-section elementor-top-section elementor-element elementor-element-1be3309 elementor-section-content-middle elementor-reverse-mobile elementor-section-full_width elementor-section-stretched elementor-section-height-default elementor-section-height-default sc_fly_static\" data-id=\"1be3309\" data-element_type=\"section\" data-e-type=\"section\" data-settings=\"{&quot;stretch_section&quot;:&quot;section-stretched&quot;}\">\n\t\t\t\t\t\t<div class=\"elementor-container elementor-column-gap-default\">\n\t\t\t\t\t<div class=\"elementor-column elementor-col-50 elementor-top-column elementor-element elementor-element-18e4556 sc_content_align_inherit sc_layouts_column_icons_position_left sc_fly_static\" data-id=\"18e4556\" data-element_type=\"column\" data-e-type=\"column\">\n\t\t\t<div class=\"elementor-widget-wrap elementor-element-populated\">\n\t\t\t\t\t\t<div class=\"elementor-element elementor-element-cc9043c sc_height_tiny sc_fly_static elementor-widget elementor-widget-spacer\" data-id=\"cc9043c\" data-element_type=\"widget\" data-e-type=\"widget\" data-widget_type=\"spacer.default\">\n\t\t\t\t<div class=\"elementor-widget-container\">\n\t\t\t\t\t\t\t<div class=\"elementor-spacer\">\n\t\t\t<div class=\"elementor-spacer-inner\"><\/div>\n\t\t<\/div>\n\t\t\t\t\t\t<\/div>\n\t\t\t\t<\/div>\n\t\t\t\t<div class=\"elementor-element elementor-element-c0ab8a1 sc_fly_static elementor-widget elementor-widget-image\" data-id=\"c0ab8a1\" data-element_type=\"widget\" data-e-type=\"widget\" data-widget_type=\"image.default\">\n\t\t\t\t<div class=\"elementor-widget-container\">\n\t\t\t\t\t\t\t\t\t\t\t\t\t\t\t<img fetchpriority=\"high\" decoding=\"async\" width=\"605\" height=\"580\" src=\"https:\/\/www.efmaroc.org\/efm\/wp-content\/uploads\/2023\/01\/efm-enseignement-francais-maroc-reseau-admission-.jpg\" class=\"attachment-full size-full wp-image-21053\" alt=\"\" srcset=\"https:\/\/www.efmaroc.org\/efm\/wp-content\/uploads\/2023\/01\/efm-enseignement-francais-maroc-reseau-admission-.jpg 605w, https:\/\/www.efmaroc.org\/efm\/wp-content\/uploads\/2023\/01\/efm-enseignement-francais-maroc-reseau-admission--300x288.jpg 300w, https:\/\/www.efmaroc.org\/efm\/wp-content\/uploads\/2023\/01\/efm-enseignement-francais-maroc-reseau-admission--370x355.jpg 370w, https:\/\/www.efmaroc.org\/efm\/wp-content\/uploads\/2023\/01\/efm-enseignement-francais-maroc-reseau-admission--410x393.jpg 410w\" sizes=\"(max-width: 605px) 100vw, 605px\" \/>\t\t\t\t\t\t\t\t\t\t\t\t\t\t\t<\/div>\n\t\t\t\t<\/div>\n\t\t\t\t<div class=\"elementor-element elementor-element-3f5a1d2 sc_height_tiny sc_fly_static elementor-widget elementor-widget-spacer\" data-id=\"3f5a1d2\" data-element_type=\"widget\" data-e-type=\"widget\" data-widget_type=\"spacer.default\">\n\t\t\t\t<div class=\"elementor-widget-container\">\n\t\t\t\t\t\t\t<div class=\"elementor-spacer\">\n\t\t\t<div class=\"elementor-spacer-inner\"><\/div>\n\t\t<\/div>\n\t\t\t\t\t\t<\/div>\n\t\t\t\t<\/div>\n\t\t\t\t\t<\/div>\n\t\t<\/div>\n\t\t\t\t<div class=\"elementor-column elementor-col-50 elementor-top-column elementor-element elementor-element-f05201b sc_content_align_inherit sc_layouts_column_icons_position_left sc_fly_static\" data-id=\"f05201b\" data-element_type=\"column\" data-e-type=\"column\">\n\t\t\t<div class=\"elementor-widget-wrap elementor-element-populated\">\n\t\t\t\t\t\t<div class=\"elementor-element elementor-element-57ea58f sc_height_tiny sc_fly_static elementor-widget elementor-widget-spacer\" data-id=\"57ea58f\" data-element_type=\"widget\" data-e-type=\"widget\" data-widget_type=\"spacer.default\">\n\t\t\t\t<div class=\"elementor-widget-container\">\n\t\t\t\t\t\t\t<div class=\"elementor-spacer\">\n\t\t\t<div class=\"elementor-spacer-inner\"><\/div>\n\t\t<\/div>\n\t\t\t\t\t\t<\/div>\n\t\t\t\t<\/div>\n\t\t\t\t<div class=\"elementor-element elementor-element-b0aaf73 scheme_light sc_fly_static elementor-widget elementor-widget-trx_sc_title\" data-id=\"b0aaf73\" data-element_type=\"widget\" data-e-type=\"widget\" data-widget_type=\"trx_sc_title.default\">\n\t\t\t\t<div class=\"elementor-widget-container\">\n\t\t\t\t\t<div\t\tclass=\"sc_title scheme_light sc_title_default\" ><h1 class=\"sc_item_title sc_title_title sc_item_title_style_default sc_item_title_tag\"\n\t\t\t><span class=\"sc_item_title_text\">Proc\u00e9dure d\u2019admission<\/span><\/h1><div class=\"sc_item_descr sc_title_descr\"><p>Toutes les op\u00e9rations d\u2019admission au r\u00e9seau EFM Maroc s\u2019effectuent en ligne uniquement sur les liens ci-dessous : il est demand\u00e9 aux familles de transmettre leur dossier d\u2019admission en format num\u00e9rique selon les modalit\u00e9s indiqu\u00e9es par retour de mail \u00e0 l\u2019issue de la cl\u00f4ture du dossier de pr\u00e9-inscription en ligne. <\/p>\n<\/div><\/div>\t\t\t\t<\/div>\n\t\t\t\t<\/div>\n\t\t\t\t<div class=\"elementor-element elementor-element-dba0bcc sc_fly_static elementor-widget elementor-widget-text-editor\" data-id=\"dba0bcc\" data-element_type=\"widget\" data-e-type=\"widget\" data-widget_type=\"text-editor.default\">\n\t\t\t\t<div class=\"elementor-widget-container\">\n\t\t\t\t\t\t\t\t\t<p>Ne pas adresser de courrier postal.<\/p>\t\t\t\t\t\t\t\t<\/div>\n\t\t\t\t<\/div>\n\t\t\t\t<div class=\"elementor-element elementor-element-d485980 sc_height_tiny sc_fly_static elementor-widget elementor-widget-spacer\" data-id=\"d485980\" data-element_type=\"widget\" data-e-type=\"widget\" data-widget_type=\"spacer.default\">\n\t\t\t\t<div class=\"elementor-widget-container\">\n\t\t\t\t\t\t\t<div class=\"elementor-spacer\">\n\t\t\t<div class=\"elementor-spacer-inner\"><\/div>\n\t\t<\/div>\n\t\t\t\t\t\t<\/div>\n\t\t\t\t<\/div>\n\t\t<div class=\"elementor-element elementor-element-7ff15b7 e-flex e-con-boxed sc_layouts_column_icons_position_left e-con e-parent\" data-id=\"7ff15b7\" data-element_type=\"container\" data-e-type=\"container\" data-settings=\"{&quot;background_background&quot;:&quot;classic&quot;}\">\n\t\t\t\t\t<div class=\"e-con-inner\">\n\t\t<div class=\"elementor-element elementor-element-0d7d54e e-con-full e-flex sc_layouts_column_icons_position_left e-con e-child\" data-id=\"0d7d54e\" data-element_type=\"container\" data-e-type=\"container\">\n\t\t\t\t<div class=\"elementor-element elementor-element-d5b8ef6 sc_fly_static elementor-widget elementor-widget-trx_sc_title\" data-id=\"d5b8ef6\" data-element_type=\"widget\" data-e-type=\"widget\" data-widget_type=\"trx_sc_title.default\">\n\t\t\t\t<div class=\"elementor-widget-container\">\n\t\t\t\t\t<div\t\tclass=\"sc_title sc_title_default\" ><h2 class=\"sc_item_title sc_title_title sc_item_title_style_default sc_item_title_tag\"\n\t\t\t><span class=\"sc_item_title_text\">Inscriptions 2026-2027<\/span><\/h2><div class=\"sc_item_descr sc_title_descr\"><p>La campagne officielle d\u2019inscription en vue d'une admission  <b>pour l'ann\u00e9e scolaire 2026-2027 <\/b> s'est ouverte  <\/b> le 5\u00a0janvier 2026 et s\u2019est achev\u00e9e le 11 mars 2026 <\/b> . Toutefois, quelques \u00e9tablissements disposent encore de places : une demande d\u2019inscription tardive reste n\u00e9anmoins possible  <\/b> dans la limite des places vacantes <\/b> .<\/p>\n<\/div><\/div>\t\t\t\t<\/div>\n\t\t\t\t<\/div>\n\t\t\t\t<\/div>\n\t\t<div class=\"elementor-element elementor-element-3e83e3a e-con-full e-flex sc_layouts_column_icons_position_left e-con e-child\" data-id=\"3e83e3a\" data-element_type=\"container\" data-e-type=\"container\">\n\t\t\t\t<div class=\"elementor-element elementor-element-2b0891d elementor-align-left sc_fly_static elementor-widget elementor-widget-button\" data-id=\"2b0891d\" data-element_type=\"widget\" data-e-type=\"widget\" data-widget_type=\"button.default\">\n\t\t\t\t<div class=\"elementor-widget-container\">\n\t\t\t\t\t\t\t\t\t<div class=\"elementor-button-wrapper\">\n\t\t\t\t\t<a class=\"elementor-button elementor-button-link elementor-size-sm\" href=\"https:\/\/inscriptions.efmaroc.org\/20262027\/\" target=\"_blank\">\n\t\t\t\t\t\t<span class=\"elementor-button-content-wrapper\">\n\t\t\t\t\t\t\t\t\t<span class=\"elementor-button-text\">ADMISSION 2026-2027<\/span>\n\t\t\t\t\t<\/span>\n\t\t\t\t\t<\/a>\n\t\t\t\t<\/div>\n\t\t\t\t\t\t\t\t<\/div>\n\t\t\t\t<\/div>\n\t\t\t\t<\/div>\n\t\t\t\t\t<\/div>\n\t\t\t\t<\/div>\n\t\t\t\t<div class=\"elementor-element elementor-element-81a27c9 sc_height_tiny sc_fly_static elementor-widget elementor-widget-spacer\" data-id=\"81a27c9\" data-element_type=\"widget\" data-e-type=\"widget\" data-widget_type=\"spacer.default\">\n\t\t\t\t<div class=\"elementor-widget-container\">\n\t\t\t\t\t\t\t<div class=\"elementor-spacer\">\n\t\t\t<div class=\"elementor-spacer-inner\"><\/div>\n\t\t<\/div>\n\t\t\t\t\t\t<\/div>\n\t\t\t\t<\/div>\n\t\t<div class=\"elementor-element elementor-element-042d889 e-flex e-con-boxed sc_layouts_column_icons_position_left e-con e-parent\" data-id=\"042d889\" data-element_type=\"container\" data-e-type=\"container\" data-settings=\"{&quot;background_background&quot;:&quot;classic&quot;}\">\n\t\t\t\t\t<div class=\"e-con-inner\">\n\t\t<div class=\"elementor-element elementor-element-9d6251d e-con-full e-flex sc_layouts_column_icons_position_left e-con e-child\" data-id=\"9d6251d\" data-element_type=\"container\" data-e-type=\"container\">\n\t\t\t\t<div class=\"elementor-element elementor-element-1057fa0 sc_fly_static elementor-widget elementor-widget-trx_sc_title\" data-id=\"1057fa0\" data-element_type=\"widget\" data-e-type=\"widget\" data-widget_type=\"trx_sc_title.default\">\n\t\t\t\t<div class=\"elementor-widget-container\">\n\t\t\t\t\t<div\t\tclass=\"sc_title sc_title_default\" ><h2 class=\"sc_item_title sc_title_title sc_item_title_style_default sc_item_title_tag\"\n\t\t\t><span class=\"sc_item_title_text\">Inscriptions tardives 2025-2026<\/span><\/h2><div class=\"sc_item_descr sc_title_descr\"><p>Les demandes d'admission  <b>en cours d'ann\u00e9e scolaire 2025-2026 <\/b> sont encore ouvertes.<\/p>\n<\/div><\/div>\t\t\t\t<\/div>\n\t\t\t\t<\/div>\n\t\t\t\t<\/div>\n\t\t<div class=\"elementor-element elementor-element-63d9b46 e-con-full e-flex sc_layouts_column_icons_position_left e-con e-child\" data-id=\"63d9b46\" data-element_type=\"container\" data-e-type=\"container\">\n\t\t\t\t<div class=\"elementor-element elementor-element-4aeff96 elementor-align-left sc_fly_static elementor-widget elementor-widget-button\" data-id=\"4aeff96\" data-element_type=\"widget\" data-e-type=\"widget\" data-widget_type=\"button.default\">\n\t\t\t\t<div class=\"elementor-widget-container\">\n\t\t\t\t\t\t\t\t\t<div class=\"elementor-button-wrapper\">\n\t\t\t\t\t<a class=\"elementor-button elementor-button-link elementor-size-sm\" href=\"https:\/\/inscriptions.efmaroc.org\/20252026\/\" target=\"_blank\">\n\t\t\t\t\t\t<span class=\"elementor-button-content-wrapper\">\n\t\t\t\t\t\t\t\t\t<span class=\"elementor-button-text\">ADMISSION 2025-2026<\/span>\n\t\t\t\t\t<\/span>\n\t\t\t\t\t<\/a>\n\t\t\t\t<\/div>\n\t\t\t\t\t\t\t\t<\/div>\n\t\t\t\t<\/div>\n\t\t\t\t<\/div>\n\t\t\t\t\t<\/div>\n\t\t\t\t<\/div>\n\t\t\t\t<div class=\"elementor-element elementor-element-d74f112 sc_height_tiny sc_fly_static elementor-widget elementor-widget-spacer\" data-id=\"d74f112\" data-element_type=\"widget\" data-e-type=\"widget\" data-widget_type=\"spacer.default\">\n\t\t\t\t<div class=\"elementor-widget-container\">\n\t\t\t\t\t\t\t<div class=\"elementor-spacer\">\n\t\t\t<div class=\"elementor-spacer-inner\"><\/div>\n\t\t<\/div>\n\t\t\t\t\t\t<\/div>\n\t\t\t\t<\/div>\n\t\t\t\t\t<\/div>\n\t\t<\/div>\n\t\t\t\t\t<\/div>\n\t\t<\/section>\n\t\t<div class=\"elementor-element elementor-element-bdc8bc2 e-flex e-con-boxed sc_layouts_column_icons_position_left e-con e-parent\" data-id=\"bdc8bc2\" data-element_type=\"container\" data-e-type=\"container\">\n\t\t\t\t\t<div class=\"e-con-inner\">\n\t\t\t\t<div class=\"elementor-element elementor-element-de6de83 elementor-widget-divider--view-line sc_fly_static elementor-widget elementor-widget-divider\" data-id=\"de6de83\" data-element_type=\"widget\" data-e-type=\"widget\" data-widget_type=\"divider.default\">\n\t\t\t\t<div class=\"elementor-widget-container\">\n\t\t\t\t\t\t\t<div class=\"elementor-divider\">\n\t\t\t<span class=\"elementor-divider-separator\">\n\t\t\t\t\t\t<\/span>\n\t\t<\/div>\n\t\t\t\t\t\t<\/div>\n\t\t\t\t<\/div>\n\t\t\t\t\t<\/div>\n\t\t\t\t<\/div>\n\t\t\t\t<section class=\"elementor-section elementor-top-section elementor-element elementor-element-dea8847 elementor-section-content-middle elementor-reverse-mobile elementor-section-boxed elementor-section-height-default elementor-section-height-default sc_fly_static\" data-id=\"dea8847\" data-element_type=\"section\" data-e-type=\"section\">\n\t\t\t\t\t\t<div class=\"elementor-container elementor-column-gap-wide\">\n\t\t\t\t\t<div class=\"elementor-column elementor-col-100 elementor-top-column elementor-element elementor-element-d39d50b sc_content_align_inherit sc_layouts_column_icons_position_left sc_fly_static\" data-id=\"d39d50b\" data-element_type=\"column\" data-e-type=\"column\">\n\t\t\t<div class=\"elementor-widget-wrap elementor-element-populated\">\n\t\t\t\t\t\t<div class=\"elementor-element elementor-element-f288f05 sc_height_tiny sc_fly_static elementor-widget elementor-widget-spacer\" data-id=\"f288f05\" data-element_type=\"widget\" data-e-type=\"widget\" data-widget_type=\"spacer.default\">\n\t\t\t\t<div class=\"elementor-widget-container\">\n\t\t\t\t\t\t\t<div class=\"elementor-spacer\">\n\t\t\t<div class=\"elementor-spacer-inner\"><\/div>\n\t\t<\/div>\n\t\t\t\t\t\t<\/div>\n\t\t\t\t<\/div>\n\t\t\t\t<div class=\"elementor-element elementor-element-bc89288 scheme_light sc_fly_static elementor-widget elementor-widget-trx_sc_title\" data-id=\"bc89288\" data-element_type=\"widget\" data-e-type=\"widget\" data-widget_type=\"trx_sc_title.default\">\n\t\t\t\t<div class=\"elementor-widget-container\">\n\t\t\t\t\t<div\t\tclass=\"sc_title scheme_light sc_title_default\" ><h2 class=\"sc_item_title sc_title_title sc_item_title_style_default sc_item_title_tag\"\n\t\t\t><span class=\"sc_item_title_text\">Proc\u00e9dure de transfert<\/span><\/h2><\/div>\t\t\t\t<\/div>\n\t\t\t\t<\/div>\n\t\t\t\t<div class=\"elementor-element elementor-element-1d80187 sc_height_tiny sc_fly_static elementor-widget elementor-widget-spacer\" data-id=\"1d80187\" data-element_type=\"widget\" data-e-type=\"widget\" data-widget_type=\"spacer.default\">\n\t\t\t\t<div class=\"elementor-widget-container\">\n\t\t\t\t\t\t\t<div class=\"elementor-spacer\">\n\t\t\t<div class=\"elementor-spacer-inner\"><\/div>\n\t\t<\/div>\n\t\t\t\t\t\t<\/div>\n\t\t\t\t<\/div>\n\t\t\t\t<div class=\"elementor-element elementor-element-596e4e7 sc_fly_static elementor-widget elementor-widget-text-editor\" data-id=\"596e4e7\" data-element_type=\"widget\" data-e-type=\"widget\" data-widget_type=\"text-editor.default\">\n\t\t\t\t<div class=\"elementor-widget-container\">\n\t\t\t\t\t\t\t\t\t<p>Toutes les demandes de transfert entre \u00e9tablissements du r\u00e9seau d\u2019enseignement fran\u00e7ais au Maroc s\u2019effectuent uniquement en ligne sur le portail familles (avec votre identifiant et votre mot de passe) :\u00a0<strong><a href=\"https:\/\/my.efmaroc.org\/portail\/\" target=\"_blank\" rel=\"noopener\">My efmaroc portail<\/a><\/strong><\/p><p>Les demandes pour la rentr\u00e9e suivante doivent \u00eatre imp\u00e9rativement d\u00e9pos\u00e9es entre d\u00e9cembre et f\u00e9vrier pour \u00eatre prises en compte (les dates sont communiqu\u00e9es en amont de l\u2019ouverture de la campagne de transfert). Ces demandes sont instruites par les \u00e9tablissements en fonction de leurs places disponibles.<\/p><p>Les demandes de transfert pour motif de changement de ville peuvent \u00eatre instruites tout au long de l\u2019ann\u00e9e scolaire.<\/p>\t\t\t\t\t\t\t\t<\/div>\n\t\t\t\t<\/div>\n\t\t\t\t<div class=\"elementor-element elementor-element-32334bc sc_fly_static elementor-widget elementor-widget-spacer\" data-id=\"32334bc\" data-element_type=\"widget\" data-e-type=\"widget\" data-widget_type=\"spacer.default\">\n\t\t\t\t<div class=\"elementor-widget-container\">\n\t\t\t\t\t\t\t<div class=\"elementor-spacer\">\n\t\t\t<div class=\"elementor-spacer-inner\"><\/div>\n\t\t<\/div>\n\t\t\t\t\t\t<\/div>\n\t\t\t\t<\/div>\n\t\t\t\t<div class=\"elementor-element elementor-element-76ece3e sc_height_tiny sc_fly_static elementor-widget elementor-widget-spacer\" data-id=\"76ece3e\" data-element_type=\"widget\" data-e-type=\"widget\" data-widget_type=\"spacer.default\">\n\t\t\t\t<div class=\"elementor-widget-container\">\n\t\t\t\t\t\t\t<div class=\"elementor-spacer\">\n\t\t\t<div class=\"elementor-spacer-inner\"><\/div>\n\t\t<\/div>\n\t\t\t\t\t\t<\/div>\n\t\t\t\t<\/div>\n\t\t\t\t<div class=\"elementor-element elementor-element-5ae350d sc_fly_static elementor-widget elementor-widget-text-editor\" data-id=\"5ae350d\" data-element_type=\"widget\" data-e-type=\"widget\" data-widget_type=\"text-editor.default\">\n\t\t\t\t<div class=\"elementor-widget-container\">\n\t\t\t\t\t\t\t\t\t<p style=\"text-align: center;\"><strong>Ouverture de la campagne de transfert pour la rentr\u00e9e 2026 dans un \u00e9tablissement du r\u00e9seau d&rsquo;enseignement fran\u00e7ais au Maroc :<br \/><\/strong><strong>Du 17 d\u00e9cembre 2025 au 11 f\u00e9vrier 2026. Les r\u00e9sultats seront accessibles \u00e0 partir du 18 mars 2026.<\/strong><\/p>\t\t\t\t\t\t\t\t<\/div>\n\t\t\t\t<\/div>\n\t\t\t\t<div class=\"elementor-element elementor-element-251a29f sc_fly_static elementor-widget elementor-widget-spacer\" data-id=\"251a29f\" data-element_type=\"widget\" data-e-type=\"widget\" data-widget_type=\"spacer.default\">\n\t\t\t\t<div class=\"elementor-widget-container\">\n\t\t\t\t\t\t\t<div class=\"elementor-spacer\">\n\t\t\t<div class=\"elementor-spacer-inner\"><\/div>\n\t\t<\/div>\n\t\t\t\t\t\t<\/div>\n\t\t\t\t<\/div>\n\t\t\t\t\t<\/div>\n\t\t<\/div>\n\t\t\t\t\t<\/div>\n\t\t<\/section>\n\t\t\t\t<section class=\"elementor-section elementor-top-section elementor-element elementor-element-bc072e0 elementor-section-content-middle elementor-reverse-mobile elementor-section-boxed elementor-section-height-default elementor-section-height-default sc_fly_static\" data-id=\"bc072e0\" data-element_type=\"section\" data-e-type=\"section\">\n\t\t\t\t\t\t<div class=\"elementor-container elementor-column-gap-wide\">\n\t\t\t\t\t<div class=\"elementor-column elementor-col-100 elementor-top-column elementor-element elementor-element-7c5d28f sc_content_align_inherit sc_layouts_column_icons_position_left sc_fly_static\" data-id=\"7c5d28f\" data-element_type=\"column\" data-e-type=\"column\">\n\t\t\t<div class=\"elementor-widget-wrap elementor-element-populated\">\n\t\t\t\t\t\t<div class=\"elementor-element elementor-element-572378f sc_height_small sc_fly_static elementor-widget elementor-widget-spacer\" data-id=\"572378f\" data-element_type=\"widget\" data-e-type=\"widget\" data-widget_type=\"spacer.default\">\n\t\t\t\t<div class=\"elementor-widget-container\">\n\t\t\t\t\t\t\t<div class=\"elementor-spacer\">\n\t\t\t<div class=\"elementor-spacer-inner\"><\/div>\n\t\t<\/div>\n\t\t\t\t\t\t<\/div>\n\t\t\t\t<\/div>\n\t\t<div class=\"elementor-element elementor-element-df12c14 e-flex e-con-boxed sc_layouts_column_icons_position_left e-con e-parent\" data-id=\"df12c14\" data-element_type=\"container\" data-e-type=\"container\" data-settings=\"{&quot;background_background&quot;:&quot;classic&quot;}\">\n\t\t\t\t\t<div class=\"e-con-inner\">\n\t\t<div class=\"elementor-element elementor-element-c555d0f e-con-full e-flex sc_layouts_column_icons_position_left e-con e-child\" data-id=\"c555d0f\" data-element_type=\"container\" data-e-type=\"container\">\n\t\t\t\t<div class=\"elementor-element elementor-element-4a61c78 sc_fly_static elementor-widget elementor-widget-trx_sc_title\" data-id=\"4a61c78\" data-element_type=\"widget\" data-e-type=\"widget\" data-widget_type=\"trx_sc_title.default\">\n\t\t\t\t<div class=\"elementor-widget-container\">\n\t\t\t\t\t<div\t\tclass=\"sc_title sc_title_default\" ><h2 class=\"sc_item_title sc_title_title sc_item_title_style_default sc_item_title_tag\"\n\t\t\t><span class=\"sc_item_title_text\">Documents \u00e0 t\u00e9l\u00e9charger <\/span><\/h2><\/div>\t\t\t\t<\/div>\n\t\t\t\t<\/div>\n\t\t\t\t<\/div>\n\t\t<div class=\"elementor-element elementor-element-83948dd e-con-full e-flex sc_layouts_column_icons_position_left e-con e-child\" data-id=\"83948dd\" data-element_type=\"container\" data-e-type=\"container\">\n\t\t\t\t<div class=\"elementor-element elementor-element-784af2f elementor-align-left sc_fly_static elementor-widget elementor-widget-button\" data-id=\"784af2f\" data-element_type=\"widget\" data-e-type=\"widget\" data-widget_type=\"button.default\">\n\t\t\t\t<div class=\"elementor-widget-container\">\n\t\t\t\t\t\t\t\t\t<div class=\"elementor-button-wrapper\">\n\t\t\t\t\t<a class=\"elementor-button elementor-button-link elementor-size-sm\" href=\"https:\/\/www.efmaroc.org\/efm\/wp-content\/uploads\/2023\/02\/PLANNING-ADMISSION-2026.pdf\" target=\"_blank\">\n\t\t\t\t\t\t<span class=\"elementor-button-content-wrapper\">\n\t\t\t\t\t\t\t\t\t<span class=\"elementor-button-text\">Planning admission<\/span>\n\t\t\t\t\t<\/span>\n\t\t\t\t\t<\/a>\n\t\t\t\t<\/div>\n\t\t\t\t\t\t\t\t<\/div>\n\t\t\t\t<\/div>\n\t\t\t\t<div class=\"elementor-element elementor-element-9aa9117 elementor-align-left sc_fly_static elementor-widget elementor-widget-button\" data-id=\"9aa9117\" data-element_type=\"widget\" data-e-type=\"widget\" data-widget_type=\"button.default\">\n\t\t\t\t<div class=\"elementor-widget-container\">\n\t\t\t\t\t\t\t\t\t<div class=\"elementor-button-wrapper\">\n\t\t\t\t\t<a class=\"elementor-button elementor-button-link elementor-size-sm\" href=\"https:\/\/www.efmaroc.org\/efm\/wp-content\/uploads\/2023\/02\/etapes-cles-pour-ladmission-2026_compressed.pdf\" target=\"_blank\">\n\t\t\t\t\t\t<span class=\"elementor-button-content-wrapper\">\n\t\t\t\t\t\t\t\t\t<span class=\"elementor-button-text\">Les \u00e9tapes cl\u00e9s<\/span>\n\t\t\t\t\t<\/span>\n\t\t\t\t\t<\/a>\n\t\t\t\t<\/div>\n\t\t\t\t\t\t\t\t<\/div>\n\t\t\t\t<\/div>\n\t\t\t\t<div class=\"elementor-element elementor-element-3fb64c1 elementor-align-left sc_fly_static elementor-widget elementor-widget-button\" data-id=\"3fb64c1\" data-element_type=\"widget\" data-e-type=\"widget\" data-widget_type=\"button.default\">\n\t\t\t\t<div class=\"elementor-widget-container\">\n\t\t\t\t\t\t\t\t\t<div class=\"elementor-button-wrapper\">\n\t\t\t\t\t<a class=\"elementor-button elementor-button-link elementor-size-sm\" href=\"https:\/\/www.efmaroc.org\/efm\/wp-content\/uploads\/2023\/02\/Profil-admission-2026.pdf\" target=\"_blank\">\n\t\t\t\t\t\t<span class=\"elementor-button-content-wrapper\">\n\t\t\t\t\t\t\t\t\t<span class=\"elementor-button-text\">Profils d\u2019admission<\/span>\n\t\t\t\t\t<\/span>\n\t\t\t\t\t<\/a>\n\t\t\t\t<\/div>\n\t\t\t\t\t\t\t\t<\/div>\n\t\t\t\t<\/div>\n\t\t\t\t<div class=\"elementor-element elementor-element-edb664f elementor-align-left sc_fly_static elementor-widget elementor-widget-button\" data-id=\"edb664f\" data-element_type=\"widget\" data-e-type=\"widget\" data-widget_type=\"button.default\">\n\t\t\t\t<div class=\"elementor-widget-container\">\n\t\t\t\t\t\t\t\t\t<div class=\"elementor-button-wrapper\">\n\t\t\t\t\t<a class=\"elementor-button elementor-button-link elementor-size-sm\" href=\"https:\/\/www.efmaroc.org\/efm\/wp-content\/uploads\/2023\/02\/TARIFS-2026-2027-V-DEF_compressed-1.pdf\" target=\"_blank\">\n\t\t\t\t\t\t<span class=\"elementor-button-content-wrapper\">\n\t\t\t\t\t\t\t\t\t<span class=\"elementor-button-text\">Les tarifs 2026-2027 <\/span>\n\t\t\t\t\t<\/span>\n\t\t\t\t\t<\/a>\n\t\t\t\t<\/div>\n\t\t\t\t\t\t\t\t<\/div>\n\t\t\t\t<\/div>\n\t\t\t\t<\/div>\n\t\t<div class=\"elementor-element elementor-element-bb763ca e-con-full e-flex sc_layouts_column_icons_position_left e-con e-child\" data-id=\"bb763ca\" data-element_type=\"container\" data-e-type=\"container\">\n\t\t\t\t<\/div>\n\t\t\t\t\t<\/div>\n\t\t\t\t<\/div>\n\t\t\t\t<div class=\"elementor-element elementor-element-bb92912 sc_height_small sc_fly_static elementor-widget elementor-widget-spacer\" data-id=\"bb92912\" data-element_type=\"widget\" data-e-type=\"widget\" data-widget_type=\"spacer.default\">\n\t\t\t\t<div class=\"elementor-widget-container\">\n\t\t\t\t\t\t\t<div class=\"elementor-spacer\">\n\t\t\t<div class=\"elementor-spacer-inner\"><\/div>\n\t\t<\/div>\n\t\t\t\t\t\t<\/div>\n\t\t\t\t<\/div>\n\t\t\t\t\t<\/div>\n\t\t<\/div>\n\t\t\t\t\t<\/div>\n\t\t<\/section>\n\t\t\t\t<\/div>\n\t\t","protected":false},"excerpt":{"rendered":"<p>Proc\u00e9dure d\u2019admission Toutes les op\u00e9rations d\u2019admission au r\u00e9seau EFM Maroc s\u2019effectuent en ligne uniquement sur&hellip;<\/p>\n","protected":false},"author":1,"featured_media":0,"parent":0,"menu_order":0,"comment_status":"closed","ping_status":"closed","template":"","meta":{"footnotes":""},"class_list":["post-20821","page","type-page","status-publish","hentry"],"yoast_head":"<!-- This site is optimized with the Yoast SEO plugin v26.8 - https:\/\/yoast.com\/product\/yoast-seo-wordpress\/ -->\n<title>Admission r\u00e9seau EFM Maroc | Enseignement Fran\u00e7ais au Maroc<\/title>\n<meta name=\"description\" content=\"Proc\u00e9dure d\u2019admission au r\u00e9seau de EFM Maroc : modalit\u00e9s d\u2019inscription en ligne et calendrier des campagnes pour int\u00e9grer un \u00e9tablissement fran\u00e7ais.\" \/>\n<meta name=\"robots\" content=\"index, follow, max-snippet:-1, max-image-preview:large, max-video-preview:-1\" \/>\n<link rel=\"canonical\" href=\"https:\/\/www.efmaroc.org\/efm\/admission\/\" \/>\n<meta property=\"og:locale\" content=\"fr_FR\" \/>\n<meta property=\"og:type\" content=\"article\" \/>\n<meta property=\"og:title\" content=\"Admission r\u00e9seau EFM Maroc | Enseignement Fran\u00e7ais au Maroc\" \/>\n<meta property=\"og:description\" content=\"Proc\u00e9dure d\u2019admission au r\u00e9seau de EFM Maroc : modalit\u00e9s d\u2019inscription en ligne et calendrier des campagnes pour int\u00e9grer un \u00e9tablissement fran\u00e7ais.\" \/>\n<meta property=\"og:url\" content=\"https:\/\/www.efmaroc.org\/efm\/admission\/\" \/>\n<meta property=\"og:site_name\" content=\"EFM\" \/>\n<meta property=\"article:modified_time\" content=\"2026-04-06T10:01:30+00:00\" \/>\n<meta property=\"og:image\" content=\"https:\/\/www.efmaroc.org\/efm\/wp-content\/uploads\/2023\/01\/efm-enseignement-francais-maroc-reseau-admission-.jpg\" \/>\n\t<meta property=\"og:image:width\" content=\"605\" \/>\n\t<meta property=\"og:image:height\" content=\"580\" \/>\n\t<meta property=\"og:image:type\" content=\"image\/jpeg\" \/>\n<meta name=\"twitter:card\" content=\"summary_large_image\" \/>\n<meta name=\"twitter:label1\" content=\"Dur\u00e9e de lecture estim\u00e9e\" \/>\n\t<meta name=\"twitter:data1\" content=\"2 minutes\" \/>\n<script type=\"application\/ld+json\" class=\"yoast-schema-graph\">{\"@context\":\"https:\/\/schema.org\",\"@graph\":[{\"@type\":\"WebPage\",\"@id\":\"https:\/\/www.efmaroc.org\/efm\/admission\/\",\"url\":\"https:\/\/www.efmaroc.org\/efm\/admission\/\",\"name\":\"Admission r\u00e9seau EFM Maroc | Enseignement Fran\u00e7ais au Maroc\",\"isPartOf\":{\"@id\":\"https:\/\/www.efmaroc.org\/efm\/#website\"},\"primaryImageOfPage\":{\"@id\":\"https:\/\/www.efmaroc.org\/efm\/admission\/#primaryimage\"},\"image\":{\"@id\":\"https:\/\/www.efmaroc.org\/efm\/admission\/#primaryimage\"},\"thumbnailUrl\":\"https:\/\/www.efmaroc.org\/efm\/wp-content\/uploads\/2023\/01\/efm-enseignement-francais-maroc-reseau-admission-.jpg\",\"datePublished\":\"2023-01-19T15:08:30+00:00\",\"dateModified\":\"2026-04-06T10:01:30+00:00\",\"description\":\"Proc\u00e9dure d\u2019admission au r\u00e9seau de EFM Maroc : modalit\u00e9s d\u2019inscription en ligne et calendrier des campagnes pour int\u00e9grer un \u00e9tablissement fran\u00e7ais.\",\"breadcrumb\":{\"@id\":\"https:\/\/www.efmaroc.org\/efm\/admission\/#breadcrumb\"},\"inLanguage\":\"fr-FR\",\"potentialAction\":[{\"@type\":\"ReadAction\",\"target\":[\"https:\/\/www.efmaroc.org\/efm\/admission\/\"]}]},{\"@type\":\"ImageObject\",\"inLanguage\":\"fr-FR\",\"@id\":\"https:\/\/www.efmaroc.org\/efm\/admission\/#primaryimage\",\"url\":\"https:\/\/www.efmaroc.org\/efm\/wp-content\/uploads\/2023\/01\/efm-enseignement-francais-maroc-reseau-admission-.jpg\",\"contentUrl\":\"https:\/\/www.efmaroc.org\/efm\/wp-content\/uploads\/2023\/01\/efm-enseignement-francais-maroc-reseau-admission-.jpg\",\"width\":605,\"height\":580},{\"@type\":\"BreadcrumbList\",\"@id\":\"https:\/\/www.efmaroc.org\/efm\/admission\/#breadcrumb\",\"itemListElement\":[{\"@type\":\"ListItem\",\"position\":1,\"name\":\"Accueil\",\"item\":\"https:\/\/www.efmaroc.org\/efm\/\"},{\"@type\":\"ListItem\",\"position\":2,\"name\":\"Admission\"}]},{\"@type\":\"WebSite\",\"@id\":\"https:\/\/www.efmaroc.org\/efm\/#website\",\"url\":\"https:\/\/www.efmaroc.org\/efm\/\",\"name\":\"EFM\",\"description\":\"Enseignement Fran\u00e7ais au Maroc\",\"publisher\":{\"@id\":\"https:\/\/www.efmaroc.org\/efm\/#organization\"},\"potentialAction\":[{\"@type\":\"SearchAction\",\"target\":{\"@type\":\"EntryPoint\",\"urlTemplate\":\"https:\/\/www.efmaroc.org\/efm\/?s={search_term_string}\"},\"query-input\":{\"@type\":\"PropertyValueSpecification\",\"valueRequired\":true,\"valueName\":\"search_term_string\"}}],\"inLanguage\":\"fr-FR\"},{\"@type\":\"Organization\",\"@id\":\"https:\/\/www.efmaroc.org\/efm\/#organization\",\"name\":\"EFM\",\"url\":\"https:\/\/www.efmaroc.org\/efm\/\",\"logo\":{\"@type\":\"ImageObject\",\"inLanguage\":\"fr-FR\",\"@id\":\"https:\/\/www.efmaroc.org\/efm\/#\/schema\/logo\/image\/\",\"url\":\"https:\/\/www.efmaroc.org\/efm\/wp-content\/uploads\/2022\/12\/efm-enseignement-francais-maroc-logotaglinex2.png\",\"contentUrl\":\"https:\/\/www.efmaroc.org\/efm\/wp-content\/uploads\/2022\/12\/efm-enseignement-francais-maroc-logotaglinex2.png\",\"width\":104,\"height\":78,\"caption\":\"EFM\"},\"image\":{\"@id\":\"https:\/\/www.efmaroc.org\/efm\/#\/schema\/logo\/image\/\"}}]}<\/script>\n<!-- \/ Yoast SEO plugin. -->","yoast_head_json":{"title":"Admission r\u00e9seau EFM Maroc | Enseignement Fran\u00e7ais au Maroc","description":"Proc\u00e9dure d\u2019admission au r\u00e9seau de EFM Maroc : modalit\u00e9s d\u2019inscription en ligne et calendrier des campagnes pour int\u00e9grer un \u00e9tablissement fran\u00e7ais.","robots":{"index":"index","follow":"follow","max-snippet":"max-snippet:-1","max-image-preview":"max-image-preview:large","max-video-preview":"max-video-preview:-1"},"canonical":"https:\/\/www.efmaroc.org\/efm\/admission\/","og_locale":"fr_FR","og_type":"article","og_title":"Admission r\u00e9seau EFM Maroc | Enseignement Fran\u00e7ais au Maroc","og_description":"Proc\u00e9dure d\u2019admission au r\u00e9seau de EFM Maroc : modalit\u00e9s d\u2019inscription en ligne et calendrier des campagnes pour int\u00e9grer un \u00e9tablissement fran\u00e7ais.","og_url":"https:\/\/www.efmaroc.org\/efm\/admission\/","og_site_name":"EFM","article_modified_time":"2026-04-06T10:01:30+00:00","og_image":[{"width":605,"height":580,"url":"https:\/\/www.efmaroc.org\/efm\/wp-content\/uploads\/2023\/01\/efm-enseignement-francais-maroc-reseau-admission-.jpg","type":"image\/jpeg"}],"twitter_card":"summary_large_image","twitter_misc":{"Dur\u00e9e de lecture estim\u00e9e":"2 minutes"},"schema":{"@context":"https:\/\/schema.org","@graph":[{"@type":"WebPage","@id":"https:\/\/www.efmaroc.org\/efm\/admission\/","url":"https:\/\/www.efmaroc.org\/efm\/admission\/","name":"Admission r\u00e9seau EFM Maroc | Enseignement Fran\u00e7ais au Maroc","isPartOf":{"@id":"https:\/\/www.efmaroc.org\/efm\/#website"},"primaryImageOfPage":{"@id":"https:\/\/www.efmaroc.org\/efm\/admission\/#primaryimage"},"image":{"@id":"https:\/\/www.efmaroc.org\/efm\/admission\/#primaryimage"},"thumbnailUrl":"https:\/\/www.efmaroc.org\/efm\/wp-content\/uploads\/2023\/01\/efm-enseignement-francais-maroc-reseau-admission-.jpg","datePublished":"2023-01-19T15:08:30+00:00","dateModified":"2026-04-06T10:01:30+00:00","description":"Proc\u00e9dure d\u2019admission au r\u00e9seau de EFM Maroc : modalit\u00e9s d\u2019inscription en ligne et calendrier des campagnes pour int\u00e9grer un \u00e9tablissement fran\u00e7ais.","breadcrumb":{"@id":"https:\/\/www.efmaroc.org\/efm\/admission\/#breadcrumb"},"inLanguage":"fr-FR","potentialAction":[{"@type":"ReadAction","target":["https:\/\/www.efmaroc.org\/efm\/admission\/"]}]},{"@type":"ImageObject","inLanguage":"fr-FR","@id":"https:\/\/www.efmaroc.org\/efm\/admission\/#primaryimage","url":"https:\/\/www.efmaroc.org\/efm\/wp-content\/uploads\/2023\/01\/efm-enseignement-francais-maroc-reseau-admission-.jpg","contentUrl":"https:\/\/www.efmaroc.org\/efm\/wp-content\/uploads\/2023\/01\/efm-enseignement-francais-maroc-reseau-admission-.jpg","width":605,"height":580},{"@type":"BreadcrumbList","@id":"https:\/\/www.efmaroc.org\/efm\/admission\/#breadcrumb","itemListElement":[{"@type":"ListItem","position":1,"name":"Accueil","item":"https:\/\/www.efmaroc.org\/efm\/"},{"@type":"ListItem","position":2,"name":"Admission"}]},{"@type":"WebSite","@id":"https:\/\/www.efmaroc.org\/efm\/#website","url":"https:\/\/www.efmaroc.org\/efm\/","name":"EFM","description":"Enseignement Fran\u00e7ais au Maroc","publisher":{"@id":"https:\/\/www.efmaroc.org\/efm\/#organization"},"potentialAction":[{"@type":"SearchAction","target":{"@type":"EntryPoint","urlTemplate":"https:\/\/www.efmaroc.org\/efm\/?s={search_term_string}"},"query-input":{"@type":"PropertyValueSpecification","valueRequired":true,"valueName":"search_term_string"}}],"inLanguage":"fr-FR"},{"@type":"Organization","@id":"https:\/\/www.efmaroc.org\/efm\/#organization","name":"EFM","url":"https:\/\/www.efmaroc.org\/efm\/","logo":{"@type":"ImageObject","inLanguage":"fr-FR","@id":"https:\/\/www.efmaroc.org\/efm\/#\/schema\/logo\/image\/","url":"https:\/\/www.efmaroc.org\/efm\/wp-content\/uploads\/2022\/12\/efm-enseignement-francais-maroc-logotaglinex2.png","contentUrl":"https:\/\/www.efmaroc.org\/efm\/wp-content\/uploads\/2022\/12\/efm-enseignement-francais-maroc-logotaglinex2.png","width":104,"height":78,"caption":"EFM"},"image":{"@id":"https:\/\/www.efmaroc.org\/efm\/#\/schema\/logo\/image\/"}}]}},"jetpack_sharing_enabled":true,"_links":{"self":[{"href":"https:\/\/www.efmaroc.org\/efm\/wp-json\/wp\/v2\/pages\/20821","targetHints":{"allow":["GET"]}}],"collection":[{"href":"https:\/\/www.efmaroc.org\/efm\/wp-json\/wp\/v2\/pages"}],"about":[{"href":"https:\/\/www.efmaroc.org\/efm\/wp-json\/wp\/v2\/types\/page"}],"author":[{"embeddable":true,"href":"https:\/\/www.efmaroc.org\/efm\/wp-json\/wp\/v2\/users\/1"}],"replies":[{"embeddable":true,"href":"https:\/\/www.efmaroc.org\/efm\/wp-json\/wp\/v2\/comments?post=20821"}],"version-history":[{"count":448,"href":"https:\/\/www.efmaroc.org\/efm\/wp-json\/wp\/v2\/pages\/20821\/revisions"}],"predecessor-version":[{"id":25090,"href":"https:\/\/www.efmaroc.org\/efm\/wp-json\/wp\/v2\/pages\/20821\/revisions\/25090"}],"wp:attachment":[{"href":"https:\/\/www.efmaroc.org\/efm\/wp-json\/wp\/v2\/media?parent=20821"}],"curies":[{"name":"wp","href":"https:\/\/api.w.org\/{rel}","templated":true}]}}