{"id":22506,"date":"2023-12-20T16:48:13","date_gmt":"2023-12-20T15:48:13","guid":{"rendered":"https:\/\/www.efmaroc.org\/efm\/?page_id=22506"},"modified":"2026-01-30T02:43:09","modified_gmt":"2026-01-30T01:43:09","slug":"recrutement-personnels-detaches-aefe","status":"publish","type":"page","link":"https:\/\/www.efmaroc.org\/efm\/recrutement-personnels-detaches-aefe\/","title":{"rendered":"Recrutement personnels d\u00e9tach\u00e9s AEFE\u00a0"},"content":{"rendered":"\t\t<div data-elementor-type=\"wp-page\" data-elementor-id=\"22506\" class=\"elementor elementor-22506\">\n\t\t\t\t\t\t<section class=\"elementor-section elementor-top-section elementor-element elementor-element-4961c2c8 elementor-section-full_width elementor-section-content-middle elementor-section-stretched elementor-section-height-default elementor-section-height-default sc_fly_static\" data-id=\"4961c2c8\" data-element_type=\"section\" data-e-type=\"section\" data-settings=\"{&quot;stretch_section&quot;:&quot;section-stretched&quot;,&quot;background_background&quot;:&quot;classic&quot;}\">\n\t\t\t\t\t\t\t<div class=\"elementor-background-overlay\"><\/div>\n\t\t\t\t\t\t\t<div class=\"elementor-container elementor-column-gap-no\">\n\t\t\t\t\t<div class=\"elementor-column elementor-col-100 elementor-top-column elementor-element elementor-element-52daa11 sc_content_align_inherit sc_layouts_column_icons_position_left sc_fly_static\" data-id=\"52daa11\" data-element_type=\"column\" data-e-type=\"column\">\n\t\t\t<div class=\"elementor-widget-wrap elementor-element-populated\">\n\t\t\t\t\t\t<div class=\"elementor-element elementor-element-ff5fd96 sc_fly_static elementor-widget elementor-widget-heading\" data-id=\"ff5fd96\" data-element_type=\"widget\" data-e-type=\"widget\" data-widget_type=\"heading.default\">\n\t\t\t\t<div class=\"elementor-widget-container\">\n\t\t\t\t\t<h1 class=\"elementor-heading-title elementor-size-default\">Recrutement  des d\u00e9tach\u00e9s pour la rentr\u00e9e 2026<\/h1>\t\t\t\t<\/div>\n\t\t\t\t<\/div>\n\t\t\t\t\t<\/div>\n\t\t<\/div>\n\t\t\t\t\t<\/div>\n\t\t<\/section>\n\t\t<div class=\"elementor-element elementor-element-baae251 e-flex e-con-boxed sc_layouts_column_icons_position_left e-con e-parent\" data-id=\"baae251\" data-element_type=\"container\" data-e-type=\"container\">\n\t\t\t\t\t<div class=\"e-con-inner\">\n\t\t\t\t<div class=\"elementor-element elementor-element-410d7a7 sc_height_medium sc_fly_static elementor-widget elementor-widget-spacer\" data-id=\"410d7a7\" data-element_type=\"widget\" data-e-type=\"widget\" data-widget_type=\"spacer.default\">\n\t\t\t\t<div class=\"elementor-widget-container\">\n\t\t\t\t\t\t\t<div class=\"elementor-spacer\">\n\t\t\t<div class=\"elementor-spacer-inner\"><\/div>\n\t\t<\/div>\n\t\t\t\t\t\t<\/div>\n\t\t\t\t<\/div>\n\t\t\t\t<div class=\"elementor-element elementor-element-d109b1a sc_fly_static elementor-widget elementor-widget-heading\" data-id=\"d109b1a\" data-element_type=\"widget\" data-e-type=\"widget\" data-widget_type=\"heading.default\">\n\t\t\t\t<div class=\"elementor-widget-container\">\n\t\t\t\t\t<h1 class=\"elementor-heading-title elementor-size-default\">Ouverture de la campagne de recrutement des personnels d\u00e9tach\u00e9s AEFE sur un emploi d\u2019enseignement, d\u2019\u00e9ducation et d\u2019administration de l\u2019AEFE pour la rentr\u00e9e 2026 au Maroc<\/h1>\t\t\t\t<\/div>\n\t\t\t\t<\/div>\n\t\t\t\t\t<\/div>\n\t\t\t\t<\/div>\n\t\t\t\t<section class=\"elementor-section elementor-top-section elementor-element elementor-element-201e15c5 scheme_default elementor-section-content-middle elementor-section-full_width elementor-section-stretched elementor-section-height-default elementor-section-height-default sc_fly_static\" data-id=\"201e15c5\" data-element_type=\"section\" data-e-type=\"section\" data-settings=\"{&quot;background_background&quot;:&quot;classic&quot;,&quot;stretch_section&quot;:&quot;section-stretched&quot;}\">\n\t\t\t\t\t\t<div class=\"elementor-container elementor-column-gap-extended\">\n\t\t\t\t\t<div class=\"elementor-column elementor-col-66 elementor-top-column elementor-element elementor-element-5cd12c sc_content_align_inherit sc_layouts_column_icons_position_left sc_fly_static\" data-id=\"5cd12c\" data-element_type=\"column\" data-e-type=\"column\">\n\t\t\t<div class=\"elementor-widget-wrap elementor-element-populated\">\n\t\t\t\t\t\t<div class=\"elementor-element elementor-element-b7a84f7 sc_height_tiny sc_fly_static elementor-widget elementor-widget-spacer\" data-id=\"b7a84f7\" data-element_type=\"widget\" data-e-type=\"widget\" data-widget_type=\"spacer.default\">\n\t\t\t\t<div class=\"elementor-widget-container\">\n\t\t\t\t\t\t\t<div class=\"elementor-spacer\">\n\t\t\t<div class=\"elementor-spacer-inner\"><\/div>\n\t\t<\/div>\n\t\t\t\t\t\t<\/div>\n\t\t\t\t<\/div>\n\t\t\t\t<div class=\"elementor-element elementor-element-db8f270 sc_height_tiny elementor-hidden-desktop elementor-hidden-tablet sc_fly_static elementor-widget elementor-widget-spacer\" data-id=\"db8f270\" data-element_type=\"widget\" data-e-type=\"widget\" data-widget_type=\"spacer.default\">\n\t\t\t\t<div class=\"elementor-widget-container\">\n\t\t\t\t\t\t\t<div class=\"elementor-spacer\">\n\t\t\t<div class=\"elementor-spacer-inner\"><\/div>\n\t\t<\/div>\n\t\t\t\t\t\t<\/div>\n\t\t\t\t<\/div>\n\t\t\t\t<div class=\"elementor-element elementor-element-734bb0e9 sc_fly_static elementor-widget elementor-widget-trx_sc_title\" data-id=\"734bb0e9\" data-element_type=\"widget\" data-e-type=\"widget\" data-widget_type=\"trx_sc_title.default\">\n\t\t\t\t<div class=\"elementor-widget-container\">\n\t\t\t\t\t<div\t\tclass=\"sc_title sc_title_default\" ><div class=\"sc_item_descr sc_title_descr\"><p>Pour postuler au sein d\u2019un \u00e9tablissement EGD au Maroc, les candidats doivent imp\u00e9rativement renseigner un dossier de candidature sur la plateforme num\u00e9rique <b> AGIRD Maroc <\/b> \u00e0 partir du <b>mercredi 08 octobre et jusqu\u2019au vendredi 14 novembre 2025.<\/b><\/p>\n<p>Une notice de candidature est consultable sur la plateforme AGIRD Maroc.<\/p>\n<p>Les postes de personnels d\u00e9tach\u00e9s AEFE vacants ou susceptibles d\u2019\u00eatre vacants dans les \u00e9tablissements en gestion directe du Maroc pour la rentr\u00e9e 2026 seront publi\u00e9s \u00e0 partir <b>du lundi 20 octobre 2025.<\/b><\/p>\n<p>Le recrutement des personnels d\u00e9tach\u00e9s d\u2019enseignement, d\u2019\u00e9ducation et d\u2019administration est r\u00e9gi par une instruction g\u00e9n\u00e9rale de recrutement des d\u00e9tach\u00e9s, valid\u00e9e chaque ann\u00e9e par les instances de l\u2019AEFE.<\/p>\n<p>La liste de postes est susceptible d\u2019\u00e9voluer r\u00e9guli\u00e8rement \u00e0 partir de d\u00e9but novembre : les candidats sont invit\u00e9s \u00e0 consulter r\u00e9guli\u00e8rement les informations sur le site de l'AEFE et le site AGIRD Maroc pendant la p\u00e9riode de recrutement.<\/p>\n<p>La commission consultative paritaire locale de recrutement (CCPL) pour le Maroc se r\u00e9unira <b>le mercredi 10 d\u00e9cembre 2025   <\/b> pour valider le classement des candidats sur ces postes de d\u00e9tach\u00e9s AEFE.<\/p>\n<\/div><\/div>\t\t\t\t<\/div>\n\t\t\t\t<\/div>\n\t\t\t\t<div class=\"elementor-element elementor-element-6e44c66 sc_height_tiny sc_fly_static elementor-widget elementor-widget-spacer\" data-id=\"6e44c66\" data-element_type=\"widget\" data-e-type=\"widget\" data-widget_type=\"spacer.default\">\n\t\t\t\t<div class=\"elementor-widget-container\">\n\t\t\t\t\t\t\t<div class=\"elementor-spacer\">\n\t\t\t<div class=\"elementor-spacer-inner\"><\/div>\n\t\t<\/div>\n\t\t\t\t\t\t<\/div>\n\t\t\t\t<\/div>\n\t\t\t\t<div class=\"elementor-element elementor-element-4ae27ed elementor-align-left sc_fly_static elementor-widget elementor-widget-button\" data-id=\"4ae27ed\" data-element_type=\"widget\" data-e-type=\"widget\" data-widget_type=\"button.default\">\n\t\t\t\t<div class=\"elementor-widget-container\">\n\t\t\t\t\t\t\t\t\t<div class=\"elementor-button-wrapper\">\n\t\t\t\t\t<a class=\"elementor-button elementor-button-link elementor-size-md\" href=\"https:\/\/recrutement.efmaroc.org\/detaches\/\" target=\"_blank\">\n\t\t\t\t\t\t<span class=\"elementor-button-content-wrapper\">\n\t\t\t\t\t\t<span class=\"elementor-button-icon\">\n\t\t\t\t<svg aria-hidden=\"true\" class=\"e-font-icon-svg e-fas-angle-right\" viewBox=\"0 0 256 512\" xmlns=\"http:\/\/www.w3.org\/2000\/svg\"><path d=\"M224.3 273l-136 136c-9.4 9.4-24.6 9.4-33.9 0l-22.6-22.6c-9.4-9.4-9.4-24.6 0-33.9l96.4-96.4-96.4-96.4c-9.4-9.4-9.4-24.6 0-33.9L54.3 103c9.4-9.4 24.6-9.4 33.9 0l136 136c9.5 9.4 9.5 24.6.1 34z\"><\/path><\/svg>\t\t\t<\/span>\n\t\t\t\t\t\t\t\t\t<span class=\"elementor-button-text\">Cliquez sur le lien<\/span>\n\t\t\t\t\t<\/span>\n\t\t\t\t\t<\/a>\n\t\t\t\t<\/div>\n\t\t\t\t\t\t\t\t<\/div>\n\t\t\t\t<\/div>\n\t\t\t\t\t<\/div>\n\t\t<\/div>\n\t\t\t\t<div class=\"elementor-column elementor-col-33 elementor-top-column elementor-element elementor-element-2ba9e1b3 sc_content_align_inherit sc_layouts_column_icons_position_left sc_fly_static\" data-id=\"2ba9e1b3\" data-element_type=\"column\" data-e-type=\"column\">\n\t\t\t<div class=\"elementor-widget-wrap elementor-element-populated\">\n\t\t\t\t\t\t<div class=\"elementor-element elementor-element-4785ca6b sc_height_small elementor-hidden-desktop elementor-hidden-tablet sc_fly_static elementor-widget elementor-widget-spacer\" data-id=\"4785ca6b\" data-element_type=\"widget\" data-e-type=\"widget\" data-widget_type=\"spacer.default\">\n\t\t\t\t<div class=\"elementor-widget-container\">\n\t\t\t\t\t\t\t<div class=\"elementor-spacer\">\n\t\t\t<div class=\"elementor-spacer-inner\"><\/div>\n\t\t<\/div>\n\t\t\t\t\t\t<\/div>\n\t\t\t\t<\/div>\n\t\t\t\t<div class=\"elementor-element elementor-element-466175ac sc_fly_static elementor-widget elementor-widget-image\" data-id=\"466175ac\" data-element_type=\"widget\" data-e-type=\"widget\" data-widget_type=\"image.default\">\n\t\t\t\t<div class=\"elementor-widget-container\">\n\t\t\t\t\t\t\t\t\t\t\t\t\t\t\t\t<a href=\"https:\/\/aefe.gouv.fr\/fr\/recrutement\/recrutement-des-detaches-sur-missions-enseignement-education-administration\" target=\"_blank\">\n\t\t\t\t\t\t\t<img decoding=\"async\" src=\"https:\/\/www.efmaroc.org\/efm\/wp-content\/uploads\/elementor\/thumbs\/1702995076648-qh39zo29h9gukst5xqpn71bcl8s8b5a2bjm09yl34c.jpg\" title=\"1702995076648\" alt=\"1702995076648\" loading=\"lazy\" \/>\t\t\t\t\t\t\t\t<\/a>\n\t\t\t\t\t\t\t\t\t\t\t\t\t\t\t<\/div>\n\t\t\t\t<\/div>\n\t\t\t\t\t<\/div>\n\t\t<\/div>\n\t\t\t\t\t<\/div>\n\t\t<\/section>\n\t\t<div class=\"elementor-element elementor-element-bd034b7 e-flex e-con-boxed sc_layouts_column_icons_position_left e-con e-parent\" data-id=\"bd034b7\" data-element_type=\"container\" data-e-type=\"container\">\n\t\t\t\t\t<div class=\"e-con-inner\">\n\t\t\t\t<div class=\"elementor-element elementor-element-a1aa5d6 sc_fly_static elementor-widget elementor-widget-spacer\" data-id=\"a1aa5d6\" data-element_type=\"widget\" data-e-type=\"widget\" data-widget_type=\"spacer.default\">\n\t\t\t\t<div class=\"elementor-widget-container\">\n\t\t\t\t\t\t\t<div class=\"elementor-spacer\">\n\t\t\t<div class=\"elementor-spacer-inner\"><\/div>\n\t\t<\/div>\n\t\t\t\t\t\t<\/div>\n\t\t\t\t<\/div>\n\t\t\t\t\t<\/div>\n\t\t\t\t<\/div>\n\t\t\t\t<\/div>\n\t\t","protected":false},"excerpt":{"rendered":"<p>Recrutement des d\u00e9tach\u00e9s pour la rentr\u00e9e 2026 Ouverture de la campagne de recrutement des personnels&hellip;<\/p>\n","protected":false},"author":1,"featured_media":0,"parent":0,"menu_order":0,"comment_status":"closed","ping_status":"closed","template":"","meta":{"footnotes":""},"class_list":["post-22506","page","type-page","status-publish","hentry"],"yoast_head":"<!-- This site is optimized with the Yoast SEO plugin v26.8 - https:\/\/yoast.com\/product\/yoast-seo-wordpress\/ -->\n<title>D\u00e9tachement AEFE au Maroc | Enseignement Fran\u00e7ais au Maroc<\/title>\n<meta name=\"description\" content=\"Processus de d\u00e9tachement AEFE au Maroc : proc\u00e9dures en ligne via AGIRD Maroc et conditions pour postuler aux postes d\u2019\u00e9ducation et administration.\" \/>\n<meta name=\"robots\" content=\"index, follow, max-snippet:-1, max-image-preview:large, max-video-preview:-1\" \/>\n<link rel=\"canonical\" href=\"https:\/\/www.efmaroc.org\/efm\/recrutement-personnels-detaches-aefe\/\" \/>\n<meta property=\"og:locale\" content=\"fr_FR\" \/>\n<meta property=\"og:type\" content=\"article\" \/>\n<meta property=\"og:title\" content=\"D\u00e9tachement AEFE au Maroc | Enseignement Fran\u00e7ais au Maroc\" \/>\n<meta property=\"og:description\" content=\"Processus de d\u00e9tachement AEFE au Maroc : proc\u00e9dures en ligne via AGIRD Maroc et conditions pour postuler aux postes d\u2019\u00e9ducation et administration.\" \/>\n<meta property=\"og:url\" content=\"https:\/\/www.efmaroc.org\/efm\/recrutement-personnels-detaches-aefe\/\" \/>\n<meta property=\"og:site_name\" content=\"EFM\" \/>\n<meta property=\"article:modified_time\" content=\"2026-01-30T01:43:09+00:00\" \/>\n<meta property=\"og:image\" content=\"https:\/\/www.efmaroc.org\/efm\/wp-content\/uploads\/elementor\/thumbs\/1702995076648-qh39zo29h9gukst5xqpn71bcl8s8b5a2bjm09yl21g.jpg\" \/>\n<meta name=\"twitter:card\" content=\"summary_large_image\" \/>\n<meta name=\"twitter:label1\" content=\"Dur\u00e9e de lecture estim\u00e9e\" \/>\n\t<meta name=\"twitter:data1\" content=\"2 minutes\" \/>\n<script type=\"application\/ld+json\" class=\"yoast-schema-graph\">{\"@context\":\"https:\/\/schema.org\",\"@graph\":[{\"@type\":\"WebPage\",\"@id\":\"https:\/\/www.efmaroc.org\/efm\/recrutement-personnels-detaches-aefe\/\",\"url\":\"https:\/\/www.efmaroc.org\/efm\/recrutement-personnels-detaches-aefe\/\",\"name\":\"D\u00e9tachement AEFE au Maroc | Enseignement Fran\u00e7ais au Maroc\",\"isPartOf\":{\"@id\":\"https:\/\/www.efmaroc.org\/efm\/#website\"},\"primaryImageOfPage\":{\"@id\":\"https:\/\/www.efmaroc.org\/efm\/recrutement-personnels-detaches-aefe\/#primaryimage\"},\"image\":{\"@id\":\"https:\/\/www.efmaroc.org\/efm\/recrutement-personnels-detaches-aefe\/#primaryimage\"},\"thumbnailUrl\":\"https:\/\/www.efmaroc.org\/efm\/wp-content\/uploads\/elementor\/thumbs\/1702995076648-qh39zo29h9gukst5xqpn71bcl8s8b5a2bjm09yl21g.jpg\",\"datePublished\":\"2023-12-20T15:48:13+00:00\",\"dateModified\":\"2026-01-30T01:43:09+00:00\",\"description\":\"Processus de d\u00e9tachement AEFE au Maroc : proc\u00e9dures en ligne via AGIRD Maroc et conditions pour postuler aux postes d\u2019\u00e9ducation et administration.\",\"breadcrumb\":{\"@id\":\"https:\/\/www.efmaroc.org\/efm\/recrutement-personnels-detaches-aefe\/#breadcrumb\"},\"inLanguage\":\"fr-FR\",\"potentialAction\":[{\"@type\":\"ReadAction\",\"target\":[\"https:\/\/www.efmaroc.org\/efm\/recrutement-personnels-detaches-aefe\/\"]}]},{\"@type\":\"ImageObject\",\"inLanguage\":\"fr-FR\",\"@id\":\"https:\/\/www.efmaroc.org\/efm\/recrutement-personnels-detaches-aefe\/#primaryimage\",\"url\":\"https:\/\/www.efmaroc.org\/efm\/wp-content\/uploads\/elementor\/thumbs\/1702995076648-qh39zo29h9gukst5xqpn71bcl8s8b5a2bjm09yl21g.jpg\",\"contentUrl\":\"https:\/\/www.efmaroc.org\/efm\/wp-content\/uploads\/elementor\/thumbs\/1702995076648-qh39zo29h9gukst5xqpn71bcl8s8b5a2bjm09yl21g.jpg\"},{\"@type\":\"BreadcrumbList\",\"@id\":\"https:\/\/www.efmaroc.org\/efm\/recrutement-personnels-detaches-aefe\/#breadcrumb\",\"itemListElement\":[{\"@type\":\"ListItem\",\"position\":1,\"name\":\"Accueil\",\"item\":\"https:\/\/www.efmaroc.org\/efm\/\"},{\"@type\":\"ListItem\",\"position\":2,\"name\":\"Recrutement personnels d\u00e9tach\u00e9s AEFE\u00a0\"}]},{\"@type\":\"WebSite\",\"@id\":\"https:\/\/www.efmaroc.org\/efm\/#website\",\"url\":\"https:\/\/www.efmaroc.org\/efm\/\",\"name\":\"EFM\",\"description\":\"Enseignement Fran\u00e7ais au Maroc\",\"publisher\":{\"@id\":\"https:\/\/www.efmaroc.org\/efm\/#organization\"},\"potentialAction\":[{\"@type\":\"SearchAction\",\"target\":{\"@type\":\"EntryPoint\",\"urlTemplate\":\"https:\/\/www.efmaroc.org\/efm\/?s={search_term_string}\"},\"query-input\":{\"@type\":\"PropertyValueSpecification\",\"valueRequired\":true,\"valueName\":\"search_term_string\"}}],\"inLanguage\":\"fr-FR\"},{\"@type\":\"Organization\",\"@id\":\"https:\/\/www.efmaroc.org\/efm\/#organization\",\"name\":\"EFM\",\"url\":\"https:\/\/www.efmaroc.org\/efm\/\",\"logo\":{\"@type\":\"ImageObject\",\"inLanguage\":\"fr-FR\",\"@id\":\"https:\/\/www.efmaroc.org\/efm\/#\/schema\/logo\/image\/\",\"url\":\"https:\/\/www.efmaroc.org\/efm\/wp-content\/uploads\/2022\/12\/efm-enseignement-francais-maroc-logotaglinex2.png\",\"contentUrl\":\"https:\/\/www.efmaroc.org\/efm\/wp-content\/uploads\/2022\/12\/efm-enseignement-francais-maroc-logotaglinex2.png\",\"width\":104,\"height\":78,\"caption\":\"EFM\"},\"image\":{\"@id\":\"https:\/\/www.efmaroc.org\/efm\/#\/schema\/logo\/image\/\"}}]}<\/script>\n<!-- \/ Yoast SEO plugin. -->","yoast_head_json":{"title":"D\u00e9tachement AEFE au Maroc | Enseignement Fran\u00e7ais au Maroc","description":"Processus de d\u00e9tachement AEFE au Maroc : proc\u00e9dures en ligne via AGIRD Maroc et conditions pour postuler aux postes d\u2019\u00e9ducation et administration.","robots":{"index":"index","follow":"follow","max-snippet":"max-snippet:-1","max-image-preview":"max-image-preview:large","max-video-preview":"max-video-preview:-1"},"canonical":"https:\/\/www.efmaroc.org\/efm\/recrutement-personnels-detaches-aefe\/","og_locale":"fr_FR","og_type":"article","og_title":"D\u00e9tachement AEFE au Maroc | Enseignement Fran\u00e7ais au Maroc","og_description":"Processus de d\u00e9tachement AEFE au Maroc : proc\u00e9dures en ligne via AGIRD Maroc et conditions pour postuler aux postes d\u2019\u00e9ducation et administration.","og_url":"https:\/\/www.efmaroc.org\/efm\/recrutement-personnels-detaches-aefe\/","og_site_name":"EFM","article_modified_time":"2026-01-30T01:43:09+00:00","og_image":[{"url":"https:\/\/www.efmaroc.org\/efm\/wp-content\/uploads\/elementor\/thumbs\/1702995076648-qh39zo29h9gukst5xqpn71bcl8s8b5a2bjm09yl21g.jpg","type":"","width":"","height":""}],"twitter_card":"summary_large_image","twitter_misc":{"Dur\u00e9e de lecture estim\u00e9e":"2 minutes"},"schema":{"@context":"https:\/\/schema.org","@graph":[{"@type":"WebPage","@id":"https:\/\/www.efmaroc.org\/efm\/recrutement-personnels-detaches-aefe\/","url":"https:\/\/www.efmaroc.org\/efm\/recrutement-personnels-detaches-aefe\/","name":"D\u00e9tachement AEFE au Maroc | Enseignement Fran\u00e7ais au Maroc","isPartOf":{"@id":"https:\/\/www.efmaroc.org\/efm\/#website"},"primaryImageOfPage":{"@id":"https:\/\/www.efmaroc.org\/efm\/recrutement-personnels-detaches-aefe\/#primaryimage"},"image":{"@id":"https:\/\/www.efmaroc.org\/efm\/recrutement-personnels-detaches-aefe\/#primaryimage"},"thumbnailUrl":"https:\/\/www.efmaroc.org\/efm\/wp-content\/uploads\/elementor\/thumbs\/1702995076648-qh39zo29h9gukst5xqpn71bcl8s8b5a2bjm09yl21g.jpg","datePublished":"2023-12-20T15:48:13+00:00","dateModified":"2026-01-30T01:43:09+00:00","description":"Processus de d\u00e9tachement AEFE au Maroc : proc\u00e9dures en ligne via AGIRD Maroc et conditions pour postuler aux postes d\u2019\u00e9ducation et administration.","breadcrumb":{"@id":"https:\/\/www.efmaroc.org\/efm\/recrutement-personnels-detaches-aefe\/#breadcrumb"},"inLanguage":"fr-FR","potentialAction":[{"@type":"ReadAction","target":["https:\/\/www.efmaroc.org\/efm\/recrutement-personnels-detaches-aefe\/"]}]},{"@type":"ImageObject","inLanguage":"fr-FR","@id":"https:\/\/www.efmaroc.org\/efm\/recrutement-personnels-detaches-aefe\/#primaryimage","url":"https:\/\/www.efmaroc.org\/efm\/wp-content\/uploads\/elementor\/thumbs\/1702995076648-qh39zo29h9gukst5xqpn71bcl8s8b5a2bjm09yl21g.jpg","contentUrl":"https:\/\/www.efmaroc.org\/efm\/wp-content\/uploads\/elementor\/thumbs\/1702995076648-qh39zo29h9gukst5xqpn71bcl8s8b5a2bjm09yl21g.jpg"},{"@type":"BreadcrumbList","@id":"https:\/\/www.efmaroc.org\/efm\/recrutement-personnels-detaches-aefe\/#breadcrumb","itemListElement":[{"@type":"ListItem","position":1,"name":"Accueil","item":"https:\/\/www.efmaroc.org\/efm\/"},{"@type":"ListItem","position":2,"name":"Recrutement personnels d\u00e9tach\u00e9s AEFE\u00a0"}]},{"@type":"WebSite","@id":"https:\/\/www.efmaroc.org\/efm\/#website","url":"https:\/\/www.efmaroc.org\/efm\/","name":"EFM","description":"Enseignement Fran\u00e7ais au Maroc","publisher":{"@id":"https:\/\/www.efmaroc.org\/efm\/#organization"},"potentialAction":[{"@type":"SearchAction","target":{"@type":"EntryPoint","urlTemplate":"https:\/\/www.efmaroc.org\/efm\/?s={search_term_string}"},"query-input":{"@type":"PropertyValueSpecification","valueRequired":true,"valueName":"search_term_string"}}],"inLanguage":"fr-FR"},{"@type":"Organization","@id":"https:\/\/www.efmaroc.org\/efm\/#organization","name":"EFM","url":"https:\/\/www.efmaroc.org\/efm\/","logo":{"@type":"ImageObject","inLanguage":"fr-FR","@id":"https:\/\/www.efmaroc.org\/efm\/#\/schema\/logo\/image\/","url":"https:\/\/www.efmaroc.org\/efm\/wp-content\/uploads\/2022\/12\/efm-enseignement-francais-maroc-logotaglinex2.png","contentUrl":"https:\/\/www.efmaroc.org\/efm\/wp-content\/uploads\/2022\/12\/efm-enseignement-francais-maroc-logotaglinex2.png","width":104,"height":78,"caption":"EFM"},"image":{"@id":"https:\/\/www.efmaroc.org\/efm\/#\/schema\/logo\/image\/"}}]}},"jetpack_sharing_enabled":true,"_links":{"self":[{"href":"https:\/\/www.efmaroc.org\/efm\/wp-json\/wp\/v2\/pages\/22506","targetHints":{"allow":["GET"]}}],"collection":[{"href":"https:\/\/www.efmaroc.org\/efm\/wp-json\/wp\/v2\/pages"}],"about":[{"href":"https:\/\/www.efmaroc.org\/efm\/wp-json\/wp\/v2\/types\/page"}],"author":[{"embeddable":true,"href":"https:\/\/www.efmaroc.org\/efm\/wp-json\/wp\/v2\/users\/1"}],"replies":[{"embeddable":true,"href":"https:\/\/www.efmaroc.org\/efm\/wp-json\/wp\/v2\/comments?post=22506"}],"version-history":[{"count":86,"href":"https:\/\/www.efmaroc.org\/efm\/wp-json\/wp\/v2\/pages\/22506\/revisions"}],"predecessor-version":[{"id":24889,"href":"https:\/\/www.efmaroc.org\/efm\/wp-json\/wp\/v2\/pages\/22506\/revisions\/24889"}],"wp:attachment":[{"href":"https:\/\/www.efmaroc.org\/efm\/wp-json\/wp\/v2\/media?parent=22506"}],"curies":[{"name":"wp","href":"https:\/\/api.w.org\/{rel}","templated":true}]}}